{"id":9924,"date":"2023-04-05T09:46:55","date_gmt":"2023-04-05T07:46:55","guid":{"rendered":"https:\/\/www.eclatsdemail.com\/?page_id=9924"},"modified":"2025-09-05T10:26:55","modified_gmt":"2025-09-05T08:26:55","slug":"les-siestes-musicales","status":"publish","type":"page","link":"https:\/\/www.eclatsdemail.com\/gb\/autour-du-festival\/les-siestes-musicales\/","title":{"rendered":"Les siestes musicales"},"content":{"rendered":"<div class=\"wpb-content-wrapper\"><p>[vc_row][vc_column][vc_empty_space][\/vc_column][\/vc_row][vc_row][vc_column width=&#8221;3\/4&#8243;][vc_single_image image=&#8221;12006&#8243; img_size=&#8221;large&#8221; css=&#8221;.vc_custom_1750157598105{margin-bottom: 0px !important;padding-bottom: 0px !important;}&#8221;][vc_column_text css=&#8221;.vc_custom_1750157628791{padding-top: 10px !important;padding-right: 10px !important;padding-bottom: 10px !important;padding-left: 10px !important;background-color: #ffff00 !important;}&#8221;]<\/p>\n<h3 class=\"artiste\"><strong>\u201cLes plus belles voix du Jazz\u201d<\/strong><\/h3>\n<h3 class=\"date-concert\">Saturday november 15 from 3:00 to 4:00 PM<\/h3>\n<p>[\/vc_column_text][vc_column_text css=&#8221;&#8221;]Cette ann\u00e9e notre s\u00e9lection de vinyles extraits de la Collection Paulette et Jean-Marie Masse fait la part belle aux chanteuses de jazz. Ces pionni\u00e8res ont jou\u00e9 un r\u00f4le crucial non seulement en tant qu\u2019artistes talentueuses, mais aussi en tant que forces motrices derri\u00e8re des mouvements artistiques et sociaux qui ont transform\u00e9 la sc\u00e8ne musicale. Elles ont d\u00fb surmonter de nombreux obstacles li\u00e9s \u00e0 la s\u00e9gr\u00e9gation raciale et au sexisme. C\u2019est ainsi que Bessie Smith, Billie Holiday, Ella Fitzgerald, Sarah Vaughan ou Nina Simone ont \u00e9crit les plus belles pages de l\u2019histoire du jazz gr\u00e2ce \u00e0 leur capacit\u00e9 \u00e0 transmettre des \u00e9motions profondes \u00e0 travers leurs voix poignantes et expressives. Installez-vous confortablement dans nos transats et laissez-vous enchanter par les voix de ces talentueuses \u00ab\u00a0Jazz Ladies\u00a0\u00bb.[\/vc_column_text][\/vc_column][vc_column width=&#8221;1\/4&#8243;][vc_column_text css=&#8221;.vc_custom_1750157606911{padding-top: 10px !important;padding-right: 10px !important;padding-bottom: 10px !important;padding-left: 10px !important;background-color: #ffff00 !important;}&#8221;]<\/p>\n<h3 class=\"date-concert\">SATURDAY NOVEMBER 15<br \/>\n3:00 &#8211; 4:00 PM<br \/>\nBFM Aurence<\/h3>\n<p>[\/vc_column_text][vc_single_image image=&#8221;8598&#8243; img_size=&#8221;medium&#8221; onclick=&#8221;custom_link&#8221; img_link_target=&#8221;_blank&#8221; link=&#8221;https:\/\/bfm.limoges.fr\/&#8221;][vc_custom_heading text=&#8221;FREE ADMISSION&#8221; font_container=&#8221;tag:h2|font_size:20|text_align:left|color:%23000000&#8243; use_theme_fonts=&#8221;yes&#8221;][vc_column_text]<strong>By reservation. For more information, please contact the BFM de l&#8217;Aurence : 05 55 05 02 85.<\/strong><\/p>\n<p>[\/vc_column_text][\/vc_column][\/vc_row][vc_row][vc_column][\/vc_column][\/vc_row]<\/p>\n<\/div>","protected":false},"excerpt":{"rendered":"<p>[vc_row][vc_column][vc_empty_space][\/vc_column][\/vc_row][vc_row][vc_column width=&#8221;3\/4&#8243;][vc_single_image image=&#8221;12006&#8243; img_size=&#8221;large&#8221; css=&#8221;.vc_custom_1750157598105{margin-bottom: 0px !important;padding-bottom: 0px !important;}&#8221;][vc_column_text css=&#8221;.vc_custom_1750157628791{padding-top: 10px !important;padding-right: 10px !important;padding-bottom: 10px !important;padding-left: 10px !important;background-color: #ffff00 !important;}&#8221;] \u201cLes plus belles voix du Jazz\u201d Saturday november 15 from &#8230;<\/p>\n","protected":false},"author":1,"featured_media":12006,"parent":1657,"menu_order":0,"comment_status":"closed","ping_status":"closed","template":"","meta":{"footnotes":""},"class_list":["post-9924","page","type-page","status-publish","has-post-thumbnail","hentry"],"translation":{"provider":"WPGlobus","version":"3.0.2","language":"gb","enabled_languages":["fr","gb"],"languages":{"fr":{"title":true,"content":true,"excerpt":false},"gb":{"title":true,"content":true,"excerpt":false}}},"yoast_head":"<!-- This site is optimized with the Yoast SEO plugin v27.4 - https:\/\/yoast.com\/product\/yoast-seo-wordpress\/ -->\n<title>Les siestes musicales - Festival \u00c9clats d&#039;\u00c9mail Jazz \u00c9dition<\/title>\n<meta name=\"robots\" content=\"index, follow, max-snippet:-1, max-image-preview:large, max-video-preview:-1\" \/>\n<link rel=\"canonical\" href=\"https:\/\/www.eclatsdemail.com\/autour-du-festival\/les-siestes-musicales\/\" \/>\n<meta property=\"og:locale\" content=\"en_GB\" \/>\n<meta property=\"og:type\" content=\"article\" \/>\n<meta property=\"og:title\" content=\"Les siestes musicales - Festival \u00c9clats d&#039;\u00c9mail Jazz \u00c9dition\" \/>\n<meta property=\"og:url\" content=\"https:\/\/www.eclatsdemail.com\/autour-du-festival\/les-siestes-musicales\/\" \/>\n<meta property=\"og:site_name\" content=\"Festival \u00c9clats d&#039;\u00c9mail Jazz \u00c9dition\" \/>\n<meta property=\"article:publisher\" content=\"https:\/\/www.facebook.com\/jazzeclatsdemail\" \/>\n<meta property=\"article:modified_time\" content=\"2025-09-05T08:26:55+00:00\" \/>\n<meta property=\"og:image\" content=\"https:\/\/www.eclatsdemail.com\/wp-content\/uploads\/2025\/05\/Sieste-musicale.png\" \/>\n\t<meta property=\"og:image:width\" content=\"500\" \/>\n\t<meta property=\"og:image:height\" content=\"500\" \/>\n\t<meta property=\"og:image:type\" content=\"image\/png\" \/>\n<meta name=\"twitter:card\" content=\"summary_large_image\" \/>\n<meta name=\"twitter:site\" content=\"@eclatsemailjazz\" \/>\n<meta name=\"twitter:label1\" content=\"Est. reading time\" \/>\n\t<meta name=\"twitter:data1\" content=\"2 minutes\" \/>\n<script type=\"application\/ld+json\" class=\"yoast-schema-graph\">{\"@context\":\"https:\\\/\\\/schema.org\",\"@graph\":[{\"@type\":\"WebPage\",\"@id\":\"https:\\\/\\\/www.eclatsdemail.com\\\/autour-du-festival\\\/les-siestes-musicales\\\/\",\"url\":\"https:\\\/\\\/www.eclatsdemail.com\\\/autour-du-festival\\\/les-siestes-musicales\\\/\",\"name\":\"Les siestes musicales - Festival \u00c9clats d&#039;\u00c9mail Jazz \u00c9dition\",\"isPartOf\":{\"@id\":\"https:\\\/\\\/www.eclatsdemail.com\\\/#website\"},\"primaryImageOfPage\":{\"@id\":\"https:\\\/\\\/www.eclatsdemail.com\\\/autour-du-festival\\\/les-siestes-musicales\\\/#primaryimage\"},\"image\":{\"@id\":\"https:\\\/\\\/www.eclatsdemail.com\\\/autour-du-festival\\\/les-siestes-musicales\\\/#primaryimage\"},\"thumbnailUrl\":\"https:\\\/\\\/www.eclatsdemail.com\\\/wp-content\\\/uploads\\\/2025\\\/05\\\/Sieste-musicale.png\",\"datePublished\":\"2023-04-05T07:46:55+00:00\",\"dateModified\":\"2025-09-05T08:26:55+00:00\",\"breadcrumb\":{\"@id\":\"https:\\\/\\\/www.eclatsdemail.com\\\/autour-du-festival\\\/les-siestes-musicales\\\/#breadcrumb\"},\"inLanguage\":\"en-GB\",\"potentialAction\":[{\"@type\":\"ReadAction\",\"target\":[\"https:\\\/\\\/www.eclatsdemail.com\\\/autour-du-festival\\\/les-siestes-musicales\\\/\"]}]},{\"@type\":\"ImageObject\",\"inLanguage\":\"en-GB\",\"@id\":\"https:\\\/\\\/www.eclatsdemail.com\\\/autour-du-festival\\\/les-siestes-musicales\\\/#primaryimage\",\"url\":\"https:\\\/\\\/www.eclatsdemail.com\\\/wp-content\\\/uploads\\\/2025\\\/05\\\/Sieste-musicale.png\",\"contentUrl\":\"https:\\\/\\\/www.eclatsdemail.com\\\/wp-content\\\/uploads\\\/2025\\\/05\\\/Sieste-musicale.png\",\"width\":500,\"height\":500},{\"@type\":\"BreadcrumbList\",\"@id\":\"https:\\\/\\\/www.eclatsdemail.com\\\/autour-du-festival\\\/les-siestes-musicales\\\/#breadcrumb\",\"itemListElement\":[{\"@type\":\"ListItem\",\"position\":1,\"name\":\"Accueil\",\"item\":\"https:\\\/\\\/www.eclatsdemail.com\\\/\"},{\"@type\":\"ListItem\",\"position\":2,\"name\":\"Autour du Festival\",\"item\":\"https:\\\/\\\/www.eclatsdemail.com\\\/autour-du-festival\\\/\"},{\"@type\":\"ListItem\",\"position\":3,\"name\":\"Les siestes musicales\"}]},{\"@type\":\"WebSite\",\"@id\":\"https:\\\/\\\/www.eclatsdemail.com\\\/#website\",\"url\":\"https:\\\/\\\/www.eclatsdemail.com\\\/\",\"name\":\"Festival \u00c9clats d&#039;\u00c9mail Jazz \u00c9dition\",\"description\":\"2024\",\"publisher\":{\"@id\":\"https:\\\/\\\/www.eclatsdemail.com\\\/#organization\"},\"potentialAction\":[{\"@type\":\"SearchAction\",\"target\":{\"@type\":\"EntryPoint\",\"urlTemplate\":\"https:\\\/\\\/www.eclatsdemail.com\\\/?s={search_term_string}\"},\"query-input\":{\"@type\":\"PropertyValueSpecification\",\"valueRequired\":true,\"valueName\":\"search_term_string\"}}],\"inLanguage\":\"en-GB\"},{\"@type\":\"Organization\",\"@id\":\"https:\\\/\\\/www.eclatsdemail.com\\\/#organization\",\"name\":\"Festival \u00c9clats d'\u00c9mail Jazz \u00c9dition\",\"url\":\"https:\\\/\\\/www.eclatsdemail.com\\\/\",\"logo\":{\"@type\":\"ImageObject\",\"inLanguage\":\"en-GB\",\"@id\":\"https:\\\/\\\/www.eclatsdemail.com\\\/#\\\/schema\\\/logo\\\/image\\\/\",\"url\":\"https:\\\/\\\/www.eclatsdemail.com\\\/wp-content\\\/uploads\\\/2022\\\/05\\\/cropped-logo2022.png\",\"contentUrl\":\"https:\\\/\\\/www.eclatsdemail.com\\\/wp-content\\\/uploads\\\/2022\\\/05\\\/cropped-logo2022.png\",\"width\":616,\"height\":100,\"caption\":\"Festival \u00c9clats d'\u00c9mail Jazz \u00c9dition\"},\"image\":{\"@id\":\"https:\\\/\\\/www.eclatsdemail.com\\\/#\\\/schema\\\/logo\\\/image\\\/\"},\"sameAs\":[\"https:\\\/\\\/www.facebook.com\\\/jazzeclatsdemail\",\"https:\\\/\\\/x.com\\\/eclatsemailjazz\",\"https:\\\/\\\/www.instagram.com\\\/Festival_Eclats_d_Email_JAZZ\\\/\"]}]}<\/script>\n<!-- \/ Yoast SEO plugin. -->","yoast_head_json":{"title":"Les siestes musicales - Festival \u00c9clats d&#039;\u00c9mail Jazz \u00c9dition","robots":{"index":"index","follow":"follow","max-snippet":"max-snippet:-1","max-image-preview":"max-image-preview:large","max-video-preview":"max-video-preview:-1"},"canonical":"https:\/\/www.eclatsdemail.com\/autour-du-festival\/les-siestes-musicales\/","og_locale":"en_GB","og_type":"article","og_title":"Les siestes musicales - Festival \u00c9clats d&#039;\u00c9mail Jazz \u00c9dition","og_url":"https:\/\/www.eclatsdemail.com\/autour-du-festival\/les-siestes-musicales\/","og_site_name":"Festival \u00c9clats d&#039;\u00c9mail Jazz \u00c9dition","article_publisher":"https:\/\/www.facebook.com\/jazzeclatsdemail","article_modified_time":"2025-09-05T08:26:55+00:00","og_image":[{"width":500,"height":500,"url":"https:\/\/www.eclatsdemail.com\/wp-content\/uploads\/2025\/05\/Sieste-musicale.png","type":"image\/png"}],"twitter_card":"summary_large_image","twitter_site":"@eclatsemailjazz","twitter_misc":{"Est. reading time":"2 minutes"},"schema":{"@context":"https:\/\/schema.org","@graph":[{"@type":"WebPage","@id":"https:\/\/www.eclatsdemail.com\/autour-du-festival\/les-siestes-musicales\/","url":"https:\/\/www.eclatsdemail.com\/autour-du-festival\/les-siestes-musicales\/","name":"Les siestes musicales - Festival \u00c9clats d&#039;\u00c9mail Jazz \u00c9dition","isPartOf":{"@id":"https:\/\/www.eclatsdemail.com\/#website"},"primaryImageOfPage":{"@id":"https:\/\/www.eclatsdemail.com\/autour-du-festival\/les-siestes-musicales\/#primaryimage"},"image":{"@id":"https:\/\/www.eclatsdemail.com\/autour-du-festival\/les-siestes-musicales\/#primaryimage"},"thumbnailUrl":"https:\/\/www.eclatsdemail.com\/wp-content\/uploads\/2025\/05\/Sieste-musicale.png","datePublished":"2023-04-05T07:46:55+00:00","dateModified":"2025-09-05T08:26:55+00:00","breadcrumb":{"@id":"https:\/\/www.eclatsdemail.com\/autour-du-festival\/les-siestes-musicales\/#breadcrumb"},"inLanguage":"en-GB","potentialAction":[{"@type":"ReadAction","target":["https:\/\/www.eclatsdemail.com\/autour-du-festival\/les-siestes-musicales\/"]}]},{"@type":"ImageObject","inLanguage":"en-GB","@id":"https:\/\/www.eclatsdemail.com\/autour-du-festival\/les-siestes-musicales\/#primaryimage","url":"https:\/\/www.eclatsdemail.com\/wp-content\/uploads\/2025\/05\/Sieste-musicale.png","contentUrl":"https:\/\/www.eclatsdemail.com\/wp-content\/uploads\/2025\/05\/Sieste-musicale.png","width":500,"height":500},{"@type":"BreadcrumbList","@id":"https:\/\/www.eclatsdemail.com\/autour-du-festival\/les-siestes-musicales\/#breadcrumb","itemListElement":[{"@type":"ListItem","position":1,"name":"Accueil","item":"https:\/\/www.eclatsdemail.com\/"},{"@type":"ListItem","position":2,"name":"Autour du Festival","item":"https:\/\/www.eclatsdemail.com\/autour-du-festival\/"},{"@type":"ListItem","position":3,"name":"Les siestes musicales"}]},{"@type":"WebSite","@id":"https:\/\/www.eclatsdemail.com\/#website","url":"https:\/\/www.eclatsdemail.com\/","name":"Festival \u00c9clats d&#039;\u00c9mail Jazz \u00c9dition","description":"2024","publisher":{"@id":"https:\/\/www.eclatsdemail.com\/#organization"},"potentialAction":[{"@type":"SearchAction","target":{"@type":"EntryPoint","urlTemplate":"https:\/\/www.eclatsdemail.com\/?s={search_term_string}"},"query-input":{"@type":"PropertyValueSpecification","valueRequired":true,"valueName":"search_term_string"}}],"inLanguage":"en-GB"},{"@type":"Organization","@id":"https:\/\/www.eclatsdemail.com\/#organization","name":"Festival \u00c9clats d'\u00c9mail Jazz \u00c9dition","url":"https:\/\/www.eclatsdemail.com\/","logo":{"@type":"ImageObject","inLanguage":"en-GB","@id":"https:\/\/www.eclatsdemail.com\/#\/schema\/logo\/image\/","url":"https:\/\/www.eclatsdemail.com\/wp-content\/uploads\/2022\/05\/cropped-logo2022.png","contentUrl":"https:\/\/www.eclatsdemail.com\/wp-content\/uploads\/2022\/05\/cropped-logo2022.png","width":616,"height":100,"caption":"Festival \u00c9clats d'\u00c9mail Jazz \u00c9dition"},"image":{"@id":"https:\/\/www.eclatsdemail.com\/#\/schema\/logo\/image\/"},"sameAs":["https:\/\/www.facebook.com\/jazzeclatsdemail","https:\/\/x.com\/eclatsemailjazz","https:\/\/www.instagram.com\/Festival_Eclats_d_Email_JAZZ\/"]}]}},"_links":{"self":[{"href":"https:\/\/www.eclatsdemail.com\/gb\/wp-json\/wp\/v2\/pages\/9924","targetHints":{"allow":["GET"]}}],"collection":[{"href":"https:\/\/www.eclatsdemail.com\/gb\/wp-json\/wp\/v2\/pages"}],"about":[{"href":"https:\/\/www.eclatsdemail.com\/gb\/wp-json\/wp\/v2\/types\/page"}],"author":[{"embeddable":true,"href":"https:\/\/www.eclatsdemail.com\/gb\/wp-json\/wp\/v2\/users\/1"}],"replies":[{"embeddable":true,"href":"https:\/\/www.eclatsdemail.com\/gb\/wp-json\/wp\/v2\/comments?post=9924"}],"version-history":[{"count":21,"href":"https:\/\/www.eclatsdemail.com\/gb\/wp-json\/wp\/v2\/pages\/9924\/revisions"}],"predecessor-version":[{"id":12343,"href":"https:\/\/www.eclatsdemail.com\/gb\/wp-json\/wp\/v2\/pages\/9924\/revisions\/12343"}],"up":[{"embeddable":true,"href":"https:\/\/www.eclatsdemail.com\/gb\/wp-json\/wp\/v2\/pages\/1657"}],"wp:featuredmedia":[{"embeddable":true,"href":"https:\/\/www.eclatsdemail.com\/gb\/wp-json\/wp\/v2\/media\/12006"}],"wp:attachment":[{"href":"https:\/\/www.eclatsdemail.com\/gb\/wp-json\/wp\/v2\/media?parent=9924"}],"curies":[{"name":"wp","href":"https:\/\/api.w.org\/{rel}","templated":true}]}}