{"id":2006,"date":"2022-06-10T18:25:38","date_gmt":"2022-06-10T16:25:38","guid":{"rendered":"http:\/\/s370308257.onlinehome.fr\/FEEV2\/?page_id=2006"},"modified":"2025-09-12T16:48:39","modified_gmt":"2025-09-12T14:48:39","slug":"expositions-animations","status":"publish","type":"page","link":"https:\/\/www.eclatsdemail.com\/gb\/autour-du-festival\/expositions-animations\/","title":{"rendered":"Exhibitions"},"content":{"rendered":"<div class=\"wpb-content-wrapper\"><p>[vc_row][vc_column][vc_empty_space][\/vc_column][\/vc_row][vc_row][vc_column][vc_column_text][\/vc_column_text][\/vc_column][\/vc_row][vc_row][vc_column width=&#8221;1\/3&#8243;][vc_single_image image=&#8221;12302&#8243; img_size=&#8221;large&#8221; css=&#8221;.vc_custom_1755877823705{margin-bottom: 0px !important;padding-bottom: 0px !important;}&#8221;][vc_empty_space][vc_single_image image=&#8221;12298&#8243; img_size=&#8221;large&#8221; css=&#8221;.vc_custom_1755877838816{margin-bottom: 0px !important;padding-bottom: 0px !important;}&#8221;][vc_empty_space][\/vc_column][vc_column width=&#8221;2\/3&#8243;][vc_column_text css=&#8221;.vc_custom_1755878258092{margin-bottom: 10px !important;padding-top: 10px !important;padding-right: 10px !important;padding-bottom: 10px !important;padding-left: 10px !important;background-color: #ffff00 !important;background-position: center !important;background-repeat: no-repeat !important;background-size: cover !important;}&#8221;]<\/p>\n<h3 class=\"artiste\">MAISON SELMER PHOTO EXHIBITION<\/h3>\n<p>[\/vc_column_text][vc_column_text css=&#8221;&#8221;]<\/p>\n<h3 class=\"date-concert\">From November 5 to 28, 2025 at the BFM Centrale in Limoges.<\/h3>\n<p>Free exhibition, accessible during BFM opening hours \u2013 Tuesday to Saturday from 10 a.m. to 6 p.m.<br data-start=\"256\" data-end=\"259\" \/>05 55 45 96 00[\/vc_column_text][vc_column_text css=&#8221;&#8221;]<\/p>\n<p data-start=\"277\" data-end=\"558\">Saxophonists, clarinetists, trumpeters, timeless icons, today\u2019s artists or tomorrow\u2019s talents, the musicians presented in this photographic exhibition all embody the values and excellence of Selmer instruments, where every breath tells a story and every note opens a new horizon.<\/p>\n<p data-start=\"560\" data-end=\"994\" data-is-last-node=\"\" data-is-only-node=\"\">Through these artists, we have selected those who have performed during the different editions of the \u00c9clats d\u2019\u00c9mail Jazz Edition Festival since its creation in 2006. Among them, Silvia Ribeiro Ferreira and Vincent Mondy, artists from our region, perfectly illustrate the pursuit of excellence through their work in composition and performance, combined with the technical and sound quality of their Selmer saxophones and clarinets.<\/p>\n<p><img loading=\"lazy\" decoding=\"async\" class=\"alignnone wp-image-12300\" src=\"https:\/\/www.eclatsdemail.com\/wp-content\/uploads\/2025\/08\/PortalM_2010_\u00a9JeanMarcLubrano-scaled.jpg\" alt=\"\" width=\"185\" height=\"185\" srcset=\"https:\/\/www.eclatsdemail.com\/wp-content\/uploads\/2025\/08\/PortalM_2010_\u00a9JeanMarcLubrano-scaled.jpg 2560w, https:\/\/www.eclatsdemail.com\/wp-content\/uploads\/2025\/08\/PortalM_2010_\u00a9JeanMarcLubrano-300x300.jpg 300w, https:\/\/www.eclatsdemail.com\/wp-content\/uploads\/2025\/08\/PortalM_2010_\u00a9JeanMarcLubrano-1200x1200.jpg 1200w, https:\/\/www.eclatsdemail.com\/wp-content\/uploads\/2025\/08\/PortalM_2010_\u00a9JeanMarcLubrano-150x150.jpg 150w, https:\/\/www.eclatsdemail.com\/wp-content\/uploads\/2025\/08\/PortalM_2010_\u00a9JeanMarcLubrano-768x768.jpg 768w, https:\/\/www.eclatsdemail.com\/wp-content\/uploads\/2025\/08\/PortalM_2010_\u00a9JeanMarcLubrano-1536x1536.jpg 1536w, https:\/\/www.eclatsdemail.com\/wp-content\/uploads\/2025\/08\/PortalM_2010_\u00a9JeanMarcLubrano-2048x2048.jpg 2048w\" sizes=\"auto, (max-width: 185px) 100vw, 185px\" \/> <img loading=\"lazy\" decoding=\"async\" class=\"alignnone wp-image-12299\" src=\"https:\/\/www.eclatsdemail.com\/wp-content\/uploads\/2025\/08\/MONDY-JBM-9144cJean-Baptiste-Millot-scaled.jpg\" alt=\"\" width=\"279\" height=\"186\" srcset=\"https:\/\/www.eclatsdemail.com\/wp-content\/uploads\/2025\/08\/MONDY-JBM-9144cJean-Baptiste-Millot-scaled.jpg 2560w, https:\/\/www.eclatsdemail.com\/wp-content\/uploads\/2025\/08\/MONDY-JBM-9144cJean-Baptiste-Millot-300x200.jpg 300w, https:\/\/www.eclatsdemail.com\/wp-content\/uploads\/2025\/08\/MONDY-JBM-9144cJean-Baptiste-Millot-1200x798.jpg 1200w, https:\/\/www.eclatsdemail.com\/wp-content\/uploads\/2025\/08\/MONDY-JBM-9144cJean-Baptiste-Millot-768x511.jpg 768w, https:\/\/www.eclatsdemail.com\/wp-content\/uploads\/2025\/08\/MONDY-JBM-9144cJean-Baptiste-Millot-1536x1022.jpg 1536w, https:\/\/www.eclatsdemail.com\/wp-content\/uploads\/2025\/08\/MONDY-JBM-9144cJean-Baptiste-Millot-2048x1363.jpg 2048w\" sizes=\"auto, (max-width: 279px) 100vw, 279px\" \/><\/p>\n<p><img loading=\"lazy\" decoding=\"async\" class=\" wp-image-12301\" src=\"https:\/\/www.eclatsdemail.com\/wp-content\/uploads\/2025\/08\/8-\u00a9-Photo-Marylene-Cacaud-0226-.jpg\" alt=\"\" width=\"326\" height=\"217\" srcset=\"https:\/\/www.eclatsdemail.com\/wp-content\/uploads\/2025\/08\/8-\u00a9-Photo-Marylene-Cacaud-0226-.jpg 850w, https:\/\/www.eclatsdemail.com\/wp-content\/uploads\/2025\/08\/8-\u00a9-Photo-Marylene-Cacaud-0226--300x200.jpg 300w, https:\/\/www.eclatsdemail.com\/wp-content\/uploads\/2025\/08\/8-\u00a9-Photo-Marylene-Cacaud-0226--768x512.jpg 768w\" sizes=\"auto, (max-width: 326px) 100vw, 326px\" \/>[\/vc_column_text][\/vc_column][\/vc_row][vc_row][vc_column width=&#8221;1\/3&#8243;][vc_single_image image=&#8221;11135&#8243; img_size=&#8221;large&#8221; css=&#8221;.vc_custom_1750842568062{margin-bottom: 0px !important;padding-bottom: 0px !important;}&#8221;][vc_empty_space][vc_single_image image=&#8221;11142&#8243; img_size=&#8221;large&#8221; css=&#8221;.vc_custom_1750842773997{margin-bottom: 0px !important;padding-bottom: 0px !important;}&#8221;][vc_empty_space][\/vc_column][vc_column width=&#8221;2\/3&#8243;][vc_column_text css=&#8221;.vc_custom_1757410336824{margin-bottom: 10px !important;padding-top: 10px !important;padding-right: 10px !important;padding-bottom: 10px !important;padding-left: 10px !important;background-color: #ffff00 !important;background-position: center !important;background-repeat: no-repeat !important;background-size: cover !important;}&#8221;]<\/p>\n<h3 class=\"artiste\">EXHIBITION &#8220;JAZZ &amp; BD&#8221;<\/h3>\n<p>[\/vc_column_text][vc_column_text css=&#8221;&#8221;]<\/p>\n<h3 class=\"date-concert\">From November 4 to 28, 2025, at the Aurence Multimedia Library (BFM de l&#8217;Aurence)<\/h3>\n<p>Free exhibition, accessible during the BFM&#8217;s opening hours \u2013 05 55 45 96 00[\/vc_column_text][vc_column_text css=&#8221;&#8221;]Jazz and Comic Art: two major cultural forces of the 20th century and the early 21st century, both of which met with immediate popular success\u2014yet their recognition as legitimate artistic expressions took longer to achieve.<\/p>\n<p>This major exhibition of facsimiles of original comic book illustrations highlights, if proof were needed, the richness of the connection between jazz and the \u201cninth art.\u201d<\/p>\n<p>For a long time, comic representations of jazz and blues remained largely \u201cfolkloric,\u201d focusing more often on clich\u00e9s\u2014drugs, alcoholism, prostitution, and smoky clubs\u2014than on the essence of the music itself. This mirrored how jazz was sometimes portrayed in cinema or literature as well.<\/p>\n<p>Yet some of the greatest international masters of what is now called the ninth art\u2014Robert Crumb, Guido Cr\u00e9pax, Cabu, Georges Wolinski, Harvey Kurtzman, Sergio Toppi, Joost Swarte, Juanjo Guarnido, Jos\u00e9 Mu\u00f1oz, Jean Sol\u00e9, Jordi Bernet, Jacques de Loustal, Baru, Edmond Baudoin, Philippe Dupuy &amp; Charles Berberian, Blutch, Jacques Ferrandez, and even manga artist Shinichi Ishizuka\u2014have passionately illustrated the legendary figures of this groundbreaking musical movement: from Louis Armstrong to Billie Holiday, including Ella Fitzgerald, Sidney Bechet, Charlie Parker, Miles Davis, Django Reinhardt, Thelonious Monk, and many more.<\/p>\n<p>At the same time, countless album covers and issues of Jazzman magazine have been graced by the work of these celebrated illustrators\u2014Crumb, Loustal, and Ferrandez topping the list.<\/p>\n<p>From 2003 to 2016, a remarkable collection titled BD Jazz, produced by BDMusic (formerly Nocturne), offered for many years a beautifully crafted box set featuring two CDs and a short comic story\u2014a treat for both the eyes and the ears!<\/p>\n<p>Exhibition conceived by Pierre-Marie Jammet, produced by Christophe Vilain for the Festival \u00c9clats d\u2019\u00c9mail Jazz Edition 2024, coordinated by Gilles Ratier.<\/p>\n<p><img loading=\"lazy\" decoding=\"async\" class=\"alignnone wp-image-11149\" src=\"https:\/\/www.eclatsdemail.com\/wp-content\/uploads\/2024\/05\/PMJ-PHOTO-\u00a9-Laurence-LE-Tiec.jpg\" alt=\"\" width=\"237\" height=\"177\" srcset=\"https:\/\/www.eclatsdemail.com\/wp-content\/uploads\/2024\/05\/PMJ-PHOTO-\u00a9-Laurence-LE-Tiec.jpg 1600w, https:\/\/www.eclatsdemail.com\/wp-content\/uploads\/2024\/05\/PMJ-PHOTO-\u00a9-Laurence-LE-Tiec-300x224.jpg 300w, https:\/\/www.eclatsdemail.com\/wp-content\/uploads\/2024\/05\/PMJ-PHOTO-\u00a9-Laurence-LE-Tiec-1200x896.jpg 1200w, https:\/\/www.eclatsdemail.com\/wp-content\/uploads\/2024\/05\/PMJ-PHOTO-\u00a9-Laurence-LE-Tiec-768x574.jpg 768w, https:\/\/www.eclatsdemail.com\/wp-content\/uploads\/2024\/05\/PMJ-PHOTO-\u00a9-Laurence-LE-Tiec-1536x1147.jpg 1536w\" sizes=\"auto, (max-width: 237px) 100vw, 237px\" \/> \u00a0<img loading=\"lazy\" decoding=\"async\" class=\"alignnone wp-image-11148\" src=\"https:\/\/www.eclatsdemail.com\/wp-content\/uploads\/2024\/05\/Gilles-Ratier-en-2022.jpg\" alt=\"\" width=\"136\" height=\"178\" srcset=\"https:\/\/www.eclatsdemail.com\/wp-content\/uploads\/2024\/05\/Gilles-Ratier-en-2022.jpg 1265w, https:\/\/www.eclatsdemail.com\/wp-content\/uploads\/2024\/05\/Gilles-Ratier-en-2022-229x300.jpg 229w, https:\/\/www.eclatsdemail.com\/wp-content\/uploads\/2024\/05\/Gilles-Ratier-en-2022-915x1200.jpg 915w, https:\/\/www.eclatsdemail.com\/wp-content\/uploads\/2024\/05\/Gilles-Ratier-en-2022-768x1007.jpg 768w, https:\/\/www.eclatsdemail.com\/wp-content\/uploads\/2024\/05\/Gilles-Ratier-en-2022-1171x1536.jpg 1171w\" sizes=\"auto, (max-width: 136px) 100vw, 136px\" \/> \u00a0<img loading=\"lazy\" decoding=\"async\" class=\"alignnone wp-image-11147\" src=\"https:\/\/www.eclatsdemail.com\/wp-content\/uploads\/2024\/05\/Christophe-Vilain-\u00a9Guillaume-Berthier-ZOO-Le-Mag-scaled.jpg\" alt=\"\" width=\"119\" height=\"179\" srcset=\"https:\/\/www.eclatsdemail.com\/wp-content\/uploads\/2024\/05\/Christophe-Vilain-\u00a9Guillaume-Berthier-ZOO-Le-Mag-scaled.jpg 1707w, https:\/\/www.eclatsdemail.com\/wp-content\/uploads\/2024\/05\/Christophe-Vilain-\u00a9Guillaume-Berthier-ZOO-Le-Mag-200x300.jpg 200w, https:\/\/www.eclatsdemail.com\/wp-content\/uploads\/2024\/05\/Christophe-Vilain-\u00a9Guillaume-Berthier-ZOO-Le-Mag-800x1200.jpg 800w, https:\/\/www.eclatsdemail.com\/wp-content\/uploads\/2024\/05\/Christophe-Vilain-\u00a9Guillaume-Berthier-ZOO-Le-Mag-768x1152.jpg 768w, https:\/\/www.eclatsdemail.com\/wp-content\/uploads\/2024\/05\/Christophe-Vilain-\u00a9Guillaume-Berthier-ZOO-Le-Mag-1024x1536.jpg 1024w, https:\/\/www.eclatsdemail.com\/wp-content\/uploads\/2024\/05\/Christophe-Vilain-\u00a9Guillaume-Berthier-ZOO-Le-Mag-1365x2048.jpg 1365w\" sizes=\"auto, (max-width: 119px) 100vw, 119px\" \/>[\/vc_column_text][\/vc_column][\/vc_row][vc_row][vc_column width=&#8221;1\/3&#8243;][vc_single_image image=&#8221;12101&#8243; img_size=&#8221;large&#8221; css=&#8221;.vc_custom_1750153987050{margin-bottom: 0px !important;padding-bottom: 0px !important;}&#8221;][vc_empty_space][\/vc_column][vc_column width=&#8221;2\/3&#8243;][vc_column_text css=&#8221;.vc_custom_1750154137513{margin-bottom: 10px !important;padding-top: 10px !important;padding-right: 10px !important;padding-bottom: 10px !important;padding-left: 10px !important;background-color: #ffff00 !important;background-position: center !important;background-repeat: no-repeat !important;background-size: cover !important;}&#8221;]<\/p>\n<h3 class=\"artiste\">EXHIBITION &#8220;ISRAELI JAZZ&#8221; de Rapha\u00ebl Perez<\/h3>\n<p>[\/vc_column_text][vc_column_text css=&#8221;&#8221;]<\/p>\n<h3>From November 4 to 28, 2025, at the Centre Culturel Municipal Jean Gagnant.<\/h3>\n<p>Free exhibition and accessible during the opening and closing hours of the Centre Culturel[\/vc_column_text][vc_column_text css=&#8221;&#8221;]Install\u00e9 en r\u00e9gion parisienne, Rapha\u00ebl Perez est passionn\u00e9 de photographie et de musique. Tout en menant une carri\u00e8re de dirigeant dans l&#8217;industrie de la technologie, il cultive son amour pour l&#8217;image, qu&#8217;il pratique en professionnel \u00e0 partir de 2014. En 2022, il d\u00e9cide de se consacrer enti\u00e8rement \u00e0 la photographie.<\/p>\n<p>En 2018, intrigu\u00e9 par la pr\u00e9sence marqu\u00e9e de musiciens de jazz isra\u00e9liens sur la sc\u00e8ne internationale, il entreprend un travail de fond pour comprendre l\u2019\u00e9mergence de ce ph\u00e9nom\u00e8ne et mieux cerner les particularit\u00e9s de cette musique. Il engage un dialogue avec les principaux acteurs de la sc\u00e8ne jazz en Isra\u00ebl et en Europe, rencontre de nombreux musiciens, les photographie et les interroge sur leurs parcours personnels, leurs influences et leur formation.<\/p>\n<p>Dans le but de partager ce travail avec le plus grand nombre, il cr\u00e9e le projet <strong>Israeli Jazz <\/strong>en partenariat avec l&#8217;association <strong>Adam&#8217;Art<\/strong>. Ce projet se d\u00e9cline \u00e0 travers des expositions, des conf\u00e9rences, un livre et une pr\u00e9sence active sur les r\u00e9seaux sociaux, \u00e0 un niveau international.<\/p>\n<p><strong>Son exposition<\/strong><\/p>\n<p>Photographier un musicien sur sc\u00e8ne est une activit\u00e9 paradoxale. L\u2019art du musicien s\u2019adresse \u00e0 nos oreilles mas sa photo ne peut parler qu\u2019\u00e0 nos yeux. C\u2019est pourtant un style photographique reconnu, avec une histoire, ses grandes figures et les images que nous connaissons tous.<\/p>\n<p>A premi\u00e8re vue, la force d\u2019une photographie de musicien est constitu\u00e9e des fondements de la technique, cadrage, composition, \u00e9clairage, zone d\u2019ombres, orientation ainsi que par la notori\u00e9t\u00e9 de l\u2019artiste. Mais ce qui lui donne sa particularit\u00e9 est de capter l\u2019intensit\u00e9 de l\u2019\u00e9motion du musicien dans son jeu lorsqu\u2019il communique avec son public et qu\u2019il laisse s\u2019exprimer son \u00e2me int\u00e9rieure.<\/p>\n<p>Quand j\u2019ai rencontr\u00e9 les premiers jazzmen isra\u00e9liens, j\u2019ai tr\u00e8s vite ressenti cette implication personnelle dans leur musique.<\/p>\n<p>Leurs compositions reposaient souvent sur des musiques traditionnelles qu\u2019ils portaient en eux depuis leur plus jeune \u00e2ge et qui racontaient l\u2019histoire et les espoirs de cette mosa\u00efque isra\u00e9lienne. Les regarder jouer cette musique ou m\u00eame interpr\u00e9ter les grands standards du Jazz laissaient apparaitre comment leur instrument \u00e9tait un moyen de plus pour raconter leur v\u00e9cu, de communiquer leurs esp\u00e9rances de paix et s\u00e9r\u00e9nit\u00e9, et j\u2019ai voulu capter ces \u00e9motions, partag\u00e9es tous els soirs dans des dizaines de clubs \u00e0 travers le monde.<\/p>\n<p>En me plongeant dans ce travail, j\u2019ai aussi per\u00e7u l\u2019importance de l\u2019\u00e9mergence de jazzmen isra\u00e9liens dans un ratio tr\u00e8s sup\u00e9rieur \u00e0 la moyenne pour ce petit pays, comme d\u2019ailleurs dans la High Tech, et j\u2019ai souhait\u00e9 raconter cette histoire qui a d\u00e9marr\u00e9 dans les ann\u00e9es 30, s\u2019est solidifi\u00e9e jusqu\u2019aux ann\u00e9es 90 puis a entrepris son d\u00e9collage pour nous mener \u00e0 la floraison d\u2019aujourd\u2019hui. Cette \u00e9closion a \u00e9t\u00e9 soutenue par l\u2019apport de musiciens venant d\u2019Europe et des USA qui n\u2019ont eu cesse de partager leurs connaissances dans une longue cha\u00eene de transmission et de solidarit\u00e9.<\/p>\n<p>Le Jazz en Isra\u00ebl est \u00e0 la fois une contribution au futur des jeunes g\u00e9n\u00e9rations ainsi qu\u2019une reconnaissance des racines de familles venues des quatre coins du globe. Il suffit d\u2019\u00e9couter ces musiciens pour percevoir cette profondeur particuli\u00e8re d\u2019une musique m\u00ealant le jazz traditionnel et les harmonies moyen-orientales ou d\u2019ailleurs.<\/p>\n<p><strong>Rapha\u00ebl Perez<\/strong><\/p>\n<p>A l\u2019occasion de l\u2019Exposition IsraeliJazz, le livre IsraeliJazz \u00ab\u00a0The Blend of Blends\u00a0\u00bb sera \u00e9galement disponible.<\/p>\n<p><em>\u00ab\u00a0La richesse du jazz isra\u00e9lien \u00e0 travers ce superbe livre de 288 pages de Rapha\u00ebl Perez. Ce recueil magistralement r\u00e9alis\u00e9 comprend plus de 100 photographies originales qui capturent l&#8217;essence et l&#8217;\u00e9volution du jazz en Isra\u00ebl. La premi\u00e8re partie retrace le parcours fascinant du jazz en Isra\u00ebl, de son introduction par les troupes britanniques \u00e0 ses expressions contemporaines. Les lecteurs exploreront les syst\u00e8mes \u00e9ducatifs qui nourrissent les talents musicaux, les salles de concert embl\u00e9matiques et l&#8217;influence consid\u00e9rable de la sc\u00e8ne jazz new-yorkaise. Le r\u00e9cit explore la mani\u00e8re dont les musiciens isra\u00e9liens ont cr\u00e9\u00e9 une fusion unique, m\u00ealant \u00e9l\u00e9ments du jazz traditionnel et tonalit\u00e9s moyen-orientales. Pr\u00e9fac\u00e9 par Alex Dutilh, ce livre d&#8217;art de haute qualit\u00e9 offre une documentation visuelle et historique in\u00e9dite du paysage jazzistique dynamique d&#8217;Isra\u00ebl, ce qui en fait un ajout essentiel \u00e0 la collection de tout m\u00e9lomane. Dans sa deuxi\u00e8me partie le livre pr\u00e9sent\u00e9 92 jazzmen isra\u00e9liens que Raphael Perez a rencontr\u00e9s et pour lesquels il pr\u00e9sente ses photos et une biographie\u00a0\u00bb<\/em>[\/vc_column_text][vc_single_image image=&#8221;12102&#8243; img_size=&#8221;medium&#8221; css=&#8221;&#8221;][\/vc_column][\/vc_row][vc_row][vc_column width=&#8221;1\/3&#8243;][vc_single_image image=&#8221;12236&#8243; img_size=&#8221;large&#8221; css=&#8221;.vc_custom_1750843405523{margin-bottom: 0px !important;padding-bottom: 0px !important;}&#8221;][vc_empty_space][\/vc_column][vc_column width=&#8221;2\/3&#8243;][vc_column_text css=&#8221;.vc_custom_1750843585350{margin-bottom: 10px !important;padding-top: 10px !important;padding-right: 10px !important;padding-bottom: 10px !important;padding-left: 10px !important;background-color: #ffff00 !important;background-position: center !important;background-repeat: no-repeat !important;background-size: cover !important;}&#8221;]<\/p>\n<h3 class=\"artiste\">EXHIBITION &#8220;JAZZ EMOTIONS&#8221; de V\u00e9ronique RIFFATERRE<\/h3>\n<p>[\/vc_column_text][vc_column_text css=&#8221;&#8221;]<\/p>\n<h3 class=\"date-concert\">From November 4 to 28, 2025, at B\u00e2timent 25<\/h3>\n<p>Free exhibition, accessible during B\u00e2timent 25&#8217;s opening hours \u2013 Monday to Saturday, from 10\u202fa.m. to 7\u202fp.m.[\/vc_column_text][vc_column_text css=&#8221;&#8221;]<strong>V\u00e9ronique RIFFATERRE<\/strong><\/p>\n<p>Originally from Creuse but based in Limoges for many years, V\u00e9ronique Riffaterre discovered photography\u2014and the joys of the darkroom\u2014in the 1980s. Since then, she has remained faithful to analog photography, still enjoying the same thrill of developing film and unveiling contact sheets.<\/p>\n<p>In a fast-paced, digital world, the choice of film photography brings a rare sense of authenticity and warmth. Her lens has captured many editions of the SOUILLAC EN JAZZ Festival (Lot, 46) and \u00c9CLATS D\u2019\u00c9MAIL JAZZ EDITION in Limoges.<\/p>\n<p><strong>The Exhibition<\/strong><\/p>\n<p>Over the years, V\u00e9ronique Riffaterre has wandered through both festivals, capturing moments filled with emotion and intensity. In Souillac, her photos bring back highlights from the Sim Copans Festival, which has shaped the identity of this key jazz event over its 48 editions.<\/p>\n<p>A selection of 28 black-and-white photographs, printed on baryta Berger paper, format 50 x 60 cm, will be on display.<\/p>\n<p>[\/vc_column_text][vc_single_image image=&#8221;12235&#8243; img_size=&#8221;medium&#8221; css=&#8221;&#8221;][\/vc_column][\/vc_row][vc_row][vc_column width=&#8221;1\/3&#8243;][vc_single_image image=&#8221;12104&#8243; img_size=&#8221;large&#8221; css=&#8221;.vc_custom_1750154120421{margin-bottom: 0px !important;padding-bottom: 0px !important;}&#8221;][\/vc_column][vc_column width=&#8221;2\/3&#8243;][vc_column_text css=&#8221;.vc_custom_1750154178422{margin-bottom: 10px !important;padding-top: 10px !important;padding-right: 10px !important;padding-bottom: 10px !important;padding-left: 10px !important;background-color: #ffff00 !important;background-position: center !important;background-repeat: no-repeat !important;background-size: cover !important;}&#8221;]<\/p>\n<h3 class=\"artiste\">EXHIBITION &#8220;BLACK (AND WHITE) MUSIC&#8221; of Fr\u00e9d\u00e9ric Ragot<\/h3>\n<p>[\/vc_column_text][vc_column_text css=&#8221;&#8221;]<\/p>\n<h3>From November 4 to 28, 2025, at the Office de Tourisme de Limoges<\/h3>\n<p>Free exhibition and accessible during the opening and closing hours of the Office.[\/vc_column_text][vc_column_text css=&#8221;&#8221;]Journaliste sportif depuis plus de 30 ans et passionn\u00e9 de photographie, Fr\u00e9d\u00e9ric Ragot plonge avec talent et sensibilit\u00e9 dans l&#8217;univers de la musique afro-am\u00e9ricaine \u00e0 travers son exposition Black (and White) Music. N\u00e9 \u00e0 Arles en 1972, Fr\u00e9d\u00e9ric a d&#8217;abord fait ses armes dans le journalisme en 1993. Bien que form\u00e9 \u00e0 la facult\u00e9 de droit, il se tourne rapidement vers le journalisme sportif, d&#8217;abord aupr\u00e8s du\u00a0quotidien r\u00e9gional\u00a0Midi Libre, avant de se lancer comme pigiste. D\u00e8s le d\u00e9but, il est attir\u00e9 par la photographie, une nouvelle passion qui na\u00eet lorsqu&#8217;on lui demande de capturer des images lors de ses reportages sportifs.<\/p>\n<p>Au fil des ann\u00e9es, Fr\u00e9d\u00e9ric a \u00e9tendu son horizon photographique au-del\u00e0 du sport, en commen\u00e7ant \u00e0 capturer des concerts de musique R\u2019n\u2019B, soul,\u00a0blues,\u00a0jazz et hip-hop, des genres musicaux qu\u2019il appr\u00e9cie particuli\u00e8rement\u00a0et qu\u2019il \u00e9coute depuis son enfance. Le contraste des lumi\u00e8res, les atmosph\u00e8res uniques des concerts, bien diff\u00e9rentes des gymnases qu&#8217;il conna\u00eet, et\u00a0l\u2019\u00e9nergie\u00a0des artistes\u00a0sur sc\u00e8ne\u00a0le fascinent.\u00a0Il\u00a0collabore rapidement avec des publications\u00a0comme le magazine fran\u00e7ais Soul Bag,\u00a0sp\u00e9cialis\u00e9 depuis plus de 50 ans\u00a0dans le blues, la soul et le R\u2019n&#8217;B\u00a0(<a href=\"http:\/\/www.soulbag.fr\/\">www.soulbag.fr<\/a>) ou encore le site internet am\u00e9ricain\u00a0<a href=\"http:\/\/thisisrnb.com\/\">Thisisrnb.com<\/a>. Encha\u00eenant les concerts et festivals \u00e0 Paris, Londres,\u00a0New York,\u00a0Los Angeles et d\u2019autres grandes villes, il capture des moments forts de l\u2019histoire musicale contemporaine.<\/p>\n<p>Fr\u00e9d\u00e9ric est un t\u00e9moin privil\u00e9gi\u00e9 de la Great Black Music, cet h\u00e9ritage afro-am\u00e9ricain riche et vari\u00e9, dont il s\u2019efforce de saisir toute l\u2019essence. Du charismatique Trombone Shorty aux artistes intenses tels John Legend,\u00a0Jill Scott, Roy Hargove, Al Green et bien d\u2019autres,\u00a0Fr\u00e9d\u00e9ric immortalise les performances\u00a0sur sc\u00e8ne\u00a0de ces artistes qui ont su s\u2019approprier l\u2019h\u00e9ritage de leurs glorieux a\u00een\u00e9s\u00a0avec une vision artistique.<\/p>\n<p>En 2022 il cr\u00e9e l\u2019exposition\u00a0<em>Black (and White) Music<\/em>, une s\u00e9rie de photographies en noir et blanc qui c\u00e9l\u00e8bre cette rencontre unique entre la musique afro-am\u00e9ricaine et l&#8217;art photographique.<\/p>\n<p><strong>Son exposition<\/strong><\/p>\n<p>\u00c0 l\u2019initiative de Fr\u00e9d\u00e9ric Ragot, journaliste et photographe, \u00ab Black (and White) Music \u00bb est la premi\u00e8re exposition photo consacr\u00e9e \u00e0 la musique afro am\u00e9ricaine, commun\u00e9ment appel\u00e9e \u00ab Black Music \u00bb. Ce recueil de photographies en noir et blanc, toutes prises sur le vif sur diff\u00e9rentes sc\u00e8nes \u00e0 travers le monde (Paris, Londres, New York, Toronto, La Nouvelle Orl\u00e9ans, Rotterdam\u2026), propose un<\/p>\n<p>Voyage intime au c\u0153ur d\u2019une musique qui trouve ses racines sur les c\u00f4tes africaines, le long du Mississipi, dans la banlieue de Chicago, au c\u0153ur des ghettos du Bronx, mais qui a su s\u2019affranchir, de ses propres fronti\u00e8res, de son histoire, pour fa\u00e7onner l\u2019une des pages les plus importantes de la culture populaire actuelle.<\/p>\n<p>Une musique qui se veut encore le porte-parole des revendications sociales et culturelles de la communaut\u00e9 noire, qui a rythm\u00e9 le combat des Afro-Am\u00e9ricains pour l\u2019\u00e9mancipation, contre les violences, pour leurs droits, sur ces deux derniers si\u00e8cles au son de m\u00e9lodies et de paroles qui ont conquis le monde entier.<\/p>\n<p>Une musique qui se veut encore le porte-parole des revendications sociales et culturelles de la communaut\u00e9 noire, qui a rythm\u00e9 le combat des Afro-Am\u00e9ricains pour l\u2019\u00e9mancipation, contre les violences, pour leurs droits, sur ces deux derniers si\u00e8cles au son de m\u00e9lodies et de paroles qui ont conquis le monde entier.<\/p>\n<p>Du hip hop au jazz en passant par la soul, le blues, le RnB, le gospel, le rock, la musique afro am\u00e9ricaine, commun\u00e9ment appel\u00e9e \u00ab Black Music \u00bb, se perp\u00e9tue aujourd\u2019hui gr\u00e2ce \u00e0 des artistes qui continuent \u00e0 faire r\u00e9sonner leurs voix, leurs souffles, leurs accords, leurs rythmes au-del\u00e0 des fronti\u00e8res. Des artistes, jeunes et moins jeunes, aux sons et au groove uniques, qui ont su imprimer la musicalit\u00e9 de leur \u00e9poque. Certains sont devenus des ic\u00f4nes, engag\u00e9s sur d\u2019autres terrains que leur seule production, d\u2019autres, plus anonymes, contribuent \u00e0 fa\u00e7onner le patrimoine de la culture populaire contemporaine \u00e0 travers leur art. Une nouvelle g\u00e9n\u00e9ration d\u2019artistes a su s\u2019approprier l\u2019h\u00e9ritage de leurs glorieux a\u00een\u00e9s pour remodeler la musique noire \u00e0 leur go\u00fbt, leur tempo, leur inventivit\u00e9, leur \u00e9lan cr\u00e9atif et poser une nouvelle narration musicale adapt\u00e9e au XXIe si\u00e8cle.<\/p>\n<p>Beaucoup d\u2019entre celles et ceux qui sont pr\u00e9sent\u00e9s dans cette exposition ne sont pas forc\u00e9ment souvent entendus sur les ondes et passent sous les radars de la c\u00e9l\u00e9brit\u00e9 et du succ\u00e8s. Mais toutes et tous font entendre leurs voix et continuent de montrer la voie. Leur musique contribue au combat, \u00e0 faire \u00e9voluer la soci\u00e9t\u00e9 Am\u00e9ricaine.<\/p>\n<p>Les chanteurs et les musiciens issus de la \u00ab Black Music \u00bb sont les parfaits reflets du c\u0153ur de<strong> LA <\/strong>communaut\u00e9.[\/vc_column_text][vc_single_image image=&#8221;11403&#8243; img_size=&#8221;small&#8221; css=&#8221;&#8221;][\/vc_column][\/vc_row][vc_row][vc_column width=&#8221;1\/3&#8243;][vc_single_image image=&#8221;12263&#8243; img_size=&#8221;large&#8221; css=&#8221;.vc_custom_1751978936386{margin-bottom: 0px !important;padding-bottom: 0px !important;}&#8221;][\/vc_column][vc_column width=&#8221;2\/3&#8243;][vc_column_text css=&#8221;.vc_custom_1751978869362{margin-bottom: 10px !important;padding-top: 10px !important;padding-right: 10px !important;padding-bottom: 10px !important;padding-left: 10px !important;background-color: #ffff00 !important;background-position: center !important;background-repeat: no-repeat !important;background-size: cover !important;}&#8221;]<\/p>\n<h3 class=\"artiste\">EXHIBITION\u00a0&#8220;<strong>What a wonderful world in black &amp; white\u00a0<\/strong>&#8221; de Didier Radiguet<\/h3>\n<p>[\/vc_column_text][vc_column_text css=&#8221;&#8221;]<\/p>\n<h3>From November 4 to 28, 2025 at Les Limog\u00e9s bar<\/h3>\n<p>Free exhibition, accessible during bar opening hours: Wednesday to Saturday from 5:30 p.m. to midnight \u2013 +33 5 19 03 48 32[\/vc_column_text][vc_column_text css=&#8221;&#8221;]<strong>Didier Radiguet<\/strong><\/p>\n<p>Didier Radiguet is a passionate photographer specialising in capturing the energy and emotion of live concerts. With a keen eye for detail and a deep understanding of music, he immortalises fleeting moments that reveal the magic of live performances. Born from a passion for music and photography, Didier began his career by attending concerts in his youth, where he discovered his love for stage photography. Since then, he has had the privilege of working with numerous artists, from emerging musicians to established icons, capturing the essence of each performance through his lens. His style is characterised by his ability to capture the intensity of emotions, the connection between artists and their audience, and the unique dynamics that emerge from concerts \u2013 a true celebration of music, art, and the communion between performers and their fans. We invite you to explore this captivating universe and discover the stories told by each image.<\/p>\n<p>Photography is now his main activity, allowing him to meet wonderful people along the way!<\/p>\n<p>&nbsp;<\/p>\n<p><strong>Le Bar Les Limog\u00e9s<\/strong><\/p>\n<p>Located in the heart of Limoges, this iconic venue is where Didier Radiguet has often practised his art. Known for its warm atmosphere and eclectic music programming, this bar has hosted numerous performances that showcase the vitality of the local music scene and the energy that animates this legendary place.[\/vc_column_text][vc_single_image image=&#8221;12262&#8243; img_size=&#8221;small&#8221; css=&#8221;&#8221;][\/vc_column][\/vc_row][vc_row][vc_column width=&#8221;1\/3&#8243;][vc_single_image image=&#8221;11134&#8243; img_size=&#8221;large&#8221; css=&#8221;.vc_custom_1716495445704{margin-bottom: 0px !important;padding-bottom: 0px !important;}&#8221;][\/vc_column][vc_column width=&#8221;2\/3&#8243;][vc_column_text css=&#8221;.vc_custom_1757410354756{margin-bottom: 10px !important;padding-top: 10px !important;padding-right: 10px !important;padding-bottom: 10px !important;padding-left: 10px !important;background-color: #ffff00 !important;background-position: center !important;background-repeat: no-repeat !important;background-size: cover !important;}&#8221;]<\/p>\n<h3 class=\"artiste\">EXHIBITIONS PHOTOLIM 87<\/h3>\n<p>[\/vc_column_text][vc_column_text css=&#8221;&#8221;]<\/p>\n<h3>\u201cWinks\u201d exhibition at BMW MOTORRAD ADVENTURE \u2013 Avenue du Pr\u00e9sident Kennedy \u2013 From October 24 to November 30<\/h3>\n<h3>Exhibition \u201cLes grands rendez-vous\u201d at the BFM de Beaubreuil \u2013 1 Place de Beaubreuil \u2013 From November 4 to 30<\/h3>\n<h3>Exhibition \u201cRetrospectives \u00c9clats d\u2019\u00c9mail Jazz Edition\u201d EPHAD Marcel FAURE \u2013 15 Rue Jean-Pierre Verspieren \u2013 From November 4 to 30<\/h3>\n<h3>\u201cWide shots\u201d exhibition at the Conservatoire \u00e0 Rayonnement R\u00e9gional de Limoges &#8211; 9 rue Fitz James &#8211; From November 4 to 30<\/h3>\n<p>All entries to these exhibitions are free and comply with the opening and closing times for each establishment.[\/vc_column_text][vc_column_text css=&#8221;&#8221;]For more than 11 years now, Photolim 87 has offered photographers from Limoges and the Limousin region a collective structure capable of bringing them together and uniting them through common projects (exhibitions, workshops, themed outings, etc.), and photo discussions, in a spirit of exchange, open and friendly.<br \/>\nFor more than 11 years, the Festival \u00c9clats d\u2019\u00c9mail Jazz \u00c9dition has had the great pleasure each year of presenting the achievements and photographic work of this Association of enthusiasts, with a common enthusiasm. As such, the Festival will be present from June 15 to 30, 2024, at the annual PHOTOLIM Exhibition, an event which will now take place at the Pavillon de l&#8217;Horloge at the former Marceau barracks.<br \/>\nPhotolim87 has more than 50 members who regularly participate in the activities offered by the association. The rules of the game are simple: each Photolim 87 photographer is invited to bring their projects, their desires, their achievements and their experience to benefit the other members of the collective. Like a photographic \u201cSpanish inn\u201d, it is the diversity of talents that Photolim 87 brings together which makes it rich and interesting, with the aim of creating photographic emulation for all.<br \/>\nFor this 19th Edition, we will find an Exhibition at the Regional Conservatory, one at the BFM in Beaubreuil, two completely new \u201clarge format\u201d Exhibitions at the EPHAD Marcel FAURE, and at our Partner BMW ADVENTURE MOTORRAD.[\/vc_column_text][\/vc_column][\/vc_row]<\/p>\n<\/div>","protected":false},"excerpt":{"rendered":"<p>[vc_row][vc_column][vc_empty_space][\/vc_column][\/vc_row][vc_row][vc_column][vc_column_text][\/vc_column_text][\/vc_column][\/vc_row][vc_row][vc_column width=&#8221;1\/3&#8243;][vc_single_image image=&#8221;12302&#8243; img_size=&#8221;large&#8221; css=&#8221;.vc_custom_1755877823705{margin-bottom: 0px !important;padding-bottom: 0px !important;}&#8221;][vc_empty_space][vc_single_image image=&#8221;12298&#8243; img_size=&#8221;large&#8221; css=&#8221;.vc_custom_1755877838816{margin-bottom: 0px !important;padding-bottom: 0px !important;}&#8221;][vc_empty_space][\/vc_column][vc_column width=&#8221;2\/3&#8243;][vc_column_text css=&#8221;.vc_custom_1755878258092{margin-bottom: 10px !important;padding-top: 10px !important;padding-right: 10px !important;padding-bottom: 10px !important;padding-left: 10px !important;background-color: #ffff00 !important;background-position: &#8230;<\/p>\n","protected":false},"author":1,"featured_media":11134,"parent":1657,"menu_order":0,"comment_status":"closed","ping_status":"closed","template":"","meta":{"footnotes":""},"class_list":["post-2006","page","type-page","status-publish","has-post-thumbnail","hentry"],"translation":{"provider":"WPGlobus","version":"3.0.2","language":"gb","enabled_languages":["fr","gb"],"languages":{"fr":{"title":true,"content":true,"excerpt":false},"gb":{"title":true,"content":true,"excerpt":false}}},"yoast_head":"<!-- This site is optimized with the Yoast SEO plugin v27.5 - https:\/\/yoast.com\/product\/yoast-seo-wordpress\/ -->\n<title>Exhibitions - Festival \u00c9clats d&#039;\u00c9mail Jazz \u00c9dition<\/title>\n<meta name=\"robots\" content=\"index, follow, max-snippet:-1, max-image-preview:large, max-video-preview:-1\" \/>\n<link rel=\"canonical\" href=\"https:\/\/www.eclatsdemail.com\/autour-du-festival\/expositions-animations\/\" \/>\n<meta property=\"og:locale\" content=\"en_GB\" \/>\n<meta property=\"og:type\" content=\"article\" \/>\n<meta property=\"og:title\" content=\"Exhibitions - Festival \u00c9clats d&#039;\u00c9mail Jazz \u00c9dition\" \/>\n<meta property=\"og:url\" content=\"https:\/\/www.eclatsdemail.com\/autour-du-festival\/expositions-animations\/\" \/>\n<meta property=\"og:site_name\" content=\"Festival \u00c9clats d&#039;\u00c9mail Jazz \u00c9dition\" \/>\n<meta property=\"article:publisher\" content=\"https:\/\/www.facebook.com\/jazzeclatsdemail\" \/>\n<meta property=\"article:modified_time\" content=\"2025-09-12T14:48:39+00:00\" \/>\n<meta property=\"og:image\" content=\"https:\/\/www.eclatsdemail.com\/wp-content\/uploads\/2024\/05\/Expo.jpg\" \/>\n\t<meta property=\"og:image:width\" content=\"1890\" \/>\n\t<meta property=\"og:image:height\" content=\"1890\" \/>\n\t<meta property=\"og:image:type\" content=\"image\/jpeg\" \/>\n<meta name=\"twitter:card\" content=\"summary_large_image\" \/>\n<meta name=\"twitter:site\" content=\"@eclatsemailjazz\" \/>\n<meta name=\"twitter:label1\" content=\"Est. reading time\" \/>\n\t<meta name=\"twitter:data1\" content=\"17 minutes\" \/>\n<script type=\"application\/ld+json\" class=\"yoast-schema-graph\">{\"@context\":\"https:\\\/\\\/schema.org\",\"@graph\":[{\"@type\":\"WebPage\",\"@id\":\"https:\\\/\\\/www.eclatsdemail.com\\\/autour-du-festival\\\/expositions-animations\\\/\",\"url\":\"https:\\\/\\\/www.eclatsdemail.com\\\/autour-du-festival\\\/expositions-animations\\\/\",\"name\":\"Exhibitions - Festival \u00c9clats d&#039;\u00c9mail Jazz \u00c9dition\",\"isPartOf\":{\"@id\":\"https:\\\/\\\/www.eclatsdemail.com\\\/#website\"},\"primaryImageOfPage\":{\"@id\":\"https:\\\/\\\/www.eclatsdemail.com\\\/autour-du-festival\\\/expositions-animations\\\/#primaryimage\"},\"image\":{\"@id\":\"https:\\\/\\\/www.eclatsdemail.com\\\/autour-du-festival\\\/expositions-animations\\\/#primaryimage\"},\"thumbnailUrl\":\"https:\\\/\\\/www.eclatsdemail.com\\\/wp-content\\\/uploads\\\/2024\\\/05\\\/Expo.jpg\",\"datePublished\":\"2022-06-10T16:25:38+00:00\",\"dateModified\":\"2025-09-12T14:48:39+00:00\",\"breadcrumb\":{\"@id\":\"https:\\\/\\\/www.eclatsdemail.com\\\/autour-du-festival\\\/expositions-animations\\\/#breadcrumb\"},\"inLanguage\":\"en-GB\",\"potentialAction\":[{\"@type\":\"ReadAction\",\"target\":[\"https:\\\/\\\/www.eclatsdemail.com\\\/autour-du-festival\\\/expositions-animations\\\/\"]}]},{\"@type\":\"ImageObject\",\"inLanguage\":\"en-GB\",\"@id\":\"https:\\\/\\\/www.eclatsdemail.com\\\/autour-du-festival\\\/expositions-animations\\\/#primaryimage\",\"url\":\"https:\\\/\\\/www.eclatsdemail.com\\\/wp-content\\\/uploads\\\/2024\\\/05\\\/Expo.jpg\",\"contentUrl\":\"https:\\\/\\\/www.eclatsdemail.com\\\/wp-content\\\/uploads\\\/2024\\\/05\\\/Expo.jpg\",\"width\":1890,\"height\":1890},{\"@type\":\"BreadcrumbList\",\"@id\":\"https:\\\/\\\/www.eclatsdemail.com\\\/autour-du-festival\\\/expositions-animations\\\/#breadcrumb\",\"itemListElement\":[{\"@type\":\"ListItem\",\"position\":1,\"name\":\"Accueil\",\"item\":\"https:\\\/\\\/www.eclatsdemail.com\\\/\"},{\"@type\":\"ListItem\",\"position\":2,\"name\":\"Autour du Festival\",\"item\":\"https:\\\/\\\/www.eclatsdemail.com\\\/autour-du-festival\\\/\"},{\"@type\":\"ListItem\",\"position\":3,\"name\":\"Les expositions\"}]},{\"@type\":\"WebSite\",\"@id\":\"https:\\\/\\\/www.eclatsdemail.com\\\/#website\",\"url\":\"https:\\\/\\\/www.eclatsdemail.com\\\/\",\"name\":\"Festival \u00c9clats d&#039;\u00c9mail Jazz \u00c9dition\",\"description\":\"2024\",\"publisher\":{\"@id\":\"https:\\\/\\\/www.eclatsdemail.com\\\/#organization\"},\"potentialAction\":[{\"@type\":\"SearchAction\",\"target\":{\"@type\":\"EntryPoint\",\"urlTemplate\":\"https:\\\/\\\/www.eclatsdemail.com\\\/?s={search_term_string}\"},\"query-input\":{\"@type\":\"PropertyValueSpecification\",\"valueRequired\":true,\"valueName\":\"search_term_string\"}}],\"inLanguage\":\"en-GB\"},{\"@type\":\"Organization\",\"@id\":\"https:\\\/\\\/www.eclatsdemail.com\\\/#organization\",\"name\":\"Festival \u00c9clats d'\u00c9mail Jazz \u00c9dition\",\"url\":\"https:\\\/\\\/www.eclatsdemail.com\\\/\",\"logo\":{\"@type\":\"ImageObject\",\"inLanguage\":\"en-GB\",\"@id\":\"https:\\\/\\\/www.eclatsdemail.com\\\/#\\\/schema\\\/logo\\\/image\\\/\",\"url\":\"https:\\\/\\\/www.eclatsdemail.com\\\/wp-content\\\/uploads\\\/2022\\\/05\\\/cropped-logo2022.png\",\"contentUrl\":\"https:\\\/\\\/www.eclatsdemail.com\\\/wp-content\\\/uploads\\\/2022\\\/05\\\/cropped-logo2022.png\",\"width\":616,\"height\":100,\"caption\":\"Festival \u00c9clats d'\u00c9mail Jazz \u00c9dition\"},\"image\":{\"@id\":\"https:\\\/\\\/www.eclatsdemail.com\\\/#\\\/schema\\\/logo\\\/image\\\/\"},\"sameAs\":[\"https:\\\/\\\/www.facebook.com\\\/jazzeclatsdemail\",\"https:\\\/\\\/x.com\\\/eclatsemailjazz\",\"https:\\\/\\\/www.instagram.com\\\/Festival_Eclats_d_Email_JAZZ\\\/\"]}]}<\/script>\n<!-- \/ Yoast SEO plugin. -->","yoast_head_json":{"title":"Exhibitions - Festival \u00c9clats d&#039;\u00c9mail Jazz \u00c9dition","robots":{"index":"index","follow":"follow","max-snippet":"max-snippet:-1","max-image-preview":"max-image-preview:large","max-video-preview":"max-video-preview:-1"},"canonical":"https:\/\/www.eclatsdemail.com\/autour-du-festival\/expositions-animations\/","og_locale":"en_GB","og_type":"article","og_title":"Exhibitions - Festival \u00c9clats d&#039;\u00c9mail Jazz \u00c9dition","og_url":"https:\/\/www.eclatsdemail.com\/autour-du-festival\/expositions-animations\/","og_site_name":"Festival \u00c9clats d&#039;\u00c9mail Jazz \u00c9dition","article_publisher":"https:\/\/www.facebook.com\/jazzeclatsdemail","article_modified_time":"2025-09-12T14:48:39+00:00","og_image":[{"width":1890,"height":1890,"url":"https:\/\/www.eclatsdemail.com\/wp-content\/uploads\/2024\/05\/Expo.jpg","type":"image\/jpeg"}],"twitter_card":"summary_large_image","twitter_site":"@eclatsemailjazz","twitter_misc":{"Est. reading time":"17 minutes"},"schema":{"@context":"https:\/\/schema.org","@graph":[{"@type":"WebPage","@id":"https:\/\/www.eclatsdemail.com\/autour-du-festival\/expositions-animations\/","url":"https:\/\/www.eclatsdemail.com\/autour-du-festival\/expositions-animations\/","name":"Exhibitions - Festival \u00c9clats d&#039;\u00c9mail Jazz \u00c9dition","isPartOf":{"@id":"https:\/\/www.eclatsdemail.com\/#website"},"primaryImageOfPage":{"@id":"https:\/\/www.eclatsdemail.com\/autour-du-festival\/expositions-animations\/#primaryimage"},"image":{"@id":"https:\/\/www.eclatsdemail.com\/autour-du-festival\/expositions-animations\/#primaryimage"},"thumbnailUrl":"https:\/\/www.eclatsdemail.com\/wp-content\/uploads\/2024\/05\/Expo.jpg","datePublished":"2022-06-10T16:25:38+00:00","dateModified":"2025-09-12T14:48:39+00:00","breadcrumb":{"@id":"https:\/\/www.eclatsdemail.com\/autour-du-festival\/expositions-animations\/#breadcrumb"},"inLanguage":"en-GB","potentialAction":[{"@type":"ReadAction","target":["https:\/\/www.eclatsdemail.com\/autour-du-festival\/expositions-animations\/"]}]},{"@type":"ImageObject","inLanguage":"en-GB","@id":"https:\/\/www.eclatsdemail.com\/autour-du-festival\/expositions-animations\/#primaryimage","url":"https:\/\/www.eclatsdemail.com\/wp-content\/uploads\/2024\/05\/Expo.jpg","contentUrl":"https:\/\/www.eclatsdemail.com\/wp-content\/uploads\/2024\/05\/Expo.jpg","width":1890,"height":1890},{"@type":"BreadcrumbList","@id":"https:\/\/www.eclatsdemail.com\/autour-du-festival\/expositions-animations\/#breadcrumb","itemListElement":[{"@type":"ListItem","position":1,"name":"Accueil","item":"https:\/\/www.eclatsdemail.com\/"},{"@type":"ListItem","position":2,"name":"Autour du Festival","item":"https:\/\/www.eclatsdemail.com\/autour-du-festival\/"},{"@type":"ListItem","position":3,"name":"Les expositions"}]},{"@type":"WebSite","@id":"https:\/\/www.eclatsdemail.com\/#website","url":"https:\/\/www.eclatsdemail.com\/","name":"Festival \u00c9clats d&#039;\u00c9mail Jazz \u00c9dition","description":"2024","publisher":{"@id":"https:\/\/www.eclatsdemail.com\/#organization"},"potentialAction":[{"@type":"SearchAction","target":{"@type":"EntryPoint","urlTemplate":"https:\/\/www.eclatsdemail.com\/?s={search_term_string}"},"query-input":{"@type":"PropertyValueSpecification","valueRequired":true,"valueName":"search_term_string"}}],"inLanguage":"en-GB"},{"@type":"Organization","@id":"https:\/\/www.eclatsdemail.com\/#organization","name":"Festival \u00c9clats d'\u00c9mail Jazz \u00c9dition","url":"https:\/\/www.eclatsdemail.com\/","logo":{"@type":"ImageObject","inLanguage":"en-GB","@id":"https:\/\/www.eclatsdemail.com\/#\/schema\/logo\/image\/","url":"https:\/\/www.eclatsdemail.com\/wp-content\/uploads\/2022\/05\/cropped-logo2022.png","contentUrl":"https:\/\/www.eclatsdemail.com\/wp-content\/uploads\/2022\/05\/cropped-logo2022.png","width":616,"height":100,"caption":"Festival \u00c9clats d'\u00c9mail Jazz \u00c9dition"},"image":{"@id":"https:\/\/www.eclatsdemail.com\/#\/schema\/logo\/image\/"},"sameAs":["https:\/\/www.facebook.com\/jazzeclatsdemail","https:\/\/x.com\/eclatsemailjazz","https:\/\/www.instagram.com\/Festival_Eclats_d_Email_JAZZ\/"]}]}},"_links":{"self":[{"href":"https:\/\/www.eclatsdemail.com\/gb\/wp-json\/wp\/v2\/pages\/2006","targetHints":{"allow":["GET"]}}],"collection":[{"href":"https:\/\/www.eclatsdemail.com\/gb\/wp-json\/wp\/v2\/pages"}],"about":[{"href":"https:\/\/www.eclatsdemail.com\/gb\/wp-json\/wp\/v2\/types\/page"}],"author":[{"embeddable":true,"href":"https:\/\/www.eclatsdemail.com\/gb\/wp-json\/wp\/v2\/users\/1"}],"replies":[{"embeddable":true,"href":"https:\/\/www.eclatsdemail.com\/gb\/wp-json\/wp\/v2\/comments?post=2006"}],"version-history":[{"count":108,"href":"https:\/\/www.eclatsdemail.com\/gb\/wp-json\/wp\/v2\/pages\/2006\/revisions"}],"predecessor-version":[{"id":12430,"href":"https:\/\/www.eclatsdemail.com\/gb\/wp-json\/wp\/v2\/pages\/2006\/revisions\/12430"}],"up":[{"embeddable":true,"href":"https:\/\/www.eclatsdemail.com\/gb\/wp-json\/wp\/v2\/pages\/1657"}],"wp:featuredmedia":[{"embeddable":true,"href":"https:\/\/www.eclatsdemail.com\/gb\/wp-json\/wp\/v2\/media\/11134"}],"wp:attachment":[{"href":"https:\/\/www.eclatsdemail.com\/gb\/wp-json\/wp\/v2\/media?parent=2006"}],"curies":[{"name":"wp","href":"https:\/\/api.w.org\/{rel}","templated":true}]}}