{"id":1622,"date":"2022-05-30T17:58:59","date_gmt":"2022-05-30T15:58:59","guid":{"rendered":"http:\/\/s370308257.onlinehome.fr\/FEEV2\/?page_id=1622"},"modified":"2025-09-09T15:28:22","modified_gmt":"2025-09-09T13:28:22","slug":"informations","status":"publish","type":"page","link":"https:\/\/www.eclatsdemail.com\/gb\/billetterie\/informations\/","title":{"rendered":"Informations"},"content":{"rendered":"<div class=\"wpb-content-wrapper\"><p>[vc_row css=&#8221;.vc_custom_1523610055943{margin-top: 30px !important;}&#8221;][vc_column width=&#8221;1\/2&#8243;][vc_column_text css=&#8221;.vc_custom_1655132632604{margin-bottom: 10px !important;padding-top: 10px !important;padding-right: 10px !important;padding-bottom: 10px !important;padding-left: 10px !important;background-color: #ffff00 !important;}&#8221;]<\/p>\n<h3>ACCESS TO THE CONCERTS<\/h3>\n<p>[\/vc_column_text][vc_row_inner][vc_column_inner width=&#8221;1\/2&#8243;][vc_column_text css=&#8221;&#8221;]<strong>Op\u00e9ra de Limoges &#8211; Grand Th\u00e9\u00e2tre<\/strong><br \/>\n48, Rue Jean Jaur\u00e8s \u2013 Limoges<br \/>\nT\u00e9l : 05 55 45 95 95<\/p>\n<p><strong>Op\u00e9ra de Limoges &#8211; Maison des Arts et de la Danse Jean Moulin<\/strong><br \/>\n76 Rue des Sagnes \u2013 Limoges<br \/>\nT\u00e9l. : 05 55 35 04 10<\/p>\n<p><strong>Centre Culturel de Limoges<br \/>\nJean Gagnant<\/strong><br \/>\n7, Avenue Jean Gagnant \u2013 Limoges<br \/>\nT\u00e9l. : 05 55 45 94 00 \/ 05 55 45 94 18<\/p>\n<p><strong>Conseil R\u00e9gional<br \/>\nde Nouvelle-Aquitaine<\/strong><br \/>\n27, Boulevard de la Corderie \u2013 Limoges<br \/>\nT\u00e9l : 05 55 45 19 00<\/p>\n<p><strong>Espace Noriac<\/strong><br \/>\n10, Rue Jules Noriac \u2013 Limoges<br \/>\nT\u00e9l : 05 44 00 10 05<\/p>\n<p><strong>B\u00e2timent 25<\/strong><br \/>\n64 rue Armand Barb\u00e8s &#8211; Limoges<br \/>\nT\u00e9l : 05 87 07 07 25<\/p>\n<p><strong>CDN Th\u00e9\u00e2tre de l&#8217;Union<\/strong><br \/>\n20 rue des Coop\u00e9rateurs &#8211; Limoges<br \/>\nT\u00e9l : 05 55 79 90 00<\/p>\n<p><strong>Office de Tourisme de Limoges<\/strong><br \/>\n12 boulevard de Fleurus &#8211; Limoges<br \/>\nT\u00e9l : 05 55 34 46 87[\/vc_column_text][\/vc_column_inner][vc_column_inner width=&#8221;1\/2&#8243;][vc_column_text css=&#8221;&#8221;]<strong>Les Limog\u00e9s<\/strong><br \/>\n10, Rue du Temple \u2013 Limoges<br \/>\nT\u00e9l : 05 19 03 48 32<\/p>\n<p><strong>BFM Centre-Ville<\/strong><br \/>\n2, Place Aim\u00e9 C\u00e9saire \u2013 Limoges<br \/>\nT\u00e9l. : 05 55 45 96 00<\/p>\n<p><strong>BFM Aurence<\/strong><br \/>\n29, rue Marcel Vardelle \u2013 Limoges<br \/>\nT\u00e9l : 05 55 05 02 85<\/p>\n<p><strong>BFM Beaubreuil<\/strong><br \/>\nPlace de Beaubreuil \u2013 Limoges<br \/>\nT\u00e9l : 05 55 35 00 60<\/p>\n<p><strong>BFM La Bastide<\/strong><br \/>\n45, rue Georges Braque \u2013 Limoges<br \/>\nT\u00e9l : 05 55 45 85 20<\/p>\n<p><strong>EHPAD Marcel Faure<\/strong><br \/>\n15, rue Jean-Pierre Verspieren \u2013 Limoges<br \/>\nT\u00e9l : 05 55 37 65 15[\/vc_column_text][\/vc_column_inner][\/vc_row_inner][\/vc_column][vc_column width=&#8221;1\/2&#8243;][vc_column_text]<iframe loading=\"lazy\" src=\"https:\/\/www.google.com\/maps\/d\/embed?mid=11y8AYHW3AW02xhjlZjqOqig_JKxjOgGd\" width=\"640\" height=\"480\"><\/iframe>[\/vc_column_text][\/vc_column][\/vc_row][vc_row][vc_column width=&#8221;1\/2&#8243;][vc_column_text css=&#8221;.vc_custom_1655132650976{margin-bottom: 10px !important;padding-top: 10px !important;padding-right: 10px !important;padding-bottom: 10px !important;padding-left: 10px !important;background-color: #ffff00 !important;}&#8221;]<\/p>\n<h3>CONTACT INFORMATION FOR THE FESTIVAL<\/h3>\n<p>[\/vc_column_text][vc_column_text css=&#8221;&#8221;]<\/p>\n<p class=\"p1\">For any further information and requests for appointments : contact@eclatsdemail.com<br \/>\nor at our address: 1, rue Montaigne 87000 Limoges<br \/>\nTel. : 05 55 77 98 46<\/p>\n<p><strong>Jean-Michel LEYGONIE<\/strong><br \/>\nEmail: jm.leygonie@wanadoo.fr<\/p>\n<p><strong>Elie LEYGONIE:<\/strong> Charg\u00e9 de production<br \/>\nEmail: elie.leygonie@eclatsdemail.com<\/p>\n<p class=\"p1\">Entertainment promoter\u2019s licences:<br \/>\nPLATESV-R-2025-000351 \/ PLATESV-R-2025-000352<\/p>\n<p>[\/vc_column_text][\/vc_column][vc_column width=&#8221;1\/2&#8243;][vc_column_text css=&#8221;.vc_custom_1655132660369{margin-bottom: 10px !important;padding-top: 10px !important;padding-right: 10px !important;padding-bottom: 10px !important;padding-left: 10px !important;background-color: #ffff00 !important;}&#8221;]<\/p>\n<h3>THE FESTIVAL STAFF<\/h3>\n<p>[\/vc_column_text][vc_column_text css=&#8221;&#8221;]Chairman: Fr\u00e9d\u00e9ric Faucher<br \/>\nVice-chairman: Didier Leyris<br \/>\nTreasurer: Yves Buisson<br \/>\nSecretary: Jean-Michel Martin<br \/>\nAdministrators: Isabelle Marie Soul\u00e9, Maria Reytier, Florence Asselineau, Agn\u00e8s Dardanne, Thiphaine Mazeaud and Laurent Durengue<\/p>\n<p>Jean-Michel Leygonie: Artistic Director \/ Development<br \/>\nElie Leygonie: Administrateur<br \/>\nFabien Lambr\u00e9: Technical management<br \/>\nAnne Sophie Dubreuil: Community Manager &#8211; bonjour@annesophiedubreuil.fr<br \/>\nXavier Andrieux : Graphics, mise en page, Atelier Graphique<br \/>\nJean-Michel Martin: Translations<br \/>\nPhilippe Redon : Restaurateur officiel du Festival<br \/>\n\u00c9quipe b\u00e9n\u00e9voles : Catherine Chauvin, Chantal Dubois Thuillier, Rode-Anne Meas, Pierre Pascouau<\/p>\n<p>The festival staff would like to warmly thank all the venue directors who welcome us during the festival and their associated services, along with all the technical staffs.[\/vc_column_text][\/vc_column][\/vc_row]<\/p>\n<\/div>","protected":false},"excerpt":{"rendered":"<p>[vc_row css=&#8221;.vc_custom_1523610055943{margin-top: 30px !important;}&#8221;][vc_column width=&#8221;1\/2&#8243;][vc_column_text css=&#8221;.vc_custom_1655132632604{margin-bottom: 10px !important;padding-top: 10px !important;padding-right: 10px !important;padding-bottom: 10px !important;padding-left: 10px !important;background-color: #ffff00 !important;}&#8221;] ACCESS TO THE CONCERTS [\/vc_column_text][vc_row_inner][vc_column_inner width=&#8221;1\/2&#8243;][vc_column_text css=&#8221;&#8221;]Op\u00e9ra de Limoges &#8211; Grand Th\u00e9\u00e2tre &#8230;<\/p>\n","protected":false},"author":1,"featured_media":0,"parent":113,"menu_order":5,"comment_status":"closed","ping_status":"closed","template":"","meta":{"footnotes":""},"class_list":["post-1622","page","type-page","status-publish","hentry"],"translation":{"provider":"WPGlobus","version":"3.0.2","language":"gb","enabled_languages":["fr","gb"],"languages":{"fr":{"title":true,"content":true,"excerpt":false},"gb":{"title":true,"content":true,"excerpt":false}}},"yoast_head":"<!-- This site is optimized with the Yoast SEO plugin v27.4 - https:\/\/yoast.com\/product\/yoast-seo-wordpress\/ -->\n<title>Informations - Festival \u00c9clats d&#039;\u00c9mail Jazz \u00c9dition<\/title>\n<meta name=\"robots\" content=\"index, follow, max-snippet:-1, max-image-preview:large, max-video-preview:-1\" \/>\n<link rel=\"canonical\" href=\"https:\/\/www.eclatsdemail.com\/billetterie\/informations\/\" \/>\n<meta property=\"og:locale\" content=\"en_GB\" \/>\n<meta property=\"og:type\" content=\"article\" \/>\n<meta property=\"og:title\" content=\"Informations - Festival \u00c9clats d&#039;\u00c9mail Jazz \u00c9dition\" \/>\n<meta property=\"og:url\" content=\"https:\/\/www.eclatsdemail.com\/billetterie\/informations\/\" \/>\n<meta property=\"og:site_name\" content=\"Festival \u00c9clats d&#039;\u00c9mail Jazz \u00c9dition\" \/>\n<meta property=\"article:publisher\" content=\"https:\/\/www.facebook.com\/jazzeclatsdemail\" \/>\n<meta property=\"article:modified_time\" content=\"2025-09-09T13:28:22+00:00\" \/>\n<meta name=\"twitter:card\" content=\"summary_large_image\" \/>\n<meta name=\"twitter:site\" content=\"@eclatsemailjazz\" \/>\n<meta name=\"twitter:label1\" content=\"Est. reading time\" \/>\n\t<meta name=\"twitter:data1\" content=\"3 minutes\" \/>\n<script type=\"application\/ld+json\" class=\"yoast-schema-graph\">{\"@context\":\"https:\\\/\\\/schema.org\",\"@graph\":[{\"@type\":\"WebPage\",\"@id\":\"https:\\\/\\\/www.eclatsdemail.com\\\/billetterie\\\/informations\\\/\",\"url\":\"https:\\\/\\\/www.eclatsdemail.com\\\/billetterie\\\/informations\\\/\",\"name\":\"Informations - Festival \u00c9clats d&#039;\u00c9mail Jazz \u00c9dition\",\"isPartOf\":{\"@id\":\"https:\\\/\\\/www.eclatsdemail.com\\\/#website\"},\"datePublished\":\"2022-05-30T15:58:59+00:00\",\"dateModified\":\"2025-09-09T13:28:22+00:00\",\"breadcrumb\":{\"@id\":\"https:\\\/\\\/www.eclatsdemail.com\\\/billetterie\\\/informations\\\/#breadcrumb\"},\"inLanguage\":\"en-GB\",\"potentialAction\":[{\"@type\":\"ReadAction\",\"target\":[\"https:\\\/\\\/www.eclatsdemail.com\\\/billetterie\\\/informations\\\/\"]}]},{\"@type\":\"BreadcrumbList\",\"@id\":\"https:\\\/\\\/www.eclatsdemail.com\\\/billetterie\\\/informations\\\/#breadcrumb\",\"itemListElement\":[{\"@type\":\"ListItem\",\"position\":1,\"name\":\"Accueil\",\"item\":\"https:\\\/\\\/www.eclatsdemail.com\\\/\"},{\"@type\":\"ListItem\",\"position\":2,\"name\":\"Billetterie\",\"item\":\"https:\\\/\\\/www.eclatsdemail.com\\\/billetterie\\\/\"},{\"@type\":\"ListItem\",\"position\":3,\"name\":\"Informations\"}]},{\"@type\":\"WebSite\",\"@id\":\"https:\\\/\\\/www.eclatsdemail.com\\\/#website\",\"url\":\"https:\\\/\\\/www.eclatsdemail.com\\\/\",\"name\":\"Festival \u00c9clats d&#039;\u00c9mail Jazz \u00c9dition\",\"description\":\"2024\",\"publisher\":{\"@id\":\"https:\\\/\\\/www.eclatsdemail.com\\\/#organization\"},\"potentialAction\":[{\"@type\":\"SearchAction\",\"target\":{\"@type\":\"EntryPoint\",\"urlTemplate\":\"https:\\\/\\\/www.eclatsdemail.com\\\/?s={search_term_string}\"},\"query-input\":{\"@type\":\"PropertyValueSpecification\",\"valueRequired\":true,\"valueName\":\"search_term_string\"}}],\"inLanguage\":\"en-GB\"},{\"@type\":\"Organization\",\"@id\":\"https:\\\/\\\/www.eclatsdemail.com\\\/#organization\",\"name\":\"Festival \u00c9clats d'\u00c9mail Jazz \u00c9dition\",\"url\":\"https:\\\/\\\/www.eclatsdemail.com\\\/\",\"logo\":{\"@type\":\"ImageObject\",\"inLanguage\":\"en-GB\",\"@id\":\"https:\\\/\\\/www.eclatsdemail.com\\\/#\\\/schema\\\/logo\\\/image\\\/\",\"url\":\"https:\\\/\\\/www.eclatsdemail.com\\\/wp-content\\\/uploads\\\/2022\\\/05\\\/cropped-logo2022.png\",\"contentUrl\":\"https:\\\/\\\/www.eclatsdemail.com\\\/wp-content\\\/uploads\\\/2022\\\/05\\\/cropped-logo2022.png\",\"width\":616,\"height\":100,\"caption\":\"Festival \u00c9clats d'\u00c9mail Jazz \u00c9dition\"},\"image\":{\"@id\":\"https:\\\/\\\/www.eclatsdemail.com\\\/#\\\/schema\\\/logo\\\/image\\\/\"},\"sameAs\":[\"https:\\\/\\\/www.facebook.com\\\/jazzeclatsdemail\",\"https:\\\/\\\/x.com\\\/eclatsemailjazz\",\"https:\\\/\\\/www.instagram.com\\\/Festival_Eclats_d_Email_JAZZ\\\/\"]}]}<\/script>\n<!-- \/ Yoast SEO plugin. -->","yoast_head_json":{"title":"Informations - Festival \u00c9clats d&#039;\u00c9mail Jazz \u00c9dition","robots":{"index":"index","follow":"follow","max-snippet":"max-snippet:-1","max-image-preview":"max-image-preview:large","max-video-preview":"max-video-preview:-1"},"canonical":"https:\/\/www.eclatsdemail.com\/billetterie\/informations\/","og_locale":"en_GB","og_type":"article","og_title":"Informations - Festival \u00c9clats d&#039;\u00c9mail Jazz \u00c9dition","og_url":"https:\/\/www.eclatsdemail.com\/billetterie\/informations\/","og_site_name":"Festival \u00c9clats d&#039;\u00c9mail Jazz \u00c9dition","article_publisher":"https:\/\/www.facebook.com\/jazzeclatsdemail","article_modified_time":"2025-09-09T13:28:22+00:00","twitter_card":"summary_large_image","twitter_site":"@eclatsemailjazz","twitter_misc":{"Est. reading time":"3 minutes"},"schema":{"@context":"https:\/\/schema.org","@graph":[{"@type":"WebPage","@id":"https:\/\/www.eclatsdemail.com\/billetterie\/informations\/","url":"https:\/\/www.eclatsdemail.com\/billetterie\/informations\/","name":"Informations - Festival \u00c9clats d&#039;\u00c9mail Jazz \u00c9dition","isPartOf":{"@id":"https:\/\/www.eclatsdemail.com\/#website"},"datePublished":"2022-05-30T15:58:59+00:00","dateModified":"2025-09-09T13:28:22+00:00","breadcrumb":{"@id":"https:\/\/www.eclatsdemail.com\/billetterie\/informations\/#breadcrumb"},"inLanguage":"en-GB","potentialAction":[{"@type":"ReadAction","target":["https:\/\/www.eclatsdemail.com\/billetterie\/informations\/"]}]},{"@type":"BreadcrumbList","@id":"https:\/\/www.eclatsdemail.com\/billetterie\/informations\/#breadcrumb","itemListElement":[{"@type":"ListItem","position":1,"name":"Accueil","item":"https:\/\/www.eclatsdemail.com\/"},{"@type":"ListItem","position":2,"name":"Billetterie","item":"https:\/\/www.eclatsdemail.com\/billetterie\/"},{"@type":"ListItem","position":3,"name":"Informations"}]},{"@type":"WebSite","@id":"https:\/\/www.eclatsdemail.com\/#website","url":"https:\/\/www.eclatsdemail.com\/","name":"Festival \u00c9clats d&#039;\u00c9mail Jazz \u00c9dition","description":"2024","publisher":{"@id":"https:\/\/www.eclatsdemail.com\/#organization"},"potentialAction":[{"@type":"SearchAction","target":{"@type":"EntryPoint","urlTemplate":"https:\/\/www.eclatsdemail.com\/?s={search_term_string}"},"query-input":{"@type":"PropertyValueSpecification","valueRequired":true,"valueName":"search_term_string"}}],"inLanguage":"en-GB"},{"@type":"Organization","@id":"https:\/\/www.eclatsdemail.com\/#organization","name":"Festival \u00c9clats d'\u00c9mail Jazz \u00c9dition","url":"https:\/\/www.eclatsdemail.com\/","logo":{"@type":"ImageObject","inLanguage":"en-GB","@id":"https:\/\/www.eclatsdemail.com\/#\/schema\/logo\/image\/","url":"https:\/\/www.eclatsdemail.com\/wp-content\/uploads\/2022\/05\/cropped-logo2022.png","contentUrl":"https:\/\/www.eclatsdemail.com\/wp-content\/uploads\/2022\/05\/cropped-logo2022.png","width":616,"height":100,"caption":"Festival \u00c9clats d'\u00c9mail Jazz \u00c9dition"},"image":{"@id":"https:\/\/www.eclatsdemail.com\/#\/schema\/logo\/image\/"},"sameAs":["https:\/\/www.facebook.com\/jazzeclatsdemail","https:\/\/x.com\/eclatsemailjazz","https:\/\/www.instagram.com\/Festival_Eclats_d_Email_JAZZ\/"]}]}},"_links":{"self":[{"href":"https:\/\/www.eclatsdemail.com\/gb\/wp-json\/wp\/v2\/pages\/1622","targetHints":{"allow":["GET"]}}],"collection":[{"href":"https:\/\/www.eclatsdemail.com\/gb\/wp-json\/wp\/v2\/pages"}],"about":[{"href":"https:\/\/www.eclatsdemail.com\/gb\/wp-json\/wp\/v2\/types\/page"}],"author":[{"embeddable":true,"href":"https:\/\/www.eclatsdemail.com\/gb\/wp-json\/wp\/v2\/users\/1"}],"replies":[{"embeddable":true,"href":"https:\/\/www.eclatsdemail.com\/gb\/wp-json\/wp\/v2\/comments?post=1622"}],"version-history":[{"count":70,"href":"https:\/\/www.eclatsdemail.com\/gb\/wp-json\/wp\/v2\/pages\/1622\/revisions"}],"predecessor-version":[{"id":12428,"href":"https:\/\/www.eclatsdemail.com\/gb\/wp-json\/wp\/v2\/pages\/1622\/revisions\/12428"}],"up":[{"embeddable":true,"href":"https:\/\/www.eclatsdemail.com\/gb\/wp-json\/wp\/v2\/pages\/113"}],"wp:attachment":[{"href":"https:\/\/www.eclatsdemail.com\/gb\/wp-json\/wp\/v2\/media?parent=1622"}],"curies":[{"name":"wp","href":"https:\/\/api.w.org\/{rel}","templated":true}]}}