{"id":12448,"date":"2025-10-28T15:24:31","date_gmt":"2025-10-28T14:24:31","guid":{"rendered":"https:\/\/www.eclatsdemail.com\/?page_id=12448"},"modified":"2025-11-18T16:55:40","modified_gmt":"2025-11-18T15:55:40","slug":"destination-jazz","status":"publish","type":"page","link":"https:\/\/www.eclatsdemail.com\/gb\/autour-du-festival\/destination-jazz\/","title":{"rendered":"Les visites d&#8217;entreprise"},"content":{"rendered":"<div class=\"wpb-content-wrapper\"><p>[vc_row][vc_column width=&#8221;1\/2&#8243;][vc_empty_space][vc_column_text css=&#8221;&#8221;]<\/p>\n<h1>Destination Limoges \/ Destination Jazz<\/h1>\n<h2>Le nouveau rendez-vous du festival !<\/h2>\n<h3>Du Samedi 15 au samedi 22 novembre &#8211; 12 boulevard de Fleurus \u00e0 Limoges de 11h30 \u00e0 13h45.<br \/>\nGratuit dans la limite des places disponibles.<\/h3>\n<p>L&#8217;Office de tourisme de Limoges M\u00e9tropole et le Festival Eclats d&#8217;Email Jazz Edition proposent un nouveau rendez-vous pour cette 20\u00e8me \u00e9dition. Celui d&#8217;un forum, tous les jours de 11h30 \u00e0 13h45, en acc\u00e8s gratuit, pour \u00e9changer, partager, questionner des professionnels de la fili\u00e8re musicale. Vous faire rencontrer au plus pr\u00e8s des personnalit\u00e9s, des Artistes, des Producteurs, des R\u00e9alisateurs, des Concepteurs, des Chefs d&#8217;entreprises qui participent et font l&#8217;exception culturelle en France et par le Monde. Ce rendez-vous se veut dores et d\u00e9j\u00e0 p\u00e9renne et participera sans nul doute \u00e0 l&#8217;attractivit\u00e9 de notre \u00e9v\u00e9nement et de notre territoire.<\/p>\n<p>&nbsp;<\/p>\n<p><img loading=\"lazy\" decoding=\"async\" class=\"alignnone size-full wp-image-12009\" src=\"https:\/\/www.eclatsdemail.com\/wp-content\/uploads\/2025\/05\/Destination-Jazz.jpg\" alt=\"\" width=\"2430\" height=\"2430\" srcset=\"https:\/\/www.eclatsdemail.com\/wp-content\/uploads\/2025\/05\/Destination-Jazz.jpg 2430w, https:\/\/www.eclatsdemail.com\/wp-content\/uploads\/2025\/05\/Destination-Jazz-300x300.jpg 300w, https:\/\/www.eclatsdemail.com\/wp-content\/uploads\/2025\/05\/Destination-Jazz-1200x1200.jpg 1200w, https:\/\/www.eclatsdemail.com\/wp-content\/uploads\/2025\/05\/Destination-Jazz-150x150.jpg 150w, https:\/\/www.eclatsdemail.com\/wp-content\/uploads\/2025\/05\/Destination-Jazz-768x768.jpg 768w, https:\/\/www.eclatsdemail.com\/wp-content\/uploads\/2025\/05\/Destination-Jazz-1536x1536.jpg 1536w, https:\/\/www.eclatsdemail.com\/wp-content\/uploads\/2025\/05\/Destination-Jazz-2048x2048.jpg 2048w\" sizes=\"auto, (max-width: 2430px) 100vw, 2430px\" \/><\/p>\n<p>&nbsp;<\/p>\n<p>Ces rendez-vous sont r\u00e9alis\u00e9s avec le soutien de :<\/p>\n<p><img loading=\"lazy\" decoding=\"async\" class=\"alignnone wp-image-12457\" src=\"https:\/\/www.eclatsdemail.com\/wp-content\/uploads\/2025\/10\/capture-6728a8716f4ef458287475.jpg\" alt=\"\" width=\"98\" height=\"57\" srcset=\"https:\/\/www.eclatsdemail.com\/wp-content\/uploads\/2025\/10\/capture-6728a8716f4ef458287475.jpg 1398w, https:\/\/www.eclatsdemail.com\/wp-content\/uploads\/2025\/10\/capture-6728a8716f4ef458287475-300x176.jpg 300w, https:\/\/www.eclatsdemail.com\/wp-content\/uploads\/2025\/10\/capture-6728a8716f4ef458287475-1200x703.jpg 1200w, https:\/\/www.eclatsdemail.com\/wp-content\/uploads\/2025\/10\/capture-6728a8716f4ef458287475-768x450.jpg 768w\" sizes=\"auto, (max-width: 98px) 100vw, 98px\" \/>\u00a0 \u00a0 <img loading=\"lazy\" decoding=\"async\" class=\"alignnone wp-image-12456\" src=\"https:\/\/www.eclatsdemail.com\/wp-content\/uploads\/2025\/10\/Logo7alimoges.jpg\" alt=\"\" width=\"60\" height=\"62\" \/>\u00a0 \u00a0 <img loading=\"lazy\" decoding=\"async\" class=\"alignnone wp-image-12455\" src=\"https:\/\/www.eclatsdemail.com\/wp-content\/uploads\/2025\/10\/LOGO_-_LM_-_Couleur.svg_.png\" alt=\"\" width=\"95\" height=\"51\" srcset=\"https:\/\/www.eclatsdemail.com\/wp-content\/uploads\/2025\/10\/LOGO_-_LM_-_Couleur.svg_.png 1280w, https:\/\/www.eclatsdemail.com\/wp-content\/uploads\/2025\/10\/LOGO_-_LM_-_Couleur.svg_-300x161.png 300w, https:\/\/www.eclatsdemail.com\/wp-content\/uploads\/2025\/10\/LOGO_-_LM_-_Couleur.svg_-1200x642.png 1200w, https:\/\/www.eclatsdemail.com\/wp-content\/uploads\/2025\/10\/LOGO_-_LM_-_Couleur.svg_-768x411.png 768w\" sizes=\"auto, (max-width: 95px) 100vw, 95px\" \/>\u00a0 \u00a0 \u00a0<img loading=\"lazy\" decoding=\"async\" class=\"alignnone wp-image-12454\" src=\"https:\/\/www.eclatsdemail.com\/wp-content\/uploads\/2025\/10\/JUNKPAGE-1LOGO-CARRE.jpg\" alt=\"\" width=\"73\" height=\"47\" srcset=\"https:\/\/www.eclatsdemail.com\/wp-content\/uploads\/2025\/10\/JUNKPAGE-1LOGO-CARRE.jpg 1221w, https:\/\/www.eclatsdemail.com\/wp-content\/uploads\/2025\/10\/JUNKPAGE-1LOGO-CARRE-300x192.jpg 300w, https:\/\/www.eclatsdemail.com\/wp-content\/uploads\/2025\/10\/JUNKPAGE-1LOGO-CARRE-1200x770.jpg 1200w, https:\/\/www.eclatsdemail.com\/wp-content\/uploads\/2025\/10\/JUNKPAGE-1LOGO-CARRE-768x493.jpg 768w, https:\/\/www.eclatsdemail.com\/wp-content\/uploads\/2025\/10\/JUNKPAGE-1LOGO-CARRE-480x300.jpg 480w, https:\/\/www.eclatsdemail.com\/wp-content\/uploads\/2025\/10\/JUNKPAGE-1LOGO-CARRE-640x400.jpg 640w\" sizes=\"auto, (max-width: 73px) 100vw, 73px\" \/>[\/vc_column_text][\/vc_column][vc_column width=&#8221;1\/2&#8243;][vc_empty_space][vc_column_text css=&#8221;.vc_custom_1761661103801{background-color: #FFFFFF00 !important;}&#8221;]<\/p>\n<h2>Le programme<\/h2>\n<p>Chaque jour \u00e0 l&#8217;Office de Tourisme de Limoges M\u00e9tropole, 12 boulevard de Fleurus, deux rendez-vous gratuits (de 11h30 \u00e0 12h30 et de 12h45 \u00e0 13h45) autour de personnalit\u00e9s de la fili\u00e8re musicale, artistique et \u00e9conomique.<\/p>\n<p>Capacit\u00e9 d&#8217;accueil, 40 personnes dans la mesure des places disponibles. R\u00e9servations conseill\u00e9es aupr\u00e8s de l&#8217;Office de Tourisme de Limoges M\u00e9tropole &#8211; Destination Limoges : 05 55 34 46 87 et info@destination-limoges.com.<\/p>\n<p>&nbsp;<\/p>\n<h4><strong>SAMEDI 15 NOVEMBRE<\/strong><\/h4>\n<p><strong>11h30 &#8211; Ouverture des rendez-vous<\/strong> Destination Limoges\/Destination Jazz<\/p>\n<p><strong>12h45 &#8211; Rencontre, conf\u00e9rence autour de Maloya<\/strong>, musique, chant et danse de la R\u00e9union. Avec la pr\u00e9sence de Christine Salem, chanteuse embl\u00e9matique de la R\u00e9union, Anne-Laure Lemancel, r\u00e9alisatrice du documentaire &#8220;Maloya, l&#8217;esprit des femmes&#8230;&#8221;.<\/p>\n<h4><strong>LUNDI 17 NOVEMBRE<\/strong><\/h4>\n<p><strong>11h30 &#8211; Rencontre avec les membres du groupe C-LY<\/strong>, en concert le lundi 17 novembre au Centre Culturel Jean Gagnant \u00e0 20h<\/p>\n<p><strong>12h45 &#8211; La cr\u00e9ation artistique musicale en R\u00e9gion<\/strong>, situation, orientation&#8230;<\/p>\n<h4><strong>MARDI 18 NOVEMBRE<\/strong><\/h4>\n<p><strong>11h30 &#8211; Rencontre avec Na\u00efri Badal et Ad\u00e9la\u00efde Panaget du duo Jatekok, et Alain Mercier<\/strong>, Directeur g\u00e9n\u00e9ral et artistique de l&#8217;Op\u00e9ra de Limoges. &#8220;Les enjeux de l&#8217;accompagnement et du soutien aux artistes&#8221;.<\/p>\n<p><strong>12h45 &#8211; Concert en duo, S\u00e9bastien Farge (accord\u00e9on) et Marjolaine Paitel (chant).<\/strong><\/p>\n<h4><strong>MERCREDI 19 NOVEMBRE<\/strong><\/h4>\n<p><strong>11h30 &#8211; Rencontre avec le saxophoniste Baptiste Herbin.<\/strong> Nomm\u00e9 aux Victoires du Jazz en 2013, Prix Django Reinhardt et \u00e9lu musicien de l&#8217;ann\u00e9e 2019 par l&#8217;Acad\u00e9mie du Jazz, un grand musicien de la sc\u00e8ne internationale.<\/p>\n<p><strong>12h45 &#8211; Concert en duo, S\u00e9bastien Farge (accord\u00e9on) et Caroline Cugala (violon)<\/strong> + d\u00e9gustation gratuite des produits de nos partenaires.<\/p>\n<h4><strong>JEUDI 20 NOVEMBRE<\/strong><\/h4>\n<p><strong>11h30 &#8211; Rencontre avec l&#8217;\u00e9quipe et la r\u00e9daction du magazine JUNK PAGE<\/strong>, journal culturel et addictif sur la Culture en Nouvelle-Aquitaine.<\/p>\n<p><strong>12h45 &#8211; Concert en duo, S\u00e9bastien Farge (accord\u00e9on) et Philippe Parant (guitare).<\/strong><\/p>\n<h4><strong>VENDREDI 21 NOVEMBRE<\/strong><\/h4>\n<p><strong>11h30 &#8211; Rencontre avec les \u00e9quipes de France Musique<\/strong>, &#8220;Au coeur du Jazz&#8221;, &#8220;Banzza\u00ef&#8221;, &#8220;le Club Jazz&#8221;. France Musique, en direct du Festival du 19 au 21 novembre.<\/p>\n<h4><strong>SAMEDI 22 NOVEMBRE<\/strong><\/h4>\n<p><strong>11h30 &#8211; Rencontre avec Christophe Sirgues<\/strong>, directeur de la Manufacture d&#8217;accord\u00e9ons MAUGEIN.<\/p>\n<p><strong>12h45 &#8211; Concert en duo, S\u00e9bastien Farge (accord\u00e9on) et R\u00e9mi Sallard (accord\u00e9on diatonique)<\/strong> &#8211; D\u00e9gustation gratuite des produits de nos partenaires.<\/p>\n<p>[\/vc_column_text][\/vc_column][\/vc_row]<\/p>\n<\/div>","protected":false},"excerpt":{"rendered":"<p>[vc_row][vc_column width=&#8221;1\/2&#8243;][vc_empty_space][vc_column_text css=&#8221;&#8221;] Destination Limoges \/ Destination Jazz Le nouveau rendez-vous du festival ! Du Samedi 15 au samedi 22 novembre &#8211; 12 boulevard de Fleurus \u00e0 Limoges de 11h30 &#8230;<\/p>\n","protected":false},"author":1,"featured_media":12009,"parent":1657,"menu_order":0,"comment_status":"closed","ping_status":"closed","template":"","meta":{"footnotes":""},"class_list":["post-12448","page","type-page","status-publish","has-post-thumbnail","hentry"],"translation":{"provider":"WPGlobus","version":"3.0.2","language":"gb","enabled_languages":["fr","gb"],"languages":{"fr":{"title":true,"content":true,"excerpt":false},"gb":{"title":true,"content":true,"excerpt":false}}},"yoast_head":"<!-- This site is optimized with the Yoast SEO plugin v27.5 - https:\/\/yoast.com\/product\/yoast-seo-wordpress\/ -->\n<title>Les visites d&#039;entreprise - Festival \u00c9clats d&#039;\u00c9mail Jazz \u00c9dition<\/title>\n<meta name=\"robots\" content=\"index, follow, max-snippet:-1, max-image-preview:large, max-video-preview:-1\" \/>\n<link rel=\"canonical\" href=\"https:\/\/www.eclatsdemail.com\/autour-du-festival\/destination-jazz\/\" \/>\n<meta property=\"og:locale\" content=\"en_GB\" \/>\n<meta property=\"og:type\" content=\"article\" \/>\n<meta property=\"og:title\" content=\"Les visites d&#039;entreprise - Festival \u00c9clats d&#039;\u00c9mail Jazz \u00c9dition\" \/>\n<meta property=\"og:url\" content=\"https:\/\/www.eclatsdemail.com\/autour-du-festival\/destination-jazz\/\" \/>\n<meta property=\"og:site_name\" content=\"Festival \u00c9clats d&#039;\u00c9mail Jazz \u00c9dition\" \/>\n<meta property=\"article:publisher\" content=\"https:\/\/www.facebook.com\/jazzeclatsdemail\" \/>\n<meta property=\"article:modified_time\" content=\"2025-11-18T15:55:40+00:00\" \/>\n<meta property=\"og:image\" content=\"https:\/\/www.eclatsdemail.com\/wp-content\/uploads\/2025\/05\/Destination-Jazz.jpg\" \/>\n\t<meta property=\"og:image:width\" content=\"2430\" \/>\n\t<meta property=\"og:image:height\" content=\"2430\" \/>\n\t<meta property=\"og:image:type\" content=\"image\/jpeg\" \/>\n<meta name=\"twitter:card\" content=\"summary_large_image\" \/>\n<meta name=\"twitter:site\" content=\"@eclatsemailjazz\" \/>\n<meta name=\"twitter:label1\" content=\"Est. reading time\" \/>\n\t<meta name=\"twitter:data1\" content=\"5 minutes\" \/>\n<script type=\"application\/ld+json\" class=\"yoast-schema-graph\">{\"@context\":\"https:\\\/\\\/schema.org\",\"@graph\":[{\"@type\":\"WebPage\",\"@id\":\"https:\\\/\\\/www.eclatsdemail.com\\\/autour-du-festival\\\/destination-jazz\\\/\",\"url\":\"https:\\\/\\\/www.eclatsdemail.com\\\/autour-du-festival\\\/destination-jazz\\\/\",\"name\":\"Les visites d'entreprise - Festival \u00c9clats d&#039;\u00c9mail Jazz \u00c9dition\",\"isPartOf\":{\"@id\":\"https:\\\/\\\/www.eclatsdemail.com\\\/#website\"},\"primaryImageOfPage\":{\"@id\":\"https:\\\/\\\/www.eclatsdemail.com\\\/autour-du-festival\\\/destination-jazz\\\/#primaryimage\"},\"image\":{\"@id\":\"https:\\\/\\\/www.eclatsdemail.com\\\/autour-du-festival\\\/destination-jazz\\\/#primaryimage\"},\"thumbnailUrl\":\"https:\\\/\\\/www.eclatsdemail.com\\\/wp-content\\\/uploads\\\/2025\\\/05\\\/Destination-Jazz.jpg\",\"datePublished\":\"2025-10-28T14:24:31+00:00\",\"dateModified\":\"2025-11-18T15:55:40+00:00\",\"breadcrumb\":{\"@id\":\"https:\\\/\\\/www.eclatsdemail.com\\\/autour-du-festival\\\/destination-jazz\\\/#breadcrumb\"},\"inLanguage\":\"en-GB\",\"potentialAction\":[{\"@type\":\"ReadAction\",\"target\":[\"https:\\\/\\\/www.eclatsdemail.com\\\/autour-du-festival\\\/destination-jazz\\\/\"]}]},{\"@type\":\"ImageObject\",\"inLanguage\":\"en-GB\",\"@id\":\"https:\\\/\\\/www.eclatsdemail.com\\\/autour-du-festival\\\/destination-jazz\\\/#primaryimage\",\"url\":\"https:\\\/\\\/www.eclatsdemail.com\\\/wp-content\\\/uploads\\\/2025\\\/05\\\/Destination-Jazz.jpg\",\"contentUrl\":\"https:\\\/\\\/www.eclatsdemail.com\\\/wp-content\\\/uploads\\\/2025\\\/05\\\/Destination-Jazz.jpg\",\"width\":2430,\"height\":2430},{\"@type\":\"BreadcrumbList\",\"@id\":\"https:\\\/\\\/www.eclatsdemail.com\\\/autour-du-festival\\\/destination-jazz\\\/#breadcrumb\",\"itemListElement\":[{\"@type\":\"ListItem\",\"position\":1,\"name\":\"Accueil\",\"item\":\"https:\\\/\\\/www.eclatsdemail.com\\\/\"},{\"@type\":\"ListItem\",\"position\":2,\"name\":\"Autour du Festival\",\"item\":\"https:\\\/\\\/www.eclatsdemail.com\\\/autour-du-festival\\\/\"},{\"@type\":\"ListItem\",\"position\":3,\"name\":\"Destination Jazz\"}]},{\"@type\":\"WebSite\",\"@id\":\"https:\\\/\\\/www.eclatsdemail.com\\\/#website\",\"url\":\"https:\\\/\\\/www.eclatsdemail.com\\\/\",\"name\":\"Festival \u00c9clats d&#039;\u00c9mail Jazz \u00c9dition\",\"description\":\"2024\",\"publisher\":{\"@id\":\"https:\\\/\\\/www.eclatsdemail.com\\\/#organization\"},\"potentialAction\":[{\"@type\":\"SearchAction\",\"target\":{\"@type\":\"EntryPoint\",\"urlTemplate\":\"https:\\\/\\\/www.eclatsdemail.com\\\/?s={search_term_string}\"},\"query-input\":{\"@type\":\"PropertyValueSpecification\",\"valueRequired\":true,\"valueName\":\"search_term_string\"}}],\"inLanguage\":\"en-GB\"},{\"@type\":\"Organization\",\"@id\":\"https:\\\/\\\/www.eclatsdemail.com\\\/#organization\",\"name\":\"Festival \u00c9clats d'\u00c9mail Jazz \u00c9dition\",\"url\":\"https:\\\/\\\/www.eclatsdemail.com\\\/\",\"logo\":{\"@type\":\"ImageObject\",\"inLanguage\":\"en-GB\",\"@id\":\"https:\\\/\\\/www.eclatsdemail.com\\\/#\\\/schema\\\/logo\\\/image\\\/\",\"url\":\"https:\\\/\\\/www.eclatsdemail.com\\\/wp-content\\\/uploads\\\/2022\\\/05\\\/cropped-logo2022.png\",\"contentUrl\":\"https:\\\/\\\/www.eclatsdemail.com\\\/wp-content\\\/uploads\\\/2022\\\/05\\\/cropped-logo2022.png\",\"width\":616,\"height\":100,\"caption\":\"Festival \u00c9clats d'\u00c9mail Jazz \u00c9dition\"},\"image\":{\"@id\":\"https:\\\/\\\/www.eclatsdemail.com\\\/#\\\/schema\\\/logo\\\/image\\\/\"},\"sameAs\":[\"https:\\\/\\\/www.facebook.com\\\/jazzeclatsdemail\",\"https:\\\/\\\/x.com\\\/eclatsemailjazz\",\"https:\\\/\\\/www.instagram.com\\\/Festival_Eclats_d_Email_JAZZ\\\/\"]}]}<\/script>\n<!-- \/ Yoast SEO plugin. -->","yoast_head_json":{"title":"Les visites d'entreprise - Festival \u00c9clats d&#039;\u00c9mail Jazz \u00c9dition","robots":{"index":"index","follow":"follow","max-snippet":"max-snippet:-1","max-image-preview":"max-image-preview:large","max-video-preview":"max-video-preview:-1"},"canonical":"https:\/\/www.eclatsdemail.com\/autour-du-festival\/destination-jazz\/","og_locale":"en_GB","og_type":"article","og_title":"Les visites d'entreprise - Festival \u00c9clats d&#039;\u00c9mail Jazz \u00c9dition","og_url":"https:\/\/www.eclatsdemail.com\/autour-du-festival\/destination-jazz\/","og_site_name":"Festival \u00c9clats d&#039;\u00c9mail Jazz \u00c9dition","article_publisher":"https:\/\/www.facebook.com\/jazzeclatsdemail","article_modified_time":"2025-11-18T15:55:40+00:00","og_image":[{"width":2430,"height":2430,"url":"https:\/\/www.eclatsdemail.com\/wp-content\/uploads\/2025\/05\/Destination-Jazz.jpg","type":"image\/jpeg"}],"twitter_card":"summary_large_image","twitter_site":"@eclatsemailjazz","twitter_misc":{"Est. reading time":"5 minutes"},"schema":{"@context":"https:\/\/schema.org","@graph":[{"@type":"WebPage","@id":"https:\/\/www.eclatsdemail.com\/autour-du-festival\/destination-jazz\/","url":"https:\/\/www.eclatsdemail.com\/autour-du-festival\/destination-jazz\/","name":"Les visites d'entreprise - Festival \u00c9clats d&#039;\u00c9mail Jazz \u00c9dition","isPartOf":{"@id":"https:\/\/www.eclatsdemail.com\/#website"},"primaryImageOfPage":{"@id":"https:\/\/www.eclatsdemail.com\/autour-du-festival\/destination-jazz\/#primaryimage"},"image":{"@id":"https:\/\/www.eclatsdemail.com\/autour-du-festival\/destination-jazz\/#primaryimage"},"thumbnailUrl":"https:\/\/www.eclatsdemail.com\/wp-content\/uploads\/2025\/05\/Destination-Jazz.jpg","datePublished":"2025-10-28T14:24:31+00:00","dateModified":"2025-11-18T15:55:40+00:00","breadcrumb":{"@id":"https:\/\/www.eclatsdemail.com\/autour-du-festival\/destination-jazz\/#breadcrumb"},"inLanguage":"en-GB","potentialAction":[{"@type":"ReadAction","target":["https:\/\/www.eclatsdemail.com\/autour-du-festival\/destination-jazz\/"]}]},{"@type":"ImageObject","inLanguage":"en-GB","@id":"https:\/\/www.eclatsdemail.com\/autour-du-festival\/destination-jazz\/#primaryimage","url":"https:\/\/www.eclatsdemail.com\/wp-content\/uploads\/2025\/05\/Destination-Jazz.jpg","contentUrl":"https:\/\/www.eclatsdemail.com\/wp-content\/uploads\/2025\/05\/Destination-Jazz.jpg","width":2430,"height":2430},{"@type":"BreadcrumbList","@id":"https:\/\/www.eclatsdemail.com\/autour-du-festival\/destination-jazz\/#breadcrumb","itemListElement":[{"@type":"ListItem","position":1,"name":"Accueil","item":"https:\/\/www.eclatsdemail.com\/"},{"@type":"ListItem","position":2,"name":"Autour du Festival","item":"https:\/\/www.eclatsdemail.com\/autour-du-festival\/"},{"@type":"ListItem","position":3,"name":"Destination Jazz"}]},{"@type":"WebSite","@id":"https:\/\/www.eclatsdemail.com\/#website","url":"https:\/\/www.eclatsdemail.com\/","name":"Festival \u00c9clats d&#039;\u00c9mail Jazz \u00c9dition","description":"2024","publisher":{"@id":"https:\/\/www.eclatsdemail.com\/#organization"},"potentialAction":[{"@type":"SearchAction","target":{"@type":"EntryPoint","urlTemplate":"https:\/\/www.eclatsdemail.com\/?s={search_term_string}"},"query-input":{"@type":"PropertyValueSpecification","valueRequired":true,"valueName":"search_term_string"}}],"inLanguage":"en-GB"},{"@type":"Organization","@id":"https:\/\/www.eclatsdemail.com\/#organization","name":"Festival \u00c9clats d'\u00c9mail Jazz \u00c9dition","url":"https:\/\/www.eclatsdemail.com\/","logo":{"@type":"ImageObject","inLanguage":"en-GB","@id":"https:\/\/www.eclatsdemail.com\/#\/schema\/logo\/image\/","url":"https:\/\/www.eclatsdemail.com\/wp-content\/uploads\/2022\/05\/cropped-logo2022.png","contentUrl":"https:\/\/www.eclatsdemail.com\/wp-content\/uploads\/2022\/05\/cropped-logo2022.png","width":616,"height":100,"caption":"Festival \u00c9clats d'\u00c9mail Jazz \u00c9dition"},"image":{"@id":"https:\/\/www.eclatsdemail.com\/#\/schema\/logo\/image\/"},"sameAs":["https:\/\/www.facebook.com\/jazzeclatsdemail","https:\/\/x.com\/eclatsemailjazz","https:\/\/www.instagram.com\/Festival_Eclats_d_Email_JAZZ\/"]}]}},"_links":{"self":[{"href":"https:\/\/www.eclatsdemail.com\/gb\/wp-json\/wp\/v2\/pages\/12448","targetHints":{"allow":["GET"]}}],"collection":[{"href":"https:\/\/www.eclatsdemail.com\/gb\/wp-json\/wp\/v2\/pages"}],"about":[{"href":"https:\/\/www.eclatsdemail.com\/gb\/wp-json\/wp\/v2\/types\/page"}],"author":[{"embeddable":true,"href":"https:\/\/www.eclatsdemail.com\/gb\/wp-json\/wp\/v2\/users\/1"}],"replies":[{"embeddable":true,"href":"https:\/\/www.eclatsdemail.com\/gb\/wp-json\/wp\/v2\/comments?post=12448"}],"version-history":[{"count":10,"href":"https:\/\/www.eclatsdemail.com\/gb\/wp-json\/wp\/v2\/pages\/12448\/revisions"}],"predecessor-version":[{"id":12516,"href":"https:\/\/www.eclatsdemail.com\/gb\/wp-json\/wp\/v2\/pages\/12448\/revisions\/12516"}],"up":[{"embeddable":true,"href":"https:\/\/www.eclatsdemail.com\/gb\/wp-json\/wp\/v2\/pages\/1657"}],"wp:featuredmedia":[{"embeddable":true,"href":"https:\/\/www.eclatsdemail.com\/gb\/wp-json\/wp\/v2\/media\/12009"}],"wp:attachment":[{"href":"https:\/\/www.eclatsdemail.com\/gb\/wp-json\/wp\/v2\/media?parent=12448"}],"curies":[{"name":"wp","href":"https:\/\/api.w.org\/{rel}","templated":true}]}}