{"id":12403,"date":"2025-09-08T14:03:05","date_gmt":"2025-09-08T12:03:05","guid":{"rendered":"https:\/\/www.eclatsdemail.com\/?page_id=12403"},"modified":"2025-09-08T16:15:15","modified_gmt":"2025-09-08T14:15:15","slug":"selmer-140-ans","status":"publish","type":"page","link":"https:\/\/www.eclatsdemail.com\/gb\/autour-du-festival\/selmer-140-ans\/","title":{"rendered":"SELMER 2025, 140 ans de la manufacture"},"content":{"rendered":"<div class=\"wpb-content-wrapper\"><p>[vc_row][vc_column][vc_empty_space][\/vc_column][\/vc_row][vc_row][vc_column width=&#8221;3\/4&#8243;][vc_single_image image=&#8221;12406&#8243; img_size=&#8221;large&#8221; css=&#8221;.vc_custom_1757333024695{margin-bottom: 0px !important;padding-bottom: 0px !important;}&#8221;][vc_column_text css=&#8221;.vc_custom_1757333049521{padding-top: 10px !important;padding-right: 10px !important;padding-bottom: 10px !important;padding-left: 10px !important;background-color: #ffff00 !important;}&#8221;]<\/p>\n<h3 class=\"artiste\">MAISON SELMER &#8211; 140 ans d&#8217;existence<\/h3>\n<p>[\/vc_column_text][vc_column_text css=&#8221;&#8221;]<\/p>\n<p data-start=\"112\" data-end=\"738\">The year 2025 marks a major milestone for Henri SELMER Paris, a world reference in the manufacture of wind instruments, with the celebration of 140 years of history, expertise, and innovation. Founded in Montmartre in 1885, the Maison designs and manufactures in France exceptional saxophones, clarinets, and mouthpieces, acclaimed by the greatest musicians around the world. A universal reference for saxophones, clarinets, mouthpieces, and reeds, Henri SELMER Paris has accompanied music lovers worldwide for one hundred and forty years with legendary models that have shaped the sound of several generations of musicians.<\/p>\n<p data-start=\"740\" data-end=\"1282\">Founded in 1885 in the Montmartre district of Paris by clarinetist Henri Selmer, the brand relies on the expertise of musicians to design, innovate, and improve its range of instruments. Henri SELMER Paris also owes its success to the precious know-how perpetuated in its workshops in Mantes-la-Ville, where all instruments have been manufactured for over a century. Attentive and at the service of instrumentalists, Maison SELMER aspires to unleash the creative breath of all musicians, regardless of their musical genres and requirements.<\/p>\n<p data-start=\"1284\" data-end=\"1935\">An iconic brand spanning eras, SELMER embodies both timeless legends and the talents of today and tomorrow, whether in classical, jazz, contemporary music, or world music. Among its renowned ambassadors is Thomas Pesquet, amateur musician, who, during his space missions, was able to play his Axos alto saxophone thanks to the European Space Agency, a magical sequence immortalized in the film <em data-start=\"1678\" data-end=\"1691\">16 Sunrises<\/em>, awarded at Cannes. Henri SELMER Paris is also closely linked to the history of French military bands, particularly the Orchestra of the Republican Guard, which left its mark during the Paris 2024 Olympic Games alongside singer Aya Nakamura.<\/p>\n<p data-start=\"1937\" data-end=\"2443\">The Festival \u00c9clats d\u2019Email Jazz Edition and the Biblioth\u00e8que Francophone Multim\u00e9dia of Limoges are delighted to host two exhibitions dedicated to Maison SELMER: a photographic exhibition featuring great names in Jazz associated with the brand, and an exhibition on the history and evolution of the Manufacture, presenting historical instruments, unique pieces, and photographs of the Manufacture. This will be the first time in France that SELMER will be showcased in this way outside its own workshops.<\/p>\n<p data-start=\"2445\" data-end=\"2926\"><strong data-start=\"2445\" data-end=\"2476\">SOME HISTORICAL MILESTONES:<\/strong><br data-start=\"2476\" data-end=\"2479\" \/>1885 \u2013 Creation of the company<br data-start=\"2509\" data-end=\"2512\" \/>1900 \u2013 First clarinet<br data-start=\"2533\" data-end=\"2536\" \/>1919 \u2013 Establishment of the factory in Mantes-la-Ville<br data-start=\"2590\" data-end=\"2593\" \/>1922 \u2013 First saxophone<br data-start=\"2615\" data-end=\"2618\" \/>1929 \u2013 Acquisition of Adolphe Sax\u2019s workshops<br data-start=\"2663\" data-end=\"2666\" data-is-only-node=\"\" \/>1932 \u2013 Django Reinhardt\u2019s guitar<br data-start=\"2698\" data-end=\"2701\" \/>1933 \u2013 Louis Armstrong\u2019s trumpet<br data-start=\"2733\" data-end=\"2736\" \/>1957 \u2013 The \u201cMark VI\u201d saxophone and the \u201cCentered Tone\u201d clarinet<br data-start=\"2799\" data-end=\"2802\" \/>2018 \u2013 A Selmer saxophone in space<br data-start=\"2836\" data-end=\"2839\" \/>2021 \u2013 The \u201cSupreme\u201d saxophone and the \u201cMuse\u201d clarinet<br data-start=\"2893\" data-end=\"2896\" \/>2023 \u2013 Creation of new reeds<\/p>\n<p>[\/vc_column_text][\/vc_column][vc_column width=&#8221;1\/4&#8243;][vc_column_text css=&#8221;.vc_custom_1757333111605{padding-top: 10px !important;padding-right: 10px !important;padding-bottom: 10px !important;padding-left: 10px !important;background-color: #ffff00 !important;}&#8221;]<\/p>\n<h3 class=\"date-concert\"><strong data-start=\"74\" data-end=\"105\">FROM NOVEMBER 5 TO 28, 2025<\/strong><br data-start=\"105\" data-end=\"108\" \/><strong data-start=\"108\" data-end=\"123\">BFM LIMOGES<\/strong><\/h3>\n<p>[\/vc_column_text][vc_single_image image=&#8221;8598&#8243; img_size=&#8221;medium&#8221; onclick=&#8221;custom_link&#8221; img_link_target=&#8221;_blank&#8221; link=&#8221;https:\/\/bfm.limoges.fr\/&#8221;][vc_custom_heading text=&#8221;FREE ADMISSION&#8221; font_container=&#8221;tag:h2|font_size:20|text_align:left|color:%23000000&#8243; use_theme_fonts=&#8221;yes&#8221;][vc_column_text css=&#8221;&#8221;]<\/p>\n<p data-start=\"75\" data-end=\"174\"><strong data-start=\"75\" data-end=\"89\">FREE ENTRY<\/strong><br data-start=\"89\" data-end=\"92\" \/>From Tuesday to Saturday, 10 a.m. to 6 p.m.<br data-start=\"135\" data-end=\"138\" \/>More information at 05 55 45 96 00<\/p>\n<p>[\/vc_column_text][\/vc_column][\/vc_row][vc_row][vc_column][vc_single_image image=&#8221;12412&#8243; img_size=&#8221;large&#8221; css=&#8221;&#8221;][vc_single_image image=&#8221;12414&#8243; img_size=&#8221;large&#8221; css=&#8221;&#8221;][vc_single_image image=&#8221;12413&#8243; img_size=&#8221;large&#8221; css=&#8221;&#8221;][\/vc_column][\/vc_row]<\/p>\n<\/div>","protected":false},"excerpt":{"rendered":"<p>[vc_row][vc_column][vc_empty_space][\/vc_column][\/vc_row][vc_row][vc_column width=&#8221;3\/4&#8243;][vc_single_image image=&#8221;12406&#8243; img_size=&#8221;large&#8221; css=&#8221;.vc_custom_1757333024695{margin-bottom: 0px !important;padding-bottom: 0px !important;}&#8221;][vc_column_text css=&#8221;.vc_custom_1757333049521{padding-top: 10px !important;padding-right: 10px !important;padding-bottom: 10px !important;padding-left: 10px !important;background-color: #ffff00 !important;}&#8221;] MAISON SELMER &#8211; 140 ans d&#8217;existence [\/vc_column_text][vc_column_text css=&#8221;&#8221;] The year &#8230;<\/p>\n","protected":false},"author":1,"featured_media":12406,"parent":1657,"menu_order":0,"comment_status":"closed","ping_status":"closed","template":"","meta":{"footnotes":""},"class_list":["post-12403","page","type-page","status-publish","has-post-thumbnail","hentry"],"translation":{"provider":"WPGlobus","version":"3.0.2","language":"gb","enabled_languages":["fr","gb"],"languages":{"fr":{"title":true,"content":true,"excerpt":false},"gb":{"title":true,"content":true,"excerpt":false}}},"yoast_head":"<!-- This site is optimized with the Yoast SEO plugin v27.5 - https:\/\/yoast.com\/product\/yoast-seo-wordpress\/ -->\n<title>SELMER 2025, 140 ans de la manufacture - Festival \u00c9clats d&#039;\u00c9mail Jazz \u00c9dition<\/title>\n<meta name=\"robots\" content=\"index, follow, max-snippet:-1, max-image-preview:large, max-video-preview:-1\" \/>\n<link rel=\"canonical\" href=\"https:\/\/www.eclatsdemail.com\/autour-du-festival\/selmer-140-ans\/\" \/>\n<meta property=\"og:locale\" content=\"en_GB\" \/>\n<meta property=\"og:type\" content=\"article\" \/>\n<meta property=\"og:title\" content=\"SELMER 2025, 140 ans de la manufacture - Festival \u00c9clats d&#039;\u00c9mail Jazz \u00c9dition\" \/>\n<meta property=\"og:url\" content=\"https:\/\/www.eclatsdemail.com\/autour-du-festival\/selmer-140-ans\/\" \/>\n<meta property=\"og:site_name\" content=\"Festival \u00c9clats d&#039;\u00c9mail Jazz \u00c9dition\" \/>\n<meta property=\"article:publisher\" content=\"https:\/\/www.facebook.com\/jazzeclatsdemail\" \/>\n<meta property=\"article:modified_time\" content=\"2025-09-08T14:15:15+00:00\" \/>\n<meta property=\"og:image\" content=\"https:\/\/www.eclatsdemail.com\/wp-content\/uploads\/2025\/09\/SELMER.jpg\" \/>\n\t<meta property=\"og:image:width\" content=\"1890\" \/>\n\t<meta property=\"og:image:height\" content=\"1890\" \/>\n\t<meta property=\"og:image:type\" content=\"image\/jpeg\" \/>\n<meta name=\"twitter:card\" content=\"summary_large_image\" \/>\n<meta name=\"twitter:site\" content=\"@eclatsemailjazz\" \/>\n<meta name=\"twitter:label1\" content=\"Est. reading time\" \/>\n\t<meta name=\"twitter:data1\" content=\"3 minutes\" \/>\n<script type=\"application\/ld+json\" class=\"yoast-schema-graph\">{\"@context\":\"https:\\\/\\\/schema.org\",\"@graph\":[{\"@type\":\"WebPage\",\"@id\":\"https:\\\/\\\/www.eclatsdemail.com\\\/autour-du-festival\\\/selmer-140-ans\\\/\",\"url\":\"https:\\\/\\\/www.eclatsdemail.com\\\/autour-du-festival\\\/selmer-140-ans\\\/\",\"name\":\"SELMER 2025, 140 ans de la manufacture - Festival \u00c9clats d&#039;\u00c9mail Jazz \u00c9dition\",\"isPartOf\":{\"@id\":\"https:\\\/\\\/www.eclatsdemail.com\\\/#website\"},\"primaryImageOfPage\":{\"@id\":\"https:\\\/\\\/www.eclatsdemail.com\\\/autour-du-festival\\\/selmer-140-ans\\\/#primaryimage\"},\"image\":{\"@id\":\"https:\\\/\\\/www.eclatsdemail.com\\\/autour-du-festival\\\/selmer-140-ans\\\/#primaryimage\"},\"thumbnailUrl\":\"https:\\\/\\\/www.eclatsdemail.com\\\/wp-content\\\/uploads\\\/2025\\\/09\\\/SELMER.jpg\",\"datePublished\":\"2025-09-08T12:03:05+00:00\",\"dateModified\":\"2025-09-08T14:15:15+00:00\",\"breadcrumb\":{\"@id\":\"https:\\\/\\\/www.eclatsdemail.com\\\/autour-du-festival\\\/selmer-140-ans\\\/#breadcrumb\"},\"inLanguage\":\"en-GB\",\"potentialAction\":[{\"@type\":\"ReadAction\",\"target\":[\"https:\\\/\\\/www.eclatsdemail.com\\\/autour-du-festival\\\/selmer-140-ans\\\/\"]}]},{\"@type\":\"ImageObject\",\"inLanguage\":\"en-GB\",\"@id\":\"https:\\\/\\\/www.eclatsdemail.com\\\/autour-du-festival\\\/selmer-140-ans\\\/#primaryimage\",\"url\":\"https:\\\/\\\/www.eclatsdemail.com\\\/wp-content\\\/uploads\\\/2025\\\/09\\\/SELMER.jpg\",\"contentUrl\":\"https:\\\/\\\/www.eclatsdemail.com\\\/wp-content\\\/uploads\\\/2025\\\/09\\\/SELMER.jpg\",\"width\":1890,\"height\":1890},{\"@type\":\"BreadcrumbList\",\"@id\":\"https:\\\/\\\/www.eclatsdemail.com\\\/autour-du-festival\\\/selmer-140-ans\\\/#breadcrumb\",\"itemListElement\":[{\"@type\":\"ListItem\",\"position\":1,\"name\":\"Accueil\",\"item\":\"https:\\\/\\\/www.eclatsdemail.com\\\/\"},{\"@type\":\"ListItem\",\"position\":2,\"name\":\"Autour du Festival\",\"item\":\"https:\\\/\\\/www.eclatsdemail.com\\\/autour-du-festival\\\/\"},{\"@type\":\"ListItem\",\"position\":3,\"name\":\"SELMER 2025, 140 ans de la manufacture\"}]},{\"@type\":\"WebSite\",\"@id\":\"https:\\\/\\\/www.eclatsdemail.com\\\/#website\",\"url\":\"https:\\\/\\\/www.eclatsdemail.com\\\/\",\"name\":\"Festival \u00c9clats d&#039;\u00c9mail Jazz \u00c9dition\",\"description\":\"2024\",\"publisher\":{\"@id\":\"https:\\\/\\\/www.eclatsdemail.com\\\/#organization\"},\"potentialAction\":[{\"@type\":\"SearchAction\",\"target\":{\"@type\":\"EntryPoint\",\"urlTemplate\":\"https:\\\/\\\/www.eclatsdemail.com\\\/?s={search_term_string}\"},\"query-input\":{\"@type\":\"PropertyValueSpecification\",\"valueRequired\":true,\"valueName\":\"search_term_string\"}}],\"inLanguage\":\"en-GB\"},{\"@type\":\"Organization\",\"@id\":\"https:\\\/\\\/www.eclatsdemail.com\\\/#organization\",\"name\":\"Festival \u00c9clats d'\u00c9mail Jazz \u00c9dition\",\"url\":\"https:\\\/\\\/www.eclatsdemail.com\\\/\",\"logo\":{\"@type\":\"ImageObject\",\"inLanguage\":\"en-GB\",\"@id\":\"https:\\\/\\\/www.eclatsdemail.com\\\/#\\\/schema\\\/logo\\\/image\\\/\",\"url\":\"https:\\\/\\\/www.eclatsdemail.com\\\/wp-content\\\/uploads\\\/2022\\\/05\\\/cropped-logo2022.png\",\"contentUrl\":\"https:\\\/\\\/www.eclatsdemail.com\\\/wp-content\\\/uploads\\\/2022\\\/05\\\/cropped-logo2022.png\",\"width\":616,\"height\":100,\"caption\":\"Festival \u00c9clats d'\u00c9mail Jazz \u00c9dition\"},\"image\":{\"@id\":\"https:\\\/\\\/www.eclatsdemail.com\\\/#\\\/schema\\\/logo\\\/image\\\/\"},\"sameAs\":[\"https:\\\/\\\/www.facebook.com\\\/jazzeclatsdemail\",\"https:\\\/\\\/x.com\\\/eclatsemailjazz\",\"https:\\\/\\\/www.instagram.com\\\/Festival_Eclats_d_Email_JAZZ\\\/\"]}]}<\/script>\n<!-- \/ Yoast SEO plugin. -->","yoast_head_json":{"title":"SELMER 2025, 140 ans de la manufacture - Festival \u00c9clats d&#039;\u00c9mail Jazz \u00c9dition","robots":{"index":"index","follow":"follow","max-snippet":"max-snippet:-1","max-image-preview":"max-image-preview:large","max-video-preview":"max-video-preview:-1"},"canonical":"https:\/\/www.eclatsdemail.com\/autour-du-festival\/selmer-140-ans\/","og_locale":"en_GB","og_type":"article","og_title":"SELMER 2025, 140 ans de la manufacture - Festival \u00c9clats d&#039;\u00c9mail Jazz \u00c9dition","og_url":"https:\/\/www.eclatsdemail.com\/autour-du-festival\/selmer-140-ans\/","og_site_name":"Festival \u00c9clats d&#039;\u00c9mail Jazz \u00c9dition","article_publisher":"https:\/\/www.facebook.com\/jazzeclatsdemail","article_modified_time":"2025-09-08T14:15:15+00:00","og_image":[{"width":1890,"height":1890,"url":"https:\/\/www.eclatsdemail.com\/wp-content\/uploads\/2025\/09\/SELMER.jpg","type":"image\/jpeg"}],"twitter_card":"summary_large_image","twitter_site":"@eclatsemailjazz","twitter_misc":{"Est. reading time":"3 minutes"},"schema":{"@context":"https:\/\/schema.org","@graph":[{"@type":"WebPage","@id":"https:\/\/www.eclatsdemail.com\/autour-du-festival\/selmer-140-ans\/","url":"https:\/\/www.eclatsdemail.com\/autour-du-festival\/selmer-140-ans\/","name":"SELMER 2025, 140 ans de la manufacture - Festival \u00c9clats d&#039;\u00c9mail Jazz \u00c9dition","isPartOf":{"@id":"https:\/\/www.eclatsdemail.com\/#website"},"primaryImageOfPage":{"@id":"https:\/\/www.eclatsdemail.com\/autour-du-festival\/selmer-140-ans\/#primaryimage"},"image":{"@id":"https:\/\/www.eclatsdemail.com\/autour-du-festival\/selmer-140-ans\/#primaryimage"},"thumbnailUrl":"https:\/\/www.eclatsdemail.com\/wp-content\/uploads\/2025\/09\/SELMER.jpg","datePublished":"2025-09-08T12:03:05+00:00","dateModified":"2025-09-08T14:15:15+00:00","breadcrumb":{"@id":"https:\/\/www.eclatsdemail.com\/autour-du-festival\/selmer-140-ans\/#breadcrumb"},"inLanguage":"en-GB","potentialAction":[{"@type":"ReadAction","target":["https:\/\/www.eclatsdemail.com\/autour-du-festival\/selmer-140-ans\/"]}]},{"@type":"ImageObject","inLanguage":"en-GB","@id":"https:\/\/www.eclatsdemail.com\/autour-du-festival\/selmer-140-ans\/#primaryimage","url":"https:\/\/www.eclatsdemail.com\/wp-content\/uploads\/2025\/09\/SELMER.jpg","contentUrl":"https:\/\/www.eclatsdemail.com\/wp-content\/uploads\/2025\/09\/SELMER.jpg","width":1890,"height":1890},{"@type":"BreadcrumbList","@id":"https:\/\/www.eclatsdemail.com\/autour-du-festival\/selmer-140-ans\/#breadcrumb","itemListElement":[{"@type":"ListItem","position":1,"name":"Accueil","item":"https:\/\/www.eclatsdemail.com\/"},{"@type":"ListItem","position":2,"name":"Autour du Festival","item":"https:\/\/www.eclatsdemail.com\/autour-du-festival\/"},{"@type":"ListItem","position":3,"name":"SELMER 2025, 140 ans de la manufacture"}]},{"@type":"WebSite","@id":"https:\/\/www.eclatsdemail.com\/#website","url":"https:\/\/www.eclatsdemail.com\/","name":"Festival \u00c9clats d&#039;\u00c9mail Jazz \u00c9dition","description":"2024","publisher":{"@id":"https:\/\/www.eclatsdemail.com\/#organization"},"potentialAction":[{"@type":"SearchAction","target":{"@type":"EntryPoint","urlTemplate":"https:\/\/www.eclatsdemail.com\/?s={search_term_string}"},"query-input":{"@type":"PropertyValueSpecification","valueRequired":true,"valueName":"search_term_string"}}],"inLanguage":"en-GB"},{"@type":"Organization","@id":"https:\/\/www.eclatsdemail.com\/#organization","name":"Festival \u00c9clats d'\u00c9mail Jazz \u00c9dition","url":"https:\/\/www.eclatsdemail.com\/","logo":{"@type":"ImageObject","inLanguage":"en-GB","@id":"https:\/\/www.eclatsdemail.com\/#\/schema\/logo\/image\/","url":"https:\/\/www.eclatsdemail.com\/wp-content\/uploads\/2022\/05\/cropped-logo2022.png","contentUrl":"https:\/\/www.eclatsdemail.com\/wp-content\/uploads\/2022\/05\/cropped-logo2022.png","width":616,"height":100,"caption":"Festival \u00c9clats d'\u00c9mail Jazz \u00c9dition"},"image":{"@id":"https:\/\/www.eclatsdemail.com\/#\/schema\/logo\/image\/"},"sameAs":["https:\/\/www.facebook.com\/jazzeclatsdemail","https:\/\/x.com\/eclatsemailjazz","https:\/\/www.instagram.com\/Festival_Eclats_d_Email_JAZZ\/"]}]}},"_links":{"self":[{"href":"https:\/\/www.eclatsdemail.com\/gb\/wp-json\/wp\/v2\/pages\/12403","targetHints":{"allow":["GET"]}}],"collection":[{"href":"https:\/\/www.eclatsdemail.com\/gb\/wp-json\/wp\/v2\/pages"}],"about":[{"href":"https:\/\/www.eclatsdemail.com\/gb\/wp-json\/wp\/v2\/types\/page"}],"author":[{"embeddable":true,"href":"https:\/\/www.eclatsdemail.com\/gb\/wp-json\/wp\/v2\/users\/1"}],"replies":[{"embeddable":true,"href":"https:\/\/www.eclatsdemail.com\/gb\/wp-json\/wp\/v2\/comments?post=12403"}],"version-history":[{"count":6,"href":"https:\/\/www.eclatsdemail.com\/gb\/wp-json\/wp\/v2\/pages\/12403\/revisions"}],"predecessor-version":[{"id":12418,"href":"https:\/\/www.eclatsdemail.com\/gb\/wp-json\/wp\/v2\/pages\/12403\/revisions\/12418"}],"up":[{"embeddable":true,"href":"https:\/\/www.eclatsdemail.com\/gb\/wp-json\/wp\/v2\/pages\/1657"}],"wp:featuredmedia":[{"embeddable":true,"href":"https:\/\/www.eclatsdemail.com\/gb\/wp-json\/wp\/v2\/media\/12406"}],"wp:attachment":[{"href":"https:\/\/www.eclatsdemail.com\/gb\/wp-json\/wp\/v2\/media?parent=12403"}],"curies":[{"name":"wp","href":"https:\/\/api.w.org\/{rel}","templated":true}]}}