{"id":12223,"date":"2025-06-25T10:57:31","date_gmt":"2025-06-25T08:57:31","guid":{"rendered":"https:\/\/www.eclatsdemail.com\/?page_id=12223"},"modified":"2025-09-12T16:46:45","modified_gmt":"2025-09-12T14:46:45","slug":"masterclass","status":"publish","type":"page","link":"https:\/\/www.eclatsdemail.com\/gb\/autour-du-festival\/masterclass\/","title":{"rendered":"MASTERCLASS"},"content":{"rendered":"<div class=\"wpb-content-wrapper\"><p>[vc_row][vc_column][vc_empty_space][vc_column_text css=&#8221;&#8221;]Building on the initiative launched during the 19th Edition of the Festival in 2024 and the success of David KRAKAUER\u2019s Masterclass, the teams of <em data-start=\"259\" data-end=\"279\">Un Vent de Passion<\/em>, <em data-start=\"281\" data-end=\"289\">Selmer<\/em>, <em data-start=\"291\" data-end=\"298\">Pearl<\/em>, and the <em data-start=\"308\" data-end=\"337\">\u00c9clats d\u2019\u00c9mail Jazz Edition<\/em> Association are proud to present three new Masterclasses this year, led by flutist <strong data-start=\"421\" data-end=\"444\">Ludivine Issambourg<\/strong> and saxophonists <strong data-start=\"462\" data-end=\"481\">Pierrick P\u00e9dron<\/strong> and <strong data-start=\"486\" data-end=\"505\">Baptiste Herbin<\/strong>.<\/p>\n<p>Ces Masterclass sont r\u00e9alis\u00e9es avec le soutien de :<br \/>\n<img loading=\"lazy\" decoding=\"async\" class=\"alignnone size-full wp-image-12325\" src=\"https:\/\/www.eclatsdemail.com\/wp-content\/uploads\/2025\/09\/Prefet.png\" alt=\"\" width=\"106\" height=\"60\" \/>\u00a0 \u00a0 \u00a0 <img loading=\"lazy\" decoding=\"async\" class=\"alignnone wp-image-12345\" src=\"https:\/\/www.eclatsdemail.com\/wp-content\/uploads\/2025\/09\/PEARL-FLUTE-noir-scaled.png\" alt=\"\" width=\"192\" height=\"48\" srcset=\"https:\/\/www.eclatsdemail.com\/wp-content\/uploads\/2025\/09\/PEARL-FLUTE-noir-scaled.png 2560w, https:\/\/www.eclatsdemail.com\/wp-content\/uploads\/2025\/09\/PEARL-FLUTE-noir-300x75.png 300w, https:\/\/www.eclatsdemail.com\/wp-content\/uploads\/2025\/09\/PEARL-FLUTE-noir-1200x300.png 1200w, https:\/\/www.eclatsdemail.com\/wp-content\/uploads\/2025\/09\/PEARL-FLUTE-noir-768x192.png 768w, https:\/\/www.eclatsdemail.com\/wp-content\/uploads\/2025\/09\/PEARL-FLUTE-noir-1536x383.png 1536w, https:\/\/www.eclatsdemail.com\/wp-content\/uploads\/2025\/09\/PEARL-FLUTE-noir-2048x511.png 2048w\" sizes=\"auto, (max-width: 192px) 100vw, 192px\" \/>\u00a0 \u00a0 \u00a0 <img loading=\"lazy\" decoding=\"async\" class=\"alignnone size-full wp-image-12348\" src=\"https:\/\/www.eclatsdemail.com\/wp-content\/uploads\/2025\/09\/Selmer.png\" alt=\"\" width=\"75\" height=\"54\" \/>[\/vc_column_text][\/vc_column][\/vc_row][vc_row][vc_column width=&#8221;1\/4&#8243;][vc_empty_space][vc_single_image image=&#8221;12224&#8243; img_size=&#8221;large&#8221; alignment=&#8221;center&#8221; onclick=&#8221;custom_link&#8221; css=&#8221;.vc_custom_1750841642124{margin-bottom: 0px !important;padding-bottom: 0px !important;}&#8221;][vc_column_text css=&#8221;.vc_custom_1750841659456{margin-bottom: 10px !important;padding-top: 10px !important;padding-right: 10px !important;padding-bottom: 10px !important;padding-left: 10px !important;background-color: #ffff00 !important;}&#8221;]<\/p>\n<h3 class=\"artiste\">MASTERCLASS DE NICOLAS GRANELET<\/h3>\n<p>[\/vc_column_text][vc_column_text css=&#8221;&#8221;]<\/p>\n<h3 class=\"date-concert\">NOVEMBER 7 &amp; 8<br \/>\nCRR<\/h3>\n<p>[\/vc_column_text][\/vc_column][vc_column width=&#8221;1\/4&#8243;][vc_empty_space][vc_single_image image=&#8221;12375&#8243; img_size=&#8221;large&#8221; alignment=&#8221;center&#8221; onclick=&#8221;custom_link&#8221; css=&#8221;.vc_custom_1757077319391{margin-bottom: 0px !important;padding-bottom: 0px !important;}&#8221;][vc_column_text css=&#8221;.vc_custom_1757075227546{margin-bottom: 10px !important;padding-top: 10px !important;padding-right: 10px !important;padding-bottom: 10px !important;padding-left: 10px !important;background-color: #ffff00 !important;}&#8221;]<\/p>\n<h3 class=\"artiste\">MASTERCLASS DE LUDIVINE ISSAMBOURG<\/h3>\n<p>[\/vc_column_text][vc_column_text css=&#8221;&#8221;]<\/p>\n<h3 class=\"date-concert\">NOVEMBER 15<br \/>\nCENTRE CULTUREL JEAN GAGNANT<\/h3>\n<p>[\/vc_column_text][\/vc_column][vc_column width=&#8221;1\/4&#8243;][vc_empty_space][vc_single_image image=&#8221;12374&#8243; img_size=&#8221;large&#8221; alignment=&#8221;center&#8221; onclick=&#8221;custom_link&#8221; css=&#8221;.vc_custom_1757077342222{margin-bottom: 0px !important;padding-bottom: 0px !important;}&#8221;][vc_column_text css=&#8221;.vc_custom_1757075452580{margin-bottom: 10px !important;padding-top: 10px !important;padding-right: 10px !important;padding-bottom: 10px !important;padding-left: 10px !important;background-color: #ffff00 !important;}&#8221;]<\/p>\n<h3 class=\"artiste\">MASTERCLASS DE BAPTISTE HERBIN<\/h3>\n<p>[\/vc_column_text][vc_column_text css=&#8221;&#8221;]<\/p>\n<h3 class=\"date-concert\">NOVEMBER 19<br \/>\nESPACE NORIAC<\/h3>\n<p>[\/vc_column_text][\/vc_column][vc_column width=&#8221;1\/4&#8243;][vc_empty_space][vc_single_image image=&#8221;12376&#8243; img_size=&#8221;large&#8221; alignment=&#8221;center&#8221; onclick=&#8221;custom_link&#8221; css=&#8221;.vc_custom_1757077360375{margin-bottom: 0px !important;padding-bottom: 0px !important;}&#8221;][vc_column_text css=&#8221;.vc_custom_1757075513809{margin-bottom: 10px !important;padding-top: 10px !important;padding-right: 10px !important;padding-bottom: 10px !important;padding-left: 10px !important;background-color: #ffff00 !important;}&#8221;]<\/p>\n<h3 class=\"artiste\">MASTERCLASS DE PIERRICK PEDRON<\/h3>\n<p>[\/vc_column_text][vc_column_text css=&#8221;&#8221;]<\/p>\n<h3 class=\"date-concert\">NOVEMBER 22<br \/>\nCENTRE CULTUREL JEAN GAGNANT<\/h3>\n<p>[\/vc_column_text][\/vc_column][\/vc_row][vc_row][vc_column][vc_empty_space][vc_row_inner][vc_column_inner width=&#8221;1\/3&#8243;][vc_single_image image=&#8221;12224&#8243; img_size=&#8221;large&#8221; css=&#8221;.vc_custom_1750841735539{margin-bottom: 0px !important;padding-bottom: 0px !important;}&#8221;][\/vc_column_inner][vc_column_inner width=&#8221;2\/3&#8243;][vc_column_text css=&#8221;&#8221;]<strong>Masterclass exclusively reserved for students who are members of the NEW OCTOPUS 87 group.<\/strong><\/p>\n<p>Nicolas Granelet takes up piano and composition in private lessons and begins to build his own musical world from adolescence by joining or creating various groups (Aryos, Passage, Sugar Mama). With Les Scories, he wins the young talent springboard of the 2004 S\u00e9di\u00e8res Festival. Curious and passionate, he joins the conservatory in order to attend a classical piano curriculum with Faridhe Ostovar and Yann Zarzelli. He also follows Eric Durand\u2019s writing courses, then studies harmony, composition and orchestration with English composer Roger Steptoe. During that period, he composes a number of pieces for solo piano and small chamber ensembles. That journey leads him to jazz and improvised musics where he discovers new musical and artistic horizons. He then joins the jazz curriculum at the conservatory with Thierry Ch\u00e8ze and, with pianist Lionel Melot, he works on jazz and improvisation. He follows various master classes notably with Kenny Barron, Kenny Garret, Franck Avitabile or Andy Elmer. Fascinated by the relationship between music and picture, he joins, as composer and pianist, the Acrylic Painting Orchestra, a sextet with performing painter Reg Alcorn, creates Origins Group (piano, African percussions, Baschet Crystal) and writes several image-based musical synchronizations (Cannes festival short film selection, Finalist of the UMJ contest, Finalist of the Audi Awards). Always with a desire to decompartmentalize styles and asserting himself in a \u201cprogressive\u201d movement, he creates various projects such as the Mental Medication quintet with which he gets the UMJ Prize at the Saint Germain des Pr\u00e9s Jazz Festival in 2016) then the ZadZa trio (Album Couleur Jazz 2017 selection by the eponymous magazine). Since 2020, he has taken a major artistic turn by emphasizing the work of the texture and follows the path of minimalist music. His new project, Ollen, is thus born with two albums. In the same dynamic, he brings C-LY back together as a quartet, a neoclassical trip-hop ensemble, and starts a duo collaboration with Lebanese artist Abaji on the recording of two albums under Absilone. He is the holder of a French State Diploma in classical piano (CESMD of Poitiers), of a music therapy diploma from the Paris International Center for Music Therapy) and he currently teaches at the CRD of Tulle.[\/vc_column_text][\/vc_column_inner][\/vc_row_inner][vc_empty_space][vc_row_inner][vc_column_inner width=&#8221;1\/3&#8243;][vc_single_image image=&#8221;12375&#8243; img_size=&#8221;large&#8221; css=&#8221;.vc_custom_1757077381394{margin-bottom: 0px !important;padding-bottom: 0px !important;}&#8221;][\/vc_column_inner][vc_column_inner width=&#8221;2\/3&#8243;][vc_column_text css=&#8221;&#8221;]<strong>MASTERCLASS WITH LUDIVINE ISSAMBOURG \u2013 FLUTIST<\/strong><\/p>\n<p>Flutist friends, jazz lovers, beatboxers, musicians, or simply the curious: Un Vent de Passion and Japanese Pearl flutes invite you to take part in two exceptional masterclasses led by Ludivine Issambourg on Saturday, November 15 at the Jean Gagnant Cultural Center.<br \/>\nThe workshop will focus on flute beatbox, open to all levels \u2014 from beginners to professionals.<\/p>\n<p>Alongside the Masterclass, a beautiful exhibition of Pearl flutes will be available throughout the day to explore and try out.<\/p>\n<p><strong>ABOUT LUDIVINE ISSAMBOURG<\/strong><br \/>\nLudivine Issambourg is one of the leading figures of the new electro-jazz scene in France. Her unique style blends flute, beatbox, jazz, electro, and hip-hop, bringing a fresh and innovative breath to the flute world. At the same time, she masters more traditional and classical approaches with ease.<\/p>\n<p><strong>SCHEDULE &amp; REGISTRATION<\/strong><br \/>\nTwo groups of 20 flutists will be welcomed on Saturday, November 15:\u00a0Morning session: 9:00 AM \u2013 12:00 PM and Afternoon session: 2:00 PM \u2013 5:00 PM<br \/>\nRegistration opens September 1st via the form: bit.ly\/ludivine-issambourg-masterclass<br \/>\nContact \u2013 Un Vent de Passion<br \/>\nTiphanie Le Gal<br \/>\nunventdepassion@gmail.com<br \/>\n+33 7 71 00 98 79<\/p>\n<p>Avec le soutien de<br \/>\n<img loading=\"lazy\" decoding=\"async\" class=\"alignnone size-full wp-image-12371\" src=\"https:\/\/www.eclatsdemail.com\/wp-content\/uploads\/2025\/09\/VentPassion.png\" alt=\"\" width=\"77\" height=\"68\" \/>\u00a0 \u00a0 \u00a0 <img loading=\"lazy\" decoding=\"async\" class=\"alignnone wp-image-12345\" src=\"https:\/\/www.eclatsdemail.com\/wp-content\/uploads\/2025\/09\/PEARL-FLUTE-noir-scaled.png\" alt=\"\" width=\"204\" height=\"51\" srcset=\"https:\/\/www.eclatsdemail.com\/wp-content\/uploads\/2025\/09\/PEARL-FLUTE-noir-scaled.png 2560w, https:\/\/www.eclatsdemail.com\/wp-content\/uploads\/2025\/09\/PEARL-FLUTE-noir-300x75.png 300w, https:\/\/www.eclatsdemail.com\/wp-content\/uploads\/2025\/09\/PEARL-FLUTE-noir-1200x300.png 1200w, https:\/\/www.eclatsdemail.com\/wp-content\/uploads\/2025\/09\/PEARL-FLUTE-noir-768x192.png 768w, https:\/\/www.eclatsdemail.com\/wp-content\/uploads\/2025\/09\/PEARL-FLUTE-noir-1536x383.png 1536w, https:\/\/www.eclatsdemail.com\/wp-content\/uploads\/2025\/09\/PEARL-FLUTE-noir-2048x511.png 2048w\" sizes=\"auto, (max-width: 204px) 100vw, 204px\" \/>[\/vc_column_text][\/vc_column_inner][\/vc_row_inner][vc_empty_space][vc_row_inner][vc_column_inner width=&#8221;1\/3&#8243;][vc_single_image image=&#8221;12374&#8243; img_size=&#8221;large&#8221; css=&#8221;.vc_custom_1757077398773{margin-bottom: 0px !important;padding-bottom: 0px !important;}&#8221;][\/vc_column_inner][vc_column_inner width=&#8221;2\/3&#8243;][vc_column_text css=&#8221;&#8221;]<strong>MASTERCLASS WITH BAPTISTE HERBIN \u2013 SAXOPHONIST<\/strong><\/p>\n<p>For alto and tenor saxophonists, fellow musicians, or simply the curious, Un Vent de Passion and Maison Selmer invite you to attend a Masterclass led by Baptiste Herbin on Wednesday, November 19 at Espace Noriac. This session will be open to intermediate and professional levels and will cover jazz technique and improvisation. Alongside the Masterclass, a superb exhibition of Selmer saxophones will be available to discover and try throughout the day.<\/p>\n<p><strong>BAPTISTE HERBIN<\/strong><br \/>\nWinner of the Django Reinhardt Prize in 2019, Baptiste Herbin is today considered an essential figure on the French and international jazz scene. His diverse inspirations, drawing among others from Malagasy, Balkan, and Brazilian music, make his playing a unique and intense experience.<\/p>\n<p><strong>SCHEDULE AND REGISTRATION<\/strong><br \/>\nThe group will be welcomed on the morning of Wednesday, November 19, from 9 a.m. to 12 p.m.<br \/>\nRegistration opens September 1 via the form: bit.ly\/baptiste-herbin-masterclass<br \/>\nUN VENT DE PASSION \u2013 Tiphanie LE GAL<br \/>\nunventdepassion@gmail.com \u2013 07 71 00 98 79<\/p>\n<p>Avec le soutien de<br \/>\n<img loading=\"lazy\" decoding=\"async\" class=\"alignnone size-full wp-image-12371\" src=\"https:\/\/www.eclatsdemail.com\/wp-content\/uploads\/2025\/09\/VentPassion.png\" alt=\"\" width=\"77\" height=\"68\" \/>\u00a0 \u00a0 <img loading=\"lazy\" decoding=\"async\" class=\"alignnone size-full wp-image-12348\" src=\"https:\/\/www.eclatsdemail.com\/wp-content\/uploads\/2025\/09\/Selmer.png\" alt=\"\" width=\"75\" height=\"54\" \/>[\/vc_column_text][\/vc_column_inner][\/vc_row_inner][vc_empty_space][vc_row_inner][vc_column_inner width=&#8221;1\/3&#8243;][vc_single_image image=&#8221;12376&#8243; img_size=&#8221;large&#8221; css=&#8221;.vc_custom_1757077420259{margin-bottom: 0px !important;padding-bottom: 0px !important;}&#8221;][\/vc_column_inner][vc_column_inner width=&#8221;2\/3&#8243;][vc_column_text css=&#8221;&#8221;]<strong>MASTERCLASS WITH PIERRICK P\u00c9DRON \u2013 SAXOPHONIST<\/strong><\/p>\n<p>For alto and tenor saxophonists, and as the final event in this series of musical encounters, Un Vent de Passion and Maison Selmer invite you to attend the Masterclass led by Pierrick P\u00e9dron on Saturday, November 22 at the Centre Culturel Jean Gagnant. This session will be open to beginner and professional levels and will cover an introduction to jazz and the presentation of a piece. Alongside the Masterclass, a superb exhibition of Selmer saxophones will be available to discover and try throughout the day.<\/p>\n<p><strong>PIERRICK P\u00c9DRON<\/strong><br \/>\nAfter exploring afro-funk, blending jazz with pop, and tackling the repertoires of Thelonious Monk and the band The Cure, Pierrick P\u00e9dron was awarded the Victoires du Jazz 2021 for his album Fifty-Fifty.<\/p>\n<p><strong>SCHEDULE AND REGISTRATION<\/strong><br \/>\nThe group will be welcomed on the morning of Saturday, November 22, from 9:30 a.m. to 12 p.m.<br \/>\nRegistration opens September 1 via the form: bit.ly\/pierrick-pedron-masterclass<br \/>\nUN VENT DE PASSION \u2013 Tiphanie LE GAL<br \/>\nunventdepassion@gmail.com \u2013 07 71 00 98 79<\/p>\n<p>Avec le soutien de<br \/>\n<img loading=\"lazy\" decoding=\"async\" class=\"alignnone size-full wp-image-12371\" src=\"https:\/\/www.eclatsdemail.com\/wp-content\/uploads\/2025\/09\/VentPassion.png\" alt=\"\" width=\"77\" height=\"68\" \/>\u00a0 \u00a0 \u00a0 <img loading=\"lazy\" decoding=\"async\" class=\"alignnone size-full wp-image-12348\" src=\"https:\/\/www.eclatsdemail.com\/wp-content\/uploads\/2025\/09\/Selmer.png\" alt=\"\" width=\"75\" height=\"54\" \/>[\/vc_column_text][\/vc_column_inner][\/vc_row_inner][\/vc_column][\/vc_row]<\/p>\n<\/div>","protected":false},"excerpt":{"rendered":"<p>[vc_row][vc_column][vc_empty_space][vc_column_text css=&#8221;&#8221;]Building on the initiative launched during the 19th Edition of the Festival in 2024 and the success of David KRAKAUER\u2019s Masterclass, the teams of Un Vent de Passion, Selmer, &#8230;<\/p>\n","protected":false},"author":1,"featured_media":0,"parent":1657,"menu_order":0,"comment_status":"closed","ping_status":"closed","template":"","meta":{"footnotes":""},"class_list":["post-12223","page","type-page","status-publish","hentry"],"translation":{"provider":"WPGlobus","version":"3.0.2","language":"gb","enabled_languages":["fr","gb"],"languages":{"fr":{"title":true,"content":true,"excerpt":false},"gb":{"title":true,"content":true,"excerpt":false}}},"yoast_head":"<!-- This site is optimized with the Yoast SEO plugin v27.4 - https:\/\/yoast.com\/product\/yoast-seo-wordpress\/ -->\n<title>MASTERCLASS - Festival \u00c9clats d&#039;\u00c9mail Jazz \u00c9dition<\/title>\n<meta name=\"robots\" content=\"index, follow, max-snippet:-1, max-image-preview:large, max-video-preview:-1\" \/>\n<link rel=\"canonical\" href=\"https:\/\/www.eclatsdemail.com\/autour-du-festival\/masterclass\/\" \/>\n<meta property=\"og:locale\" content=\"en_GB\" \/>\n<meta property=\"og:type\" content=\"article\" \/>\n<meta property=\"og:title\" content=\"MASTERCLASS - Festival \u00c9clats d&#039;\u00c9mail Jazz \u00c9dition\" \/>\n<meta property=\"og:url\" content=\"https:\/\/www.eclatsdemail.com\/autour-du-festival\/masterclass\/\" \/>\n<meta property=\"og:site_name\" content=\"Festival \u00c9clats d&#039;\u00c9mail Jazz \u00c9dition\" \/>\n<meta property=\"article:publisher\" content=\"https:\/\/www.facebook.com\/jazzeclatsdemail\" \/>\n<meta property=\"article:modified_time\" content=\"2025-09-12T14:46:45+00:00\" \/>\n<meta property=\"og:image\" content=\"https:\/\/www.eclatsdemail.com\/wp-content\/uploads\/2025\/09\/Prefet.png\" \/>\n\t<meta property=\"og:image:width\" content=\"106\" \/>\n\t<meta property=\"og:image:height\" content=\"60\" \/>\n\t<meta property=\"og:image:type\" content=\"image\/png\" \/>\n<meta name=\"twitter:card\" content=\"summary_large_image\" \/>\n<meta name=\"twitter:site\" content=\"@eclatsemailjazz\" \/>\n<meta name=\"twitter:label1\" content=\"Est. reading time\" \/>\n\t<meta name=\"twitter:data1\" content=\"10 minutes\" \/>\n<script type=\"application\/ld+json\" class=\"yoast-schema-graph\">{\"@context\":\"https:\\\/\\\/schema.org\",\"@graph\":[{\"@type\":\"WebPage\",\"@id\":\"https:\\\/\\\/www.eclatsdemail.com\\\/autour-du-festival\\\/masterclass\\\/\",\"url\":\"https:\\\/\\\/www.eclatsdemail.com\\\/autour-du-festival\\\/masterclass\\\/\",\"name\":\"MASTERCLASS - Festival \u00c9clats d&#039;\u00c9mail Jazz \u00c9dition\",\"isPartOf\":{\"@id\":\"https:\\\/\\\/www.eclatsdemail.com\\\/#website\"},\"primaryImageOfPage\":{\"@id\":\"https:\\\/\\\/www.eclatsdemail.com\\\/autour-du-festival\\\/masterclass\\\/#primaryimage\"},\"image\":{\"@id\":\"https:\\\/\\\/www.eclatsdemail.com\\\/autour-du-festival\\\/masterclass\\\/#primaryimage\"},\"thumbnailUrl\":\"https:\\\/\\\/www.eclatsdemail.com\\\/wp-content\\\/uploads\\\/2025\\\/09\\\/Prefet.png\",\"datePublished\":\"2025-06-25T08:57:31+00:00\",\"dateModified\":\"2025-09-12T14:46:45+00:00\",\"breadcrumb\":{\"@id\":\"https:\\\/\\\/www.eclatsdemail.com\\\/autour-du-festival\\\/masterclass\\\/#breadcrumb\"},\"inLanguage\":\"en-GB\",\"potentialAction\":[{\"@type\":\"ReadAction\",\"target\":[\"https:\\\/\\\/www.eclatsdemail.com\\\/autour-du-festival\\\/masterclass\\\/\"]}]},{\"@type\":\"ImageObject\",\"inLanguage\":\"en-GB\",\"@id\":\"https:\\\/\\\/www.eclatsdemail.com\\\/autour-du-festival\\\/masterclass\\\/#primaryimage\",\"url\":\"https:\\\/\\\/www.eclatsdemail.com\\\/wp-content\\\/uploads\\\/2025\\\/09\\\/Prefet.png\",\"contentUrl\":\"https:\\\/\\\/www.eclatsdemail.com\\\/wp-content\\\/uploads\\\/2025\\\/09\\\/Prefet.png\"},{\"@type\":\"BreadcrumbList\",\"@id\":\"https:\\\/\\\/www.eclatsdemail.com\\\/autour-du-festival\\\/masterclass\\\/#breadcrumb\",\"itemListElement\":[{\"@type\":\"ListItem\",\"position\":1,\"name\":\"Accueil\",\"item\":\"https:\\\/\\\/www.eclatsdemail.com\\\/\"},{\"@type\":\"ListItem\",\"position\":2,\"name\":\"Autour du Festival\",\"item\":\"https:\\\/\\\/www.eclatsdemail.com\\\/autour-du-festival\\\/\"},{\"@type\":\"ListItem\",\"position\":3,\"name\":\"Les Masterclass\"}]},{\"@type\":\"WebSite\",\"@id\":\"https:\\\/\\\/www.eclatsdemail.com\\\/#website\",\"url\":\"https:\\\/\\\/www.eclatsdemail.com\\\/\",\"name\":\"Festival \u00c9clats d&#039;\u00c9mail Jazz \u00c9dition\",\"description\":\"2024\",\"publisher\":{\"@id\":\"https:\\\/\\\/www.eclatsdemail.com\\\/#organization\"},\"potentialAction\":[{\"@type\":\"SearchAction\",\"target\":{\"@type\":\"EntryPoint\",\"urlTemplate\":\"https:\\\/\\\/www.eclatsdemail.com\\\/?s={search_term_string}\"},\"query-input\":{\"@type\":\"PropertyValueSpecification\",\"valueRequired\":true,\"valueName\":\"search_term_string\"}}],\"inLanguage\":\"en-GB\"},{\"@type\":\"Organization\",\"@id\":\"https:\\\/\\\/www.eclatsdemail.com\\\/#organization\",\"name\":\"Festival \u00c9clats d'\u00c9mail Jazz \u00c9dition\",\"url\":\"https:\\\/\\\/www.eclatsdemail.com\\\/\",\"logo\":{\"@type\":\"ImageObject\",\"inLanguage\":\"en-GB\",\"@id\":\"https:\\\/\\\/www.eclatsdemail.com\\\/#\\\/schema\\\/logo\\\/image\\\/\",\"url\":\"https:\\\/\\\/www.eclatsdemail.com\\\/wp-content\\\/uploads\\\/2022\\\/05\\\/cropped-logo2022.png\",\"contentUrl\":\"https:\\\/\\\/www.eclatsdemail.com\\\/wp-content\\\/uploads\\\/2022\\\/05\\\/cropped-logo2022.png\",\"width\":616,\"height\":100,\"caption\":\"Festival \u00c9clats d'\u00c9mail Jazz \u00c9dition\"},\"image\":{\"@id\":\"https:\\\/\\\/www.eclatsdemail.com\\\/#\\\/schema\\\/logo\\\/image\\\/\"},\"sameAs\":[\"https:\\\/\\\/www.facebook.com\\\/jazzeclatsdemail\",\"https:\\\/\\\/x.com\\\/eclatsemailjazz\",\"https:\\\/\\\/www.instagram.com\\\/Festival_Eclats_d_Email_JAZZ\\\/\"]}]}<\/script>\n<!-- \/ Yoast SEO plugin. -->","yoast_head_json":{"title":"MASTERCLASS - Festival \u00c9clats d&#039;\u00c9mail Jazz \u00c9dition","robots":{"index":"index","follow":"follow","max-snippet":"max-snippet:-1","max-image-preview":"max-image-preview:large","max-video-preview":"max-video-preview:-1"},"canonical":"https:\/\/www.eclatsdemail.com\/autour-du-festival\/masterclass\/","og_locale":"en_GB","og_type":"article","og_title":"MASTERCLASS - Festival \u00c9clats d&#039;\u00c9mail Jazz \u00c9dition","og_url":"https:\/\/www.eclatsdemail.com\/autour-du-festival\/masterclass\/","og_site_name":"Festival \u00c9clats d&#039;\u00c9mail Jazz \u00c9dition","article_publisher":"https:\/\/www.facebook.com\/jazzeclatsdemail","article_modified_time":"2025-09-12T14:46:45+00:00","og_image":[{"width":106,"height":60,"url":"https:\/\/www.eclatsdemail.com\/wp-content\/uploads\/2025\/09\/Prefet.png","type":"image\/png"}],"twitter_card":"summary_large_image","twitter_site":"@eclatsemailjazz","twitter_misc":{"Est. reading time":"10 minutes"},"schema":{"@context":"https:\/\/schema.org","@graph":[{"@type":"WebPage","@id":"https:\/\/www.eclatsdemail.com\/autour-du-festival\/masterclass\/","url":"https:\/\/www.eclatsdemail.com\/autour-du-festival\/masterclass\/","name":"MASTERCLASS - Festival \u00c9clats d&#039;\u00c9mail Jazz \u00c9dition","isPartOf":{"@id":"https:\/\/www.eclatsdemail.com\/#website"},"primaryImageOfPage":{"@id":"https:\/\/www.eclatsdemail.com\/autour-du-festival\/masterclass\/#primaryimage"},"image":{"@id":"https:\/\/www.eclatsdemail.com\/autour-du-festival\/masterclass\/#primaryimage"},"thumbnailUrl":"https:\/\/www.eclatsdemail.com\/wp-content\/uploads\/2025\/09\/Prefet.png","datePublished":"2025-06-25T08:57:31+00:00","dateModified":"2025-09-12T14:46:45+00:00","breadcrumb":{"@id":"https:\/\/www.eclatsdemail.com\/autour-du-festival\/masterclass\/#breadcrumb"},"inLanguage":"en-GB","potentialAction":[{"@type":"ReadAction","target":["https:\/\/www.eclatsdemail.com\/autour-du-festival\/masterclass\/"]}]},{"@type":"ImageObject","inLanguage":"en-GB","@id":"https:\/\/www.eclatsdemail.com\/autour-du-festival\/masterclass\/#primaryimage","url":"https:\/\/www.eclatsdemail.com\/wp-content\/uploads\/2025\/09\/Prefet.png","contentUrl":"https:\/\/www.eclatsdemail.com\/wp-content\/uploads\/2025\/09\/Prefet.png"},{"@type":"BreadcrumbList","@id":"https:\/\/www.eclatsdemail.com\/autour-du-festival\/masterclass\/#breadcrumb","itemListElement":[{"@type":"ListItem","position":1,"name":"Accueil","item":"https:\/\/www.eclatsdemail.com\/"},{"@type":"ListItem","position":2,"name":"Autour du Festival","item":"https:\/\/www.eclatsdemail.com\/autour-du-festival\/"},{"@type":"ListItem","position":3,"name":"Les Masterclass"}]},{"@type":"WebSite","@id":"https:\/\/www.eclatsdemail.com\/#website","url":"https:\/\/www.eclatsdemail.com\/","name":"Festival \u00c9clats d&#039;\u00c9mail Jazz \u00c9dition","description":"2024","publisher":{"@id":"https:\/\/www.eclatsdemail.com\/#organization"},"potentialAction":[{"@type":"SearchAction","target":{"@type":"EntryPoint","urlTemplate":"https:\/\/www.eclatsdemail.com\/?s={search_term_string}"},"query-input":{"@type":"PropertyValueSpecification","valueRequired":true,"valueName":"search_term_string"}}],"inLanguage":"en-GB"},{"@type":"Organization","@id":"https:\/\/www.eclatsdemail.com\/#organization","name":"Festival \u00c9clats d'\u00c9mail Jazz \u00c9dition","url":"https:\/\/www.eclatsdemail.com\/","logo":{"@type":"ImageObject","inLanguage":"en-GB","@id":"https:\/\/www.eclatsdemail.com\/#\/schema\/logo\/image\/","url":"https:\/\/www.eclatsdemail.com\/wp-content\/uploads\/2022\/05\/cropped-logo2022.png","contentUrl":"https:\/\/www.eclatsdemail.com\/wp-content\/uploads\/2022\/05\/cropped-logo2022.png","width":616,"height":100,"caption":"Festival \u00c9clats d'\u00c9mail Jazz \u00c9dition"},"image":{"@id":"https:\/\/www.eclatsdemail.com\/#\/schema\/logo\/image\/"},"sameAs":["https:\/\/www.facebook.com\/jazzeclatsdemail","https:\/\/x.com\/eclatsemailjazz","https:\/\/www.instagram.com\/Festival_Eclats_d_Email_JAZZ\/"]}]}},"_links":{"self":[{"href":"https:\/\/www.eclatsdemail.com\/gb\/wp-json\/wp\/v2\/pages\/12223","targetHints":{"allow":["GET"]}}],"collection":[{"href":"https:\/\/www.eclatsdemail.com\/gb\/wp-json\/wp\/v2\/pages"}],"about":[{"href":"https:\/\/www.eclatsdemail.com\/gb\/wp-json\/wp\/v2\/types\/page"}],"author":[{"embeddable":true,"href":"https:\/\/www.eclatsdemail.com\/gb\/wp-json\/wp\/v2\/users\/1"}],"replies":[{"embeddable":true,"href":"https:\/\/www.eclatsdemail.com\/gb\/wp-json\/wp\/v2\/comments?post=12223"}],"version-history":[{"count":8,"href":"https:\/\/www.eclatsdemail.com\/gb\/wp-json\/wp\/v2\/pages\/12223\/revisions"}],"predecessor-version":[{"id":12429,"href":"https:\/\/www.eclatsdemail.com\/gb\/wp-json\/wp\/v2\/pages\/12223\/revisions\/12429"}],"up":[{"embeddable":true,"href":"https:\/\/www.eclatsdemail.com\/gb\/wp-json\/wp\/v2\/pages\/1657"}],"wp:attachment":[{"href":"https:\/\/www.eclatsdemail.com\/gb\/wp-json\/wp\/v2\/media?parent=12223"}],"curies":[{"name":"wp","href":"https:\/\/api.w.org\/{rel}","templated":true}]}}