{"id":11886,"date":"2025-05-12T17:23:30","date_gmt":"2025-05-12T15:23:30","guid":{"rendered":"https:\/\/www.eclatsdemail.com\/?page_id=11886"},"modified":"2025-10-28T14:37:08","modified_gmt":"2025-10-28T13:37:08","slug":"lea-maria-fries","status":"publish","type":"page","link":"https:\/\/www.eclatsdemail.com\/gb\/agenda-2025\/lea-maria-fries\/","title":{"rendered":"LEA MARIA FRIES"},"content":{"rendered":"<div class=\"wpb-content-wrapper\"><p>[vc_row][vc_column][vc_empty_space][\/vc_column][\/vc_row][vc_row][vc_column width=&#8221;3\/4&#8243;][vc_single_image image=&#8221;11887&#8243; img_size=&#8221;large&#8221; css=&#8221;.vc_custom_1747063478923{margin-bottom: 0px !important;padding-bottom: 0px !important;}&#8221;][vc_column_text css=&#8221;&#8221;]<\/p>\n<p style=\"text-align: right; font-size: 10px;\">Photo : Stanislas Augris<\/p>\n<p>[\/vc_column_text][vc_column_text css=&#8221;&#8221;]<span style=\"font-weight: 400;\">The story of the collaboration between the Centre Dramatique National \u2013 Th\u00e9atre de l\u2019Union and our Festival has over the years allowed the appearance of French or international artists who did all but left us indifferent, so strong were their sensitivity and their communion with the public. Uriel Herman, Itamar Borochov, Lars Danielsson, Nasheet Waits, Paul Lay, \u2026 all concerts that pertain to the atmosphere of this venue, of this relationship.<\/span><\/p>\n<p><span style=\"font-weight: 400;\">It is time for Lea Maria Fries to belong to those invitations. A Swiss German singer, conductor, composer and lyricist influenced by Jazz, pop, rock, electro, African American music, Lea Maria Fries is driven by the freedom of improvisation and is now recognized as a both bold and unique voice. With \u201cCl\u00e9o\u201d, her new album released last April, Lea Maria Fries pushes one more time the boundaries of vocal jazz. True to her instinctive approach, she composes a music where the voice becomes a modular instrument, free from any constraint, accompanied by finely crafted texts, impregnated with a great sensitivity and confirming her status as a major artist of the current jazz scene. A must-see \u2026<\/span>[\/vc_column_text][vc_column_text css=&#8221;&#8221;]<strong>Line-up\u00a0:<br \/>\n<\/strong>Lea Maria Fries \u2013 Vocals<br \/>\nGautier Toux \u2013 Piano<br \/>\nJulien Herm\u00e9 \u2013 Bass<br \/>\nAntoine Paganotti \u2013 Drums<\/p>\n<p>&nbsp;<\/p>\n<p><strong>\u00a0<\/strong>[\/vc_column_text][vc_raw_html css=&#8221;&#8221;]JTNDYSUyMHRhcmdldCUzRCUyMl9ibGFuayUyMiUyMGhyZWYlM0QlMjJodHRwcyUzQSUyRiUyRnd3dy5mYWNlYm9vay5jb20lMkZsZWFtYXJpYWZyaWVzJTJGJTIyJTIwdGl0bGUlM0QlMjJmYWNlYm9vayUyMiUyMGNsYXNzJTNEJTIyaWNvbi1zb2NpYWwlMjIlM0UlM0NpJTIwY2xhc3MlM0QlMjJmYSUyMGZhLWZhY2Vib29rLXNxdWFyZSUyMiUzRSUzQyUyRmklM0UlM0MlMkZhJTNFJTBEJTBBJTNDYSUyMHRhcmdldCUzRCUyMl9ibGFuayUyMiUyMGhyZWYlM0QlMjJodHRwcyUzQSUyRiUyRnd3dy5pbnN0YWdyYW0uY29tJTJGbGVhbWFyaWFmcmllcyUyRiUzRmhsJTNEZnIlMjIlMjB0aXRsZSUzRCUyMmluc3RhZ3JhbSUyMiUyMGNsYXNzJTNEJTIyaWNvbi1zb2NpYWwlMjIlM0UlM0NpJTIwY2xhc3MlM0QlMjJmYSUyMGZhLWluc3RhZ3JhbSUyMiUzRSUzQyUyRmklM0UlM0MlMkZhJTNFJTBEJTBB[\/vc_raw_html][vc_video link=&#8221;https:\/\/www.youtube.com\/watch?v=qYCnFcnRJC0&#8243; css=&#8221;&#8221;][vc_video link=&#8221;https:\/\/www.youtube.com\/watch?v=rC9yIUcdJfM&#8221; css=&#8221;&#8221;][vc_video link=&#8221;https:\/\/www.youtube.com\/watch?v=uflzI6Ct3xU&#8221; css=&#8221;&#8221;][\/vc_column][vc_column width=&#8221;1\/4&#8243;][vc_column_text css=&#8221;.vc_custom_1747063750517{padding-top: 10px !important;padding-right: 10px !important;padding-bottom: 10px !important;padding-left: 10px !important;background-color: #ffff00 !important;}&#8221;]<\/p>\n<h3 class=\"date-concert\">SUNDAY NOVEMBER 23<br \/>\n2:30 PM<br \/>\nCENTRE DRAMATIQUE NATIONAL TH\u00c9\u00c2TRE DE L&#8217;UNION<\/h3>\n<h3 class=\"date-concert\">FREE PLACEMENT<\/h3>\n<p>[\/vc_column_text][vc_single_image image=&#8221;11820&#8243; img_size=&#8221;medium&#8221; onclick=&#8221;custom_link&#8221; img_link_target=&#8221;_blank&#8221; css=&#8221;&#8221; link=&#8221;https:\/\/www.theatre-union.fr\/&#8221;][vc_custom_heading text=&#8221;FULL PRICE : 24 \u20ac (excluding Weezevent commission)<\/p>\n<p>REDUCED PRICE JOB SEEKER : Please contact the ticket office at the CDN Th\u00e9\u00e2tre de l&#8217;Union for any information : 05 55 79 90 00 \/ billetterie@theatre-union.fr.&#8221; font_container=&#8221;tag:h2|font_size:20|text_align:left|color:%23000000&#8243; use_theme_fonts=&#8221;yes&#8221; css=&#8221;&#8221;][vc_column_text css=&#8221;.vc_custom_1680531203973{margin-bottom: 0px !important;padding-top: 10px !important;padding-right: 10px !important;padding-bottom: 10px !important;padding-left: 10px !important;background-color: #ffff00 !important;}&#8221;]<\/p>\n<h3 class=\"places\">GET YOUR TICKETS<\/h3>\n<p>[\/vc_column_text][vc_raw_html css=&#8221;&#8221;]JTNDYSUyMHRpdGxlJTNEJTIyTG9naWNpZWwlMjBiaWxsZXR0ZXJpZSUyMGVuJTIwbGlnbmUlMjIlMEElMjAlMjAlMjBocmVmJTNEJTIyaHR0cHMlM0ElMkYlMkZ3ZWV6ZXZlbnQuY29tJTJGJTNGYyUzRHN5c193aWRnZXQlMjIlMEElMjAlMjAlMjBjbGFzcyUzRCUyMndlZXpldmVudC13aWRnZXQtaW50ZWdyYXRpb24lMjIlMEElMjAlMjAlMjBkYXRhLXNyYyUzRCUyMmh0dHBzJTNBJTJGJTJGd2lkZ2V0LndlZXpldmVudC5jb20lMkZ0aWNrZXQlMkZFMTMxMDMwMSUyRiUzRmNvZGUlM0Q3OTk4JTI2bG9jYWxlJTNEZnItRlIlMjZ3aWR0aF9hdXRvJTNEMSUyNmNvbG9yX3ByaW1hcnklM0QwMEFFRUYlMjIlMEElMjAlMjAlMjBkYXRhLXdpZHRoJTNEJTIyNjUwJTIyJTBBJTIwJTIwJTIwZGF0YS1oZWlnaHQlM0QlMjI2MDAlMjIlMEElMjAlMjAlMjBkYXRhLWlkJTNEJTIyMTMxMDMwMSUyMiUwQSUyMCUyMCUyMGRhdGEtcmVzaXplJTNEJTIyMSUyMiUwQSUyMCUyMCUyMGRhdGEtd2lkdGhfYXV0byUzRCUyMjElMjIlMEElMjAlMjAlMjBkYXRhLW5vc2Nyb2xsJTNEJTIyMCUyMiUwQSUyMCUyMCUyMGRhdGEtdXNlLWNvbnRhaW5lciUzRCUyMnllcyUyMiUwQSUyMCUyMCUyMGRhdGEtdHlwZSUzRCUyMm5lbyUyMiUwQSUyMCUyMCUyMHRhcmdldCUzRCUyMl9ibGFuayUyMiUzRUJpbGxldHRlcmllJTIwV2VlemV2ZW50JTNDJTJGYSUzRSUyMCUzQ3NjcmlwdCUyMHR5cGUlM0QlMjJ0ZXh0JTJGamF2YXNjcmlwdCUyMiUyMHNyYyUzRCUyMmh0dHBzJTNBJTJGJTJGd2lkZ2V0LndlZXpldmVudC5jb20lMkZ3ZWV6LmpzJTIyJTNFJTNDJTJGc2NyaXB0JTNFJTBBJTBBJTBB[\/vc_raw_html][vc_btn title=&#8221;Choose the <strong>FESTIVAL PASS<\/strong> for 4, 6 or 8 concerts and enjoy even more interesting rates.&#8221; style=&#8221;classic&#8221; shape=&#8221;square&#8221; color=&#8221;black&#8221; css=&#8221;&#8221; link=&#8221;url:https%3A%2F%2Fwww.eclatsdemail.com%2Fgb%2Fbilletterie%2F&#8221;][\/vc_column][\/vc_row][vc_row][vc_column][\/vc_column][\/vc_row]<\/p>\n<\/div>","protected":false},"excerpt":{"rendered":"<p>[vc_row][vc_column][vc_empty_space][\/vc_column][\/vc_row][vc_row][vc_column width=&#8221;3\/4&#8243;][vc_single_image image=&#8221;11887&#8243; img_size=&#8221;large&#8221; css=&#8221;.vc_custom_1747063478923{margin-bottom: 0px !important;padding-bottom: 0px !important;}&#8221;][vc_column_text css=&#8221;&#8221;] Photo : Stanislas Augris [\/vc_column_text][vc_column_text css=&#8221;&#8221;]The story of the collaboration between the Centre Dramatique National \u2013 Th\u00e9atre de l\u2019Union and &#8230;<\/p>\n","protected":false},"author":1,"featured_media":11887,"parent":11769,"menu_order":10,"comment_status":"closed","ping_status":"closed","template":"","meta":{"footnotes":""},"class_list":["post-11886","page","type-page","status-publish","has-post-thumbnail","hentry"],"translation":{"provider":"WPGlobus","version":"3.0.2","language":"gb","enabled_languages":["fr","gb"],"languages":{"fr":{"title":true,"content":true,"excerpt":false},"gb":{"title":true,"content":true,"excerpt":false}}},"yoast_head":"<!-- This site is optimized with the Yoast SEO plugin v27.5 - https:\/\/yoast.com\/product\/yoast-seo-wordpress\/ -->\n<title>LEA MARIA FRIES - Festival \u00c9clats d&#039;\u00c9mail Jazz \u00c9dition<\/title>\n<meta name=\"robots\" content=\"index, follow, max-snippet:-1, max-image-preview:large, max-video-preview:-1\" \/>\n<link rel=\"canonical\" href=\"https:\/\/www.eclatsdemail.com\/agenda-2025\/lea-maria-fries\/\" \/>\n<meta property=\"og:locale\" content=\"en_GB\" \/>\n<meta property=\"og:type\" content=\"article\" \/>\n<meta property=\"og:title\" content=\"LEA MARIA FRIES - Festival \u00c9clats d&#039;\u00c9mail Jazz \u00c9dition\" \/>\n<meta property=\"og:url\" content=\"https:\/\/www.eclatsdemail.com\/agenda-2025\/lea-maria-fries\/\" \/>\n<meta property=\"og:site_name\" content=\"Festival \u00c9clats d&#039;\u00c9mail Jazz \u00c9dition\" \/>\n<meta property=\"article:publisher\" content=\"https:\/\/www.facebook.com\/jazzeclatsdemail\" \/>\n<meta property=\"article:modified_time\" content=\"2025-10-28T13:37:08+00:00\" \/>\n<meta property=\"og:image\" content=\"https:\/\/www.eclatsdemail.com\/wp-content\/uploads\/2025\/05\/LEA-MARIA-FRIES.jpg\" \/>\n\t<meta property=\"og:image:width\" content=\"2160\" \/>\n\t<meta property=\"og:image:height\" content=\"2160\" \/>\n\t<meta property=\"og:image:type\" content=\"image\/jpeg\" \/>\n<meta name=\"twitter:card\" content=\"summary_large_image\" \/>\n<meta name=\"twitter:site\" content=\"@eclatsemailjazz\" \/>\n<meta name=\"twitter:label1\" content=\"Est. reading time\" \/>\n\t<meta name=\"twitter:data1\" content=\"3 minutes\" \/>\n<script type=\"application\/ld+json\" class=\"yoast-schema-graph\">{\"@context\":\"https:\\\/\\\/schema.org\",\"@graph\":[{\"@type\":\"WebPage\",\"@id\":\"https:\\\/\\\/www.eclatsdemail.com\\\/agenda-2025\\\/lea-maria-fries\\\/\",\"url\":\"https:\\\/\\\/www.eclatsdemail.com\\\/agenda-2025\\\/lea-maria-fries\\\/\",\"name\":\"LEA MARIA FRIES - Festival \u00c9clats d&#039;\u00c9mail Jazz \u00c9dition\",\"isPartOf\":{\"@id\":\"https:\\\/\\\/www.eclatsdemail.com\\\/#website\"},\"primaryImageOfPage\":{\"@id\":\"https:\\\/\\\/www.eclatsdemail.com\\\/agenda-2025\\\/lea-maria-fries\\\/#primaryimage\"},\"image\":{\"@id\":\"https:\\\/\\\/www.eclatsdemail.com\\\/agenda-2025\\\/lea-maria-fries\\\/#primaryimage\"},\"thumbnailUrl\":\"https:\\\/\\\/www.eclatsdemail.com\\\/wp-content\\\/uploads\\\/2025\\\/05\\\/LEA-MARIA-FRIES.jpg\",\"datePublished\":\"2025-05-12T15:23:30+00:00\",\"dateModified\":\"2025-10-28T13:37:08+00:00\",\"breadcrumb\":{\"@id\":\"https:\\\/\\\/www.eclatsdemail.com\\\/agenda-2025\\\/lea-maria-fries\\\/#breadcrumb\"},\"inLanguage\":\"en-GB\",\"potentialAction\":[{\"@type\":\"ReadAction\",\"target\":[\"https:\\\/\\\/www.eclatsdemail.com\\\/agenda-2025\\\/lea-maria-fries\\\/\"]}]},{\"@type\":\"ImageObject\",\"inLanguage\":\"en-GB\",\"@id\":\"https:\\\/\\\/www.eclatsdemail.com\\\/agenda-2025\\\/lea-maria-fries\\\/#primaryimage\",\"url\":\"https:\\\/\\\/www.eclatsdemail.com\\\/wp-content\\\/uploads\\\/2025\\\/05\\\/LEA-MARIA-FRIES.jpg\",\"contentUrl\":\"https:\\\/\\\/www.eclatsdemail.com\\\/wp-content\\\/uploads\\\/2025\\\/05\\\/LEA-MARIA-FRIES.jpg\",\"width\":2160,\"height\":2160},{\"@type\":\"BreadcrumbList\",\"@id\":\"https:\\\/\\\/www.eclatsdemail.com\\\/agenda-2025\\\/lea-maria-fries\\\/#breadcrumb\",\"itemListElement\":[{\"@type\":\"ListItem\",\"position\":1,\"name\":\"Accueil\",\"item\":\"https:\\\/\\\/www.eclatsdemail.com\\\/\"},{\"@type\":\"ListItem\",\"position\":2,\"name\":\"L&rsquo;agenda 2025\",\"item\":\"https:\\\/\\\/www.eclatsdemail.com\\\/agenda-2025\\\/\"},{\"@type\":\"ListItem\",\"position\":3,\"name\":\"LEA MARIA FRIES\"}]},{\"@type\":\"WebSite\",\"@id\":\"https:\\\/\\\/www.eclatsdemail.com\\\/#website\",\"url\":\"https:\\\/\\\/www.eclatsdemail.com\\\/\",\"name\":\"Festival \u00c9clats d&#039;\u00c9mail Jazz \u00c9dition\",\"description\":\"2024\",\"publisher\":{\"@id\":\"https:\\\/\\\/www.eclatsdemail.com\\\/#organization\"},\"potentialAction\":[{\"@type\":\"SearchAction\",\"target\":{\"@type\":\"EntryPoint\",\"urlTemplate\":\"https:\\\/\\\/www.eclatsdemail.com\\\/?s={search_term_string}\"},\"query-input\":{\"@type\":\"PropertyValueSpecification\",\"valueRequired\":true,\"valueName\":\"search_term_string\"}}],\"inLanguage\":\"en-GB\"},{\"@type\":\"Organization\",\"@id\":\"https:\\\/\\\/www.eclatsdemail.com\\\/#organization\",\"name\":\"Festival \u00c9clats d'\u00c9mail Jazz \u00c9dition\",\"url\":\"https:\\\/\\\/www.eclatsdemail.com\\\/\",\"logo\":{\"@type\":\"ImageObject\",\"inLanguage\":\"en-GB\",\"@id\":\"https:\\\/\\\/www.eclatsdemail.com\\\/#\\\/schema\\\/logo\\\/image\\\/\",\"url\":\"https:\\\/\\\/www.eclatsdemail.com\\\/wp-content\\\/uploads\\\/2022\\\/05\\\/cropped-logo2022.png\",\"contentUrl\":\"https:\\\/\\\/www.eclatsdemail.com\\\/wp-content\\\/uploads\\\/2022\\\/05\\\/cropped-logo2022.png\",\"width\":616,\"height\":100,\"caption\":\"Festival \u00c9clats d'\u00c9mail Jazz \u00c9dition\"},\"image\":{\"@id\":\"https:\\\/\\\/www.eclatsdemail.com\\\/#\\\/schema\\\/logo\\\/image\\\/\"},\"sameAs\":[\"https:\\\/\\\/www.facebook.com\\\/jazzeclatsdemail\",\"https:\\\/\\\/x.com\\\/eclatsemailjazz\",\"https:\\\/\\\/www.instagram.com\\\/Festival_Eclats_d_Email_JAZZ\\\/\"]}]}<\/script>\n<!-- \/ Yoast SEO plugin. -->","yoast_head_json":{"title":"LEA MARIA FRIES - Festival \u00c9clats d&#039;\u00c9mail Jazz \u00c9dition","robots":{"index":"index","follow":"follow","max-snippet":"max-snippet:-1","max-image-preview":"max-image-preview:large","max-video-preview":"max-video-preview:-1"},"canonical":"https:\/\/www.eclatsdemail.com\/agenda-2025\/lea-maria-fries\/","og_locale":"en_GB","og_type":"article","og_title":"LEA MARIA FRIES - Festival \u00c9clats d&#039;\u00c9mail Jazz \u00c9dition","og_url":"https:\/\/www.eclatsdemail.com\/agenda-2025\/lea-maria-fries\/","og_site_name":"Festival \u00c9clats d&#039;\u00c9mail Jazz \u00c9dition","article_publisher":"https:\/\/www.facebook.com\/jazzeclatsdemail","article_modified_time":"2025-10-28T13:37:08+00:00","og_image":[{"width":2160,"height":2160,"url":"https:\/\/www.eclatsdemail.com\/wp-content\/uploads\/2025\/05\/LEA-MARIA-FRIES.jpg","type":"image\/jpeg"}],"twitter_card":"summary_large_image","twitter_site":"@eclatsemailjazz","twitter_misc":{"Est. reading time":"3 minutes"},"schema":{"@context":"https:\/\/schema.org","@graph":[{"@type":"WebPage","@id":"https:\/\/www.eclatsdemail.com\/agenda-2025\/lea-maria-fries\/","url":"https:\/\/www.eclatsdemail.com\/agenda-2025\/lea-maria-fries\/","name":"LEA MARIA FRIES - Festival \u00c9clats d&#039;\u00c9mail Jazz \u00c9dition","isPartOf":{"@id":"https:\/\/www.eclatsdemail.com\/#website"},"primaryImageOfPage":{"@id":"https:\/\/www.eclatsdemail.com\/agenda-2025\/lea-maria-fries\/#primaryimage"},"image":{"@id":"https:\/\/www.eclatsdemail.com\/agenda-2025\/lea-maria-fries\/#primaryimage"},"thumbnailUrl":"https:\/\/www.eclatsdemail.com\/wp-content\/uploads\/2025\/05\/LEA-MARIA-FRIES.jpg","datePublished":"2025-05-12T15:23:30+00:00","dateModified":"2025-10-28T13:37:08+00:00","breadcrumb":{"@id":"https:\/\/www.eclatsdemail.com\/agenda-2025\/lea-maria-fries\/#breadcrumb"},"inLanguage":"en-GB","potentialAction":[{"@type":"ReadAction","target":["https:\/\/www.eclatsdemail.com\/agenda-2025\/lea-maria-fries\/"]}]},{"@type":"ImageObject","inLanguage":"en-GB","@id":"https:\/\/www.eclatsdemail.com\/agenda-2025\/lea-maria-fries\/#primaryimage","url":"https:\/\/www.eclatsdemail.com\/wp-content\/uploads\/2025\/05\/LEA-MARIA-FRIES.jpg","contentUrl":"https:\/\/www.eclatsdemail.com\/wp-content\/uploads\/2025\/05\/LEA-MARIA-FRIES.jpg","width":2160,"height":2160},{"@type":"BreadcrumbList","@id":"https:\/\/www.eclatsdemail.com\/agenda-2025\/lea-maria-fries\/#breadcrumb","itemListElement":[{"@type":"ListItem","position":1,"name":"Accueil","item":"https:\/\/www.eclatsdemail.com\/"},{"@type":"ListItem","position":2,"name":"L&rsquo;agenda 2025","item":"https:\/\/www.eclatsdemail.com\/agenda-2025\/"},{"@type":"ListItem","position":3,"name":"LEA MARIA FRIES"}]},{"@type":"WebSite","@id":"https:\/\/www.eclatsdemail.com\/#website","url":"https:\/\/www.eclatsdemail.com\/","name":"Festival \u00c9clats d&#039;\u00c9mail Jazz \u00c9dition","description":"2024","publisher":{"@id":"https:\/\/www.eclatsdemail.com\/#organization"},"potentialAction":[{"@type":"SearchAction","target":{"@type":"EntryPoint","urlTemplate":"https:\/\/www.eclatsdemail.com\/?s={search_term_string}"},"query-input":{"@type":"PropertyValueSpecification","valueRequired":true,"valueName":"search_term_string"}}],"inLanguage":"en-GB"},{"@type":"Organization","@id":"https:\/\/www.eclatsdemail.com\/#organization","name":"Festival \u00c9clats d'\u00c9mail Jazz \u00c9dition","url":"https:\/\/www.eclatsdemail.com\/","logo":{"@type":"ImageObject","inLanguage":"en-GB","@id":"https:\/\/www.eclatsdemail.com\/#\/schema\/logo\/image\/","url":"https:\/\/www.eclatsdemail.com\/wp-content\/uploads\/2022\/05\/cropped-logo2022.png","contentUrl":"https:\/\/www.eclatsdemail.com\/wp-content\/uploads\/2022\/05\/cropped-logo2022.png","width":616,"height":100,"caption":"Festival \u00c9clats d'\u00c9mail Jazz \u00c9dition"},"image":{"@id":"https:\/\/www.eclatsdemail.com\/#\/schema\/logo\/image\/"},"sameAs":["https:\/\/www.facebook.com\/jazzeclatsdemail","https:\/\/x.com\/eclatsemailjazz","https:\/\/www.instagram.com\/Festival_Eclats_d_Email_JAZZ\/"]}]}},"_links":{"self":[{"href":"https:\/\/www.eclatsdemail.com\/gb\/wp-json\/wp\/v2\/pages\/11886","targetHints":{"allow":["GET"]}}],"collection":[{"href":"https:\/\/www.eclatsdemail.com\/gb\/wp-json\/wp\/v2\/pages"}],"about":[{"href":"https:\/\/www.eclatsdemail.com\/gb\/wp-json\/wp\/v2\/types\/page"}],"author":[{"embeddable":true,"href":"https:\/\/www.eclatsdemail.com\/gb\/wp-json\/wp\/v2\/users\/1"}],"replies":[{"embeddable":true,"href":"https:\/\/www.eclatsdemail.com\/gb\/wp-json\/wp\/v2\/comments?post=11886"}],"version-history":[{"count":8,"href":"https:\/\/www.eclatsdemail.com\/gb\/wp-json\/wp\/v2\/pages\/11886\/revisions"}],"predecessor-version":[{"id":12446,"href":"https:\/\/www.eclatsdemail.com\/gb\/wp-json\/wp\/v2\/pages\/11886\/revisions\/12446"}],"up":[{"embeddable":true,"href":"https:\/\/www.eclatsdemail.com\/gb\/wp-json\/wp\/v2\/pages\/11769"}],"wp:featuredmedia":[{"embeddable":true,"href":"https:\/\/www.eclatsdemail.com\/gb\/wp-json\/wp\/v2\/media\/11887"}],"wp:attachment":[{"href":"https:\/\/www.eclatsdemail.com\/gb\/wp-json\/wp\/v2\/media?parent=11886"}],"curies":[{"name":"wp","href":"https:\/\/api.w.org\/{rel}","templated":true}]}}