{"id":11869,"date":"2025-05-12T16:26:34","date_gmt":"2025-05-12T14:26:34","guid":{"rendered":"https:\/\/www.eclatsdemail.com\/?page_id=11869"},"modified":"2025-11-03T12:19:38","modified_gmt":"2025-11-03T11:19:38","slug":"renaud-garcia-fons-blue-maqam","status":"publish","type":"page","link":"https:\/\/www.eclatsdemail.com\/gb\/agenda-2025\/renaud-garcia-fons-blue-maqam\/","title":{"rendered":"RENAUD GARCIA-FONS \u00ab BLUE MAQAM \u00bb"},"content":{"rendered":"<div class=\"wpb-content-wrapper\"><p>[vc_row][vc_column][vc_empty_space][\/vc_column][\/vc_row][vc_row][vc_column width=&#8221;3\/4&#8243;][vc_single_image image=&#8221;11871&#8243; img_size=&#8221;large&#8221; css=&#8221;.vc_custom_1747060359141{margin-bottom: 0px !important;padding-bottom: 0px !important;}&#8221;][vc_column_text css=&#8221;&#8221;]<\/p>\n<p style=\"text-align: right; font-size: 10px;\">Photo : Alexandre Lacombe<\/p>\n<p>[\/vc_column_text][vc_column_text css=&#8221;&#8221;]<span style=\"font-weight: 400;\">As often in the world of a double bassist, the cultures from the Mediterranean rim have a special place, but the path also crosses Persia and, more unexpected, Ireland, insularity oblige ! \u201cBlue Maqam\u201d gives voice to eight languages sung, a little Babel, in which\u00a0 Renaud\u2019s and Solea\u2019s lyrics conjure up emotional landscapes in haiku style. At the heart of the music lies the combination double bass \/ voice; the voice of Solea Garcia-Fons, a premi\u00e8re since she is Renaud\u2019s daughter, but also because vocals have long been absent from his world. And here, the blades of St\u00e9phan Caracci\u2019s vibraphone (who also plays the marimba bass during Renaud\u2019s light incursions), along with Jean-Luc Di Fraya\u2019s percussions draw a canvas quite suitable for Garcia-Fons\u2019s flights of fancy. The double bassist appears as one of the magicians of the current jazz scene, one of its most captivating guides. The instrumentalist is among those who have regularly\u00a0 pulled the river out of its bed,\u00a0 distorted the jazz own language in order to enhance it with the scent of faraway fragrances. The expressiveness of his playing surprises when one knows the usual range of the instrument, here fitted with a fifth string in the high notes; an unheard-of orchestral world springs up under his nimble, mischievous fingers. The whole sounds like a bold universalist plea, considering the clouds looming over the horizon.<\/span><\/p>\n<p>&nbsp;<\/p>\n<p><a href=\"https:\/\/www.radiofrance.fr\/francemusique\"><span style=\"font-size: 14pt;\"><strong>Concert enregistr\u00e9 par France Musique et diffus\u00e9 le samedi 6 d\u00e9cembre 20H, pr\u00e9sent\u00e9 par Nathalie Piol\u00e9 puis disponible en streaming sur le site de France Musique et l\u2019appli Radio France.<\/strong><\/span><\/a><\/p>\n<p>&nbsp;<\/p>\n<p><img loading=\"lazy\" decoding=\"async\" class=\"alignnone wp-image-11663\" src=\"https:\/\/www.eclatsdemail.com\/wp-content\/uploads\/2024\/11\/Capture-decran-2024-11-08-160227.png\" alt=\"\" width=\"145\" height=\"144\" srcset=\"https:\/\/www.eclatsdemail.com\/wp-content\/uploads\/2024\/11\/Capture-decran-2024-11-08-160227.png 498w, https:\/\/www.eclatsdemail.com\/wp-content\/uploads\/2024\/11\/Capture-decran-2024-11-08-160227-300x298.png 300w, https:\/\/www.eclatsdemail.com\/wp-content\/uploads\/2024\/11\/Capture-decran-2024-11-08-160227-150x150.png 150w\" sizes=\"auto, (max-width: 145px) 100vw, 145px\" \/>[\/vc_column_text][vc_column_text css=&#8221;&#8221;]<strong>Line-up\u00a0:<br \/>\n<\/strong>Renaud Garcia-Fons \u2013 Double Bass, Compositions<br \/>\nSol\u00e9a Garcia-Fons \u2013 Voice<br \/>\nSt\u00e9phane Caracci \u2013 Vibraphone, Marimba<br \/>\nJean Luc Di Fraya \u2013 Drums, Percussion<strong><br \/>\n<\/strong>[\/vc_column_text][vc_raw_html css=&#8221;&#8221;]JTNDYSUyMHRhcmdldCUzRCUyMl9ibGFuayUyMiUyMGhyZWYlM0QlMjJodHRwcyUzQSUyRiUyRnd3dy5mYWNlYm9vay5jb20lMkZnYXJjaWFmb25zLnJlbmF1ZCUyRiUzRmxvY2FsZSUzRGZyX0ZSJTIyJTIwdGl0bGUlM0QlMjJmYWNlYm9vayUyMiUyMGNsYXNzJTNEJTIyaWNvbi1zb2NpYWwlMjIlM0UlM0NpJTIwY2xhc3MlM0QlMjJmYSUyMGZhLWZhY2Vib29rLXNxdWFyZSUyMiUzRSUzQyUyRmklM0UlM0MlMkZhJTNFJTBEJTBBJTNDYSUyMHRhcmdldCUzRCUyMl9ibGFuayUyMiUyMGhyZWYlM0QlMjJodHRwcyUzQSUyRiUyRnd3dy5pbnN0YWdyYW0uY29tJTJGcmVuYXVkX2dhcmNpYV9mb25zJTJGJTIyJTIwdGl0bGUlM0QlMjJpbnN0YWdyYW0lMjIlMjBjbGFzcyUzRCUyMmljb24tc29jaWFsJTIyJTNFJTNDaSUyMGNsYXNzJTNEJTIyZmElMjBmYS1pbnN0YWdyYW0lMjIlM0UlM0MlMkZpJTNFJTNDJTJGYSUzRSUwRCUwQQ==[\/vc_raw_html][\/vc_column][vc_column width=&#8221;1\/4&#8243;][vc_column_text css=&#8221;.vc_custom_1747060500511{padding-top: 10px !important;padding-right: 10px !important;padding-bottom: 10px !important;padding-left: 10px !important;background-color: #ffff00 !important;}&#8221;]<\/p>\n<h3 class=\"date-concert\">FRIDAY NOVEMBER 21<br \/>\n8:00 PM<br \/>\nGRAND TH\u00c9\u00c2TRE &#8211; LIMOGES<\/h3>\n<h3 class=\"date-concert\">FREE PLACEMENT<\/h3>\n<p>[\/vc_column_text][vc_single_image image=&#8221;2120&#8243; img_size=&#8221;medium&#8221; onclick=&#8221;custom_link&#8221; img_link_target=&#8221;_blank&#8221; css=&#8221;&#8221; link=&#8221;https:\/\/www.operalimoges.fr\/&#8221;][vc_custom_heading text=&#8221;FULL PRICE : 30 \u20ac (excluding Weezevent commission)&#8221; font_container=&#8221;tag:h2|font_size:20|text_align:left|color:%23000000&#8243; use_theme_fonts=&#8221;yes&#8221;][vc_column_text]<span style=\"font-family: tilt-neon;\">REDUCED PRICE : For more information, please contact the Op\u00e9ra de Limoges &#8211; Grand Th\u00e9\u00e2tre : 05 55 45 95 95 \/ billetterie@operalimoges.fr<\/span>[\/vc_column_text][vc_column_text css=&#8221;.vc_custom_1679923533594{padding-top: 10px !important;padding-right: 10px !important;padding-bottom: 10px !important;padding-left: 10px !important;background-color: #ffff00 !important;}&#8221;]<\/p>\n<h3 class=\"places\">GET YOUR TICKETS<\/h3>\n<p>[\/vc_column_text][vc_raw_html css=&#8221;&#8221;]JTNDYSUyMHRpdGxlJTNEJTIyTG9naWNpZWwlMjBiaWxsZXR0ZXJpZSUyMGVuJTIwbGlnbmUlMjIlMEElMjAlMjAlMjBocmVmJTNEJTIyaHR0cHMlM0ElMkYlMkZ3ZWV6ZXZlbnQuY29tJTJGJTNGYyUzRHN5c193aWRnZXQlMjIlMEElMjAlMjAlMjBjbGFzcyUzRCUyMndlZXpldmVudC13aWRnZXQtaW50ZWdyYXRpb24lMjIlMEElMjAlMjAlMjBkYXRhLXNyYyUzRCUyMmh0dHBzJTNBJTJGJTJGd2lkZ2V0LndlZXpldmVudC5jb20lMkZ0aWNrZXQlMkZFMTMxMDI4MCUyRiUzRmNvZGUlM0Q0MjA4MCUyNmxvY2FsZSUzRGZyLUZSJTI2d2lkdGhfYXV0byUzRDElMjZjb2xvcl9wcmltYXJ5JTNEMDBBRUVGJTIyJTBBJTIwJTIwJTIwZGF0YS13aWR0aCUzRCUyMjY1MCUyMiUwQSUyMCUyMCUyMGRhdGEtaGVpZ2h0JTNEJTIyNjAwJTIyJTBBJTIwJTIwJTIwZGF0YS1pZCUzRCUyMjEzMTAyODAlMjIlMEElMjAlMjAlMjBkYXRhLXJlc2l6ZSUzRCUyMjElMjIlMEElMjAlMjAlMjBkYXRhLXdpZHRoX2F1dG8lM0QlMjIxJTIyJTBBJTIwJTIwJTIwZGF0YS1ub3Njcm9sbCUzRCUyMjAlMjIlMEElMjAlMjAlMjBkYXRhLXVzZS1jb250YWluZXIlM0QlMjJ5ZXMlMjIlMEElMjAlMjAlMjBkYXRhLXR5cGUlM0QlMjJuZW8lMjIlMEElMjAlMjAlMjB0YXJnZXQlM0QlMjJfYmxhbmslMjIlM0VCaWxsZXR0ZXJpZSUyMFdlZXpldmVudCUzQyUyRmElM0UlMjAlM0NzY3JpcHQlMjB0eXBlJTNEJTIydGV4dCUyRmphdmFzY3JpcHQlMjIlMjBzcmMlM0QlMjJodHRwcyUzQSUyRiUyRndpZGdldC53ZWV6ZXZlbnQuY29tJTJGd2Vlei5qcyUyMiUzRSUzQyUyRnNjcmlwdCUzRSUwQSUwQQ==[\/vc_raw_html][vc_btn title=&#8221;Choose the <strong>FESTIVAL PASS<\/strong> for 4, 6 or 8 concerts and enjoy even more interesting rates.&#8221; style=&#8221;classic&#8221; shape=&#8221;square&#8221; color=&#8221;black&#8221; css=&#8221;&#8221; link=&#8221;url:https%3A%2F%2Fwww.eclatsdemail.com%2Fgb%2Fbilletterie%2F&#8221;][\/vc_column][\/vc_row][vc_row][vc_column][\/vc_column][\/vc_row][vc_row][vc_column][vc_video link=&#8221;https:\/\/www.youtube.com\/watch?v=xj7nsv6v8DE&#8221; css=&#8221;&#8221;][vc_video link=&#8221;https:\/\/www.youtube.com\/watch?v=8b29pEju4W0&#8243; css=&#8221;&#8221;][\/vc_column][\/vc_row]<\/p>\n<\/div>","protected":false},"excerpt":{"rendered":"<p>[vc_row][vc_column][vc_empty_space][\/vc_column][\/vc_row][vc_row][vc_column width=&#8221;3\/4&#8243;][vc_single_image image=&#8221;11871&#8243; img_size=&#8221;large&#8221; css=&#8221;.vc_custom_1747060359141{margin-bottom: 0px !important;padding-bottom: 0px !important;}&#8221;][vc_column_text css=&#8221;&#8221;] Photo : Alexandre Lacombe [\/vc_column_text][vc_column_text css=&#8221;&#8221;]As often in the world of a double bassist, the cultures from the Mediterranean rim &#8230;<\/p>\n","protected":false},"author":1,"featured_media":11871,"parent":11769,"menu_order":1,"comment_status":"closed","ping_status":"closed","template":"","meta":{"footnotes":""},"class_list":["post-11869","page","type-page","status-publish","has-post-thumbnail","hentry"],"translation":{"provider":"WPGlobus","version":"3.0.2","language":"gb","enabled_languages":["fr","gb"],"languages":{"fr":{"title":true,"content":true,"excerpt":false},"gb":{"title":true,"content":true,"excerpt":false}}},"yoast_head":"<!-- This site is optimized with the Yoast SEO plugin v27.5 - https:\/\/yoast.com\/product\/yoast-seo-wordpress\/ -->\n<title>RENAUD GARCIA-FONS \u00ab BLUE MAQAM \u00bb - Festival \u00c9clats d&#039;\u00c9mail Jazz \u00c9dition<\/title>\n<meta name=\"robots\" content=\"index, follow, max-snippet:-1, max-image-preview:large, max-video-preview:-1\" \/>\n<link rel=\"canonical\" href=\"https:\/\/www.eclatsdemail.com\/agenda-2025\/renaud-garcia-fons-blue-maqam\/\" \/>\n<meta property=\"og:locale\" content=\"en_GB\" \/>\n<meta property=\"og:type\" content=\"article\" \/>\n<meta property=\"og:title\" content=\"RENAUD GARCIA-FONS \u00ab BLUE MAQAM \u00bb - Festival \u00c9clats d&#039;\u00c9mail Jazz \u00c9dition\" \/>\n<meta property=\"og:url\" content=\"https:\/\/www.eclatsdemail.com\/agenda-2025\/renaud-garcia-fons-blue-maqam\/\" \/>\n<meta property=\"og:site_name\" content=\"Festival \u00c9clats d&#039;\u00c9mail Jazz \u00c9dition\" \/>\n<meta property=\"article:publisher\" content=\"https:\/\/www.facebook.com\/jazzeclatsdemail\" \/>\n<meta property=\"article:modified_time\" content=\"2025-11-03T11:19:38+00:00\" \/>\n<meta property=\"og:image\" content=\"https:\/\/www.eclatsdemail.com\/wp-content\/uploads\/2025\/05\/RENAUD-GARCIA-FONS.jpg\" \/>\n\t<meta property=\"og:image:width\" content=\"2160\" \/>\n\t<meta property=\"og:image:height\" content=\"2160\" \/>\n\t<meta property=\"og:image:type\" content=\"image\/jpeg\" \/>\n<meta name=\"twitter:card\" content=\"summary_large_image\" \/>\n<meta name=\"twitter:site\" content=\"@eclatsemailjazz\" \/>\n<meta name=\"twitter:label1\" content=\"Est. reading time\" \/>\n\t<meta name=\"twitter:data1\" content=\"3 minutes\" \/>\n<script type=\"application\/ld+json\" class=\"yoast-schema-graph\">{\"@context\":\"https:\\\/\\\/schema.org\",\"@graph\":[{\"@type\":\"WebPage\",\"@id\":\"https:\\\/\\\/www.eclatsdemail.com\\\/agenda-2025\\\/renaud-garcia-fons-blue-maqam\\\/\",\"url\":\"https:\\\/\\\/www.eclatsdemail.com\\\/agenda-2025\\\/renaud-garcia-fons-blue-maqam\\\/\",\"name\":\"RENAUD GARCIA-FONS \u00ab BLUE MAQAM \u00bb - Festival \u00c9clats d&#039;\u00c9mail Jazz \u00c9dition\",\"isPartOf\":{\"@id\":\"https:\\\/\\\/www.eclatsdemail.com\\\/#website\"},\"primaryImageOfPage\":{\"@id\":\"https:\\\/\\\/www.eclatsdemail.com\\\/agenda-2025\\\/renaud-garcia-fons-blue-maqam\\\/#primaryimage\"},\"image\":{\"@id\":\"https:\\\/\\\/www.eclatsdemail.com\\\/agenda-2025\\\/renaud-garcia-fons-blue-maqam\\\/#primaryimage\"},\"thumbnailUrl\":\"https:\\\/\\\/www.eclatsdemail.com\\\/wp-content\\\/uploads\\\/2025\\\/05\\\/RENAUD-GARCIA-FONS.jpg\",\"datePublished\":\"2025-05-12T14:26:34+00:00\",\"dateModified\":\"2025-11-03T11:19:38+00:00\",\"breadcrumb\":{\"@id\":\"https:\\\/\\\/www.eclatsdemail.com\\\/agenda-2025\\\/renaud-garcia-fons-blue-maqam\\\/#breadcrumb\"},\"inLanguage\":\"en-GB\",\"potentialAction\":[{\"@type\":\"ReadAction\",\"target\":[\"https:\\\/\\\/www.eclatsdemail.com\\\/agenda-2025\\\/renaud-garcia-fons-blue-maqam\\\/\"]}]},{\"@type\":\"ImageObject\",\"inLanguage\":\"en-GB\",\"@id\":\"https:\\\/\\\/www.eclatsdemail.com\\\/agenda-2025\\\/renaud-garcia-fons-blue-maqam\\\/#primaryimage\",\"url\":\"https:\\\/\\\/www.eclatsdemail.com\\\/wp-content\\\/uploads\\\/2025\\\/05\\\/RENAUD-GARCIA-FONS.jpg\",\"contentUrl\":\"https:\\\/\\\/www.eclatsdemail.com\\\/wp-content\\\/uploads\\\/2025\\\/05\\\/RENAUD-GARCIA-FONS.jpg\",\"width\":2160,\"height\":2160},{\"@type\":\"BreadcrumbList\",\"@id\":\"https:\\\/\\\/www.eclatsdemail.com\\\/agenda-2025\\\/renaud-garcia-fons-blue-maqam\\\/#breadcrumb\",\"itemListElement\":[{\"@type\":\"ListItem\",\"position\":1,\"name\":\"Accueil\",\"item\":\"https:\\\/\\\/www.eclatsdemail.com\\\/\"},{\"@type\":\"ListItem\",\"position\":2,\"name\":\"L&rsquo;agenda 2025\",\"item\":\"https:\\\/\\\/www.eclatsdemail.com\\\/agenda-2025\\\/\"},{\"@type\":\"ListItem\",\"position\":3,\"name\":\"RENAUD GARCIA-FONS \u00ab BLUE MAQAM \u00bb\"}]},{\"@type\":\"WebSite\",\"@id\":\"https:\\\/\\\/www.eclatsdemail.com\\\/#website\",\"url\":\"https:\\\/\\\/www.eclatsdemail.com\\\/\",\"name\":\"Festival \u00c9clats d&#039;\u00c9mail Jazz \u00c9dition\",\"description\":\"2024\",\"publisher\":{\"@id\":\"https:\\\/\\\/www.eclatsdemail.com\\\/#organization\"},\"potentialAction\":[{\"@type\":\"SearchAction\",\"target\":{\"@type\":\"EntryPoint\",\"urlTemplate\":\"https:\\\/\\\/www.eclatsdemail.com\\\/?s={search_term_string}\"},\"query-input\":{\"@type\":\"PropertyValueSpecification\",\"valueRequired\":true,\"valueName\":\"search_term_string\"}}],\"inLanguage\":\"en-GB\"},{\"@type\":\"Organization\",\"@id\":\"https:\\\/\\\/www.eclatsdemail.com\\\/#organization\",\"name\":\"Festival \u00c9clats d'\u00c9mail Jazz \u00c9dition\",\"url\":\"https:\\\/\\\/www.eclatsdemail.com\\\/\",\"logo\":{\"@type\":\"ImageObject\",\"inLanguage\":\"en-GB\",\"@id\":\"https:\\\/\\\/www.eclatsdemail.com\\\/#\\\/schema\\\/logo\\\/image\\\/\",\"url\":\"https:\\\/\\\/www.eclatsdemail.com\\\/wp-content\\\/uploads\\\/2022\\\/05\\\/cropped-logo2022.png\",\"contentUrl\":\"https:\\\/\\\/www.eclatsdemail.com\\\/wp-content\\\/uploads\\\/2022\\\/05\\\/cropped-logo2022.png\",\"width\":616,\"height\":100,\"caption\":\"Festival \u00c9clats d'\u00c9mail Jazz \u00c9dition\"},\"image\":{\"@id\":\"https:\\\/\\\/www.eclatsdemail.com\\\/#\\\/schema\\\/logo\\\/image\\\/\"},\"sameAs\":[\"https:\\\/\\\/www.facebook.com\\\/jazzeclatsdemail\",\"https:\\\/\\\/x.com\\\/eclatsemailjazz\",\"https:\\\/\\\/www.instagram.com\\\/Festival_Eclats_d_Email_JAZZ\\\/\"]}]}<\/script>\n<!-- \/ Yoast SEO plugin. -->","yoast_head_json":{"title":"RENAUD GARCIA-FONS \u00ab BLUE MAQAM \u00bb - Festival \u00c9clats d&#039;\u00c9mail Jazz \u00c9dition","robots":{"index":"index","follow":"follow","max-snippet":"max-snippet:-1","max-image-preview":"max-image-preview:large","max-video-preview":"max-video-preview:-1"},"canonical":"https:\/\/www.eclatsdemail.com\/agenda-2025\/renaud-garcia-fons-blue-maqam\/","og_locale":"en_GB","og_type":"article","og_title":"RENAUD GARCIA-FONS \u00ab BLUE MAQAM \u00bb - Festival \u00c9clats d&#039;\u00c9mail Jazz \u00c9dition","og_url":"https:\/\/www.eclatsdemail.com\/agenda-2025\/renaud-garcia-fons-blue-maqam\/","og_site_name":"Festival \u00c9clats d&#039;\u00c9mail Jazz \u00c9dition","article_publisher":"https:\/\/www.facebook.com\/jazzeclatsdemail","article_modified_time":"2025-11-03T11:19:38+00:00","og_image":[{"width":2160,"height":2160,"url":"https:\/\/www.eclatsdemail.com\/wp-content\/uploads\/2025\/05\/RENAUD-GARCIA-FONS.jpg","type":"image\/jpeg"}],"twitter_card":"summary_large_image","twitter_site":"@eclatsemailjazz","twitter_misc":{"Est. reading time":"3 minutes"},"schema":{"@context":"https:\/\/schema.org","@graph":[{"@type":"WebPage","@id":"https:\/\/www.eclatsdemail.com\/agenda-2025\/renaud-garcia-fons-blue-maqam\/","url":"https:\/\/www.eclatsdemail.com\/agenda-2025\/renaud-garcia-fons-blue-maqam\/","name":"RENAUD GARCIA-FONS \u00ab BLUE MAQAM \u00bb - Festival \u00c9clats d&#039;\u00c9mail Jazz \u00c9dition","isPartOf":{"@id":"https:\/\/www.eclatsdemail.com\/#website"},"primaryImageOfPage":{"@id":"https:\/\/www.eclatsdemail.com\/agenda-2025\/renaud-garcia-fons-blue-maqam\/#primaryimage"},"image":{"@id":"https:\/\/www.eclatsdemail.com\/agenda-2025\/renaud-garcia-fons-blue-maqam\/#primaryimage"},"thumbnailUrl":"https:\/\/www.eclatsdemail.com\/wp-content\/uploads\/2025\/05\/RENAUD-GARCIA-FONS.jpg","datePublished":"2025-05-12T14:26:34+00:00","dateModified":"2025-11-03T11:19:38+00:00","breadcrumb":{"@id":"https:\/\/www.eclatsdemail.com\/agenda-2025\/renaud-garcia-fons-blue-maqam\/#breadcrumb"},"inLanguage":"en-GB","potentialAction":[{"@type":"ReadAction","target":["https:\/\/www.eclatsdemail.com\/agenda-2025\/renaud-garcia-fons-blue-maqam\/"]}]},{"@type":"ImageObject","inLanguage":"en-GB","@id":"https:\/\/www.eclatsdemail.com\/agenda-2025\/renaud-garcia-fons-blue-maqam\/#primaryimage","url":"https:\/\/www.eclatsdemail.com\/wp-content\/uploads\/2025\/05\/RENAUD-GARCIA-FONS.jpg","contentUrl":"https:\/\/www.eclatsdemail.com\/wp-content\/uploads\/2025\/05\/RENAUD-GARCIA-FONS.jpg","width":2160,"height":2160},{"@type":"BreadcrumbList","@id":"https:\/\/www.eclatsdemail.com\/agenda-2025\/renaud-garcia-fons-blue-maqam\/#breadcrumb","itemListElement":[{"@type":"ListItem","position":1,"name":"Accueil","item":"https:\/\/www.eclatsdemail.com\/"},{"@type":"ListItem","position":2,"name":"L&rsquo;agenda 2025","item":"https:\/\/www.eclatsdemail.com\/agenda-2025\/"},{"@type":"ListItem","position":3,"name":"RENAUD GARCIA-FONS \u00ab BLUE MAQAM \u00bb"}]},{"@type":"WebSite","@id":"https:\/\/www.eclatsdemail.com\/#website","url":"https:\/\/www.eclatsdemail.com\/","name":"Festival \u00c9clats d&#039;\u00c9mail Jazz \u00c9dition","description":"2024","publisher":{"@id":"https:\/\/www.eclatsdemail.com\/#organization"},"potentialAction":[{"@type":"SearchAction","target":{"@type":"EntryPoint","urlTemplate":"https:\/\/www.eclatsdemail.com\/?s={search_term_string}"},"query-input":{"@type":"PropertyValueSpecification","valueRequired":true,"valueName":"search_term_string"}}],"inLanguage":"en-GB"},{"@type":"Organization","@id":"https:\/\/www.eclatsdemail.com\/#organization","name":"Festival \u00c9clats d'\u00c9mail Jazz \u00c9dition","url":"https:\/\/www.eclatsdemail.com\/","logo":{"@type":"ImageObject","inLanguage":"en-GB","@id":"https:\/\/www.eclatsdemail.com\/#\/schema\/logo\/image\/","url":"https:\/\/www.eclatsdemail.com\/wp-content\/uploads\/2022\/05\/cropped-logo2022.png","contentUrl":"https:\/\/www.eclatsdemail.com\/wp-content\/uploads\/2022\/05\/cropped-logo2022.png","width":616,"height":100,"caption":"Festival \u00c9clats d'\u00c9mail Jazz \u00c9dition"},"image":{"@id":"https:\/\/www.eclatsdemail.com\/#\/schema\/logo\/image\/"},"sameAs":["https:\/\/www.facebook.com\/jazzeclatsdemail","https:\/\/x.com\/eclatsemailjazz","https:\/\/www.instagram.com\/Festival_Eclats_d_Email_JAZZ\/"]}]}},"_links":{"self":[{"href":"https:\/\/www.eclatsdemail.com\/gb\/wp-json\/wp\/v2\/pages\/11869","targetHints":{"allow":["GET"]}}],"collection":[{"href":"https:\/\/www.eclatsdemail.com\/gb\/wp-json\/wp\/v2\/pages"}],"about":[{"href":"https:\/\/www.eclatsdemail.com\/gb\/wp-json\/wp\/v2\/types\/page"}],"author":[{"embeddable":true,"href":"https:\/\/www.eclatsdemail.com\/gb\/wp-json\/wp\/v2\/users\/1"}],"replies":[{"embeddable":true,"href":"https:\/\/www.eclatsdemail.com\/gb\/wp-json\/wp\/v2\/comments?post=11869"}],"version-history":[{"count":11,"href":"https:\/\/www.eclatsdemail.com\/gb\/wp-json\/wp\/v2\/pages\/11869\/revisions"}],"predecessor-version":[{"id":12479,"href":"https:\/\/www.eclatsdemail.com\/gb\/wp-json\/wp\/v2\/pages\/11869\/revisions\/12479"}],"up":[{"embeddable":true,"href":"https:\/\/www.eclatsdemail.com\/gb\/wp-json\/wp\/v2\/pages\/11769"}],"wp:featuredmedia":[{"embeddable":true,"href":"https:\/\/www.eclatsdemail.com\/gb\/wp-json\/wp\/v2\/media\/11871"}],"wp:attachment":[{"href":"https:\/\/www.eclatsdemail.com\/gb\/wp-json\/wp\/v2\/media?parent=11869"}],"curies":[{"name":"wp","href":"https:\/\/api.w.org\/{rel}","templated":true}]}}