{"id":11850,"date":"2025-05-12T15:38:29","date_gmt":"2025-05-12T13:38:29","guid":{"rendered":"https:\/\/www.eclatsdemail.com\/?page_id=11850"},"modified":"2025-08-22T18:11:17","modified_gmt":"2025-08-22T16:11:17","slug":"kenny-barron-trio","status":"publish","type":"page","link":"https:\/\/www.eclatsdemail.com\/gb\/agenda-2025\/kenny-barron-trio\/","title":{"rendered":"KENNY BARRON TRIO"},"content":{"rendered":"<div class=\"wpb-content-wrapper\"><p>[vc_row][vc_column][vc_empty_space][\/vc_column][\/vc_row][vc_row][vc_column width=&#8221;3\/4&#8243;][vc_single_image image=&#8221;11852&#8243; img_size=&#8221;large&#8221; css=&#8221;.vc_custom_1747057669710{margin-bottom: 0px !important;padding-bottom: 0px !important;}&#8221;][vc_column_text css=&#8221;&#8221;]<\/p>\n<p style=\"text-align: right; font-size: 10px;\">Photo : Jimmy Katz<\/p>\n<p>[\/vc_column_text][vc_column_text css=&#8221;&#8221;]<span style=\"font-weight: 400;\">His only time in Limoges goes back to the Jazz En Limousin Festival in 1991 in the Grand Th\u00e9atre \u2026 and this year his will be one of the most expected concerts of our 20<\/span><span style=\"font-weight: 400;\">th<\/span><span style=\"font-weight: 400;\"> Edition.<\/span><\/p>\n<p><span style=\"font-weight: 400;\">\u00a0Philadelphia has been\u00a0 the birthplace of many great musicians, among whom one of the undisputed masters of jazz piano : Kenny Barron, born in 1943. As a teenager, he starts playing professionally in Mel Melvin\u2019s orchestra. Still in high school, Kenny works with drummer Philly Joe Jones at age 19, he moves to New York City and works freelance with Roy Haynes, Lee Morgan and James Moody, after the tenor saxophonist had heard him play at the Five Spot. Then, in Dizzy Gillespie\u2019s group, Kenny develops his taste for Latin and Caribbean rhythms. After five years with Dizzy, Barron plays with Freddy Hubbard, Stanley Turrentine, Milt Jackson and Buddy Rich. In the early 70s, Kenny joins Yusef Lateef whom he considers as a key-influence in his art of improvisation.\u00a0 Encouraged by Lateef to pursue his university studies, Barron alternates touring and studying and graduates in music at the Empire State College. In 1973, Kenny joins the Rutgers University faculty as a teacher in music, a position he holds until 2000, supervising numerous young talents of today, in particular David Sanchez, Terence Blanchard and Regina Bell. In 1974, Kenny records under the Muse label his first album, \u201cSunset to Dawn\u201d, the first of over 40 recordings as leader. Throughout the 80s, Barron collaborates with great saxophone player Stan Getz, touring with his quartet and recording several legendary albums. Still during the 80s, he co-founds the Sphere quartet with Buster Williams, Ben Riley and Charlie Rouse. Kenny Barron\u2019s own recordings on the Verve label earned him nine nominations at the Grammy Awards. Whether\u00a0 solo , trio or quintet, Kenny Barron is internationally renowned as a master performer and composer.<\/span><\/p>\n<p>It is not an everyday event that one has the opportunity to hear a living music legend: the Kenny Barron Trio. It is the most elegant and lyrical jazz that one can imagine, delicately mixed with Latin and Caribbean rhythms. Come and take the time to enjoy this formation, a unique one on the jazz planet\u2026 This is THE appointment.[\/vc_column_text][vc_column_text css=&#8221;&#8221;]<strong>Line-up\u00a0:<br \/>\n<\/strong>Kenny Barron \u2013 piano<br \/>\nKiyoshi Kitagawa \u2013 double basse<br \/>\nJohnathan Blake \u2013 drums<strong><br \/>\n<\/strong>[\/vc_column_text][vc_raw_html css=&#8221;&#8221;]JTNDYSUyMHRhcmdldCUzRCUyMl9ibGFuayUyMiUyMGhyZWYlM0QlMjJodHRwcyUzQSUyRiUyRnd3dy5mYWNlYm9vay5jb20lMkZrZW5ueWJhcnJvbm11c2ljJTJGJTNGbG9jYWxlJTNEZnJfRlIlMjIlMjB0aXRsZSUzRCUyMmZhY2Vib29rJTIyJTIwY2xhc3MlM0QlMjJpY29uLXNvY2lhbCUyMiUzRSUzQ2klMjBjbGFzcyUzRCUyMmZhJTIwZmEtZmFjZWJvb2stc3F1YXJlJTIyJTNFJTNDJTJGaSUzRSUzQyUyRmElM0UlMEQlMEElM0NhJTIwdGFyZ2V0JTNEJTIyX2JsYW5rJTIyJTIwaHJlZiUzRCUyMmh0dHBzJTNBJTJGJTJGd3d3Lmluc3RhZ3JhbS5jb20lMkZrZW5ueWJhcnJvbiUyRiUzRmhsJTNEZnIlMjIlMjB0aXRsZSUzRCUyMmluc3RhZ3JhbSUyMiUyMGNsYXNzJTNEJTIyaWNvbi1zb2NpYWwlMjIlM0UlM0NpJTIwY2xhc3MlM0QlMjJmYSUyMGZhLWluc3RhZ3JhbSUyMiUzRSUzQyUyRmklM0UlM0MlMkZhJTNFJTBEJTBB[\/vc_raw_html][\/vc_column][vc_column width=&#8221;1\/4&#8243;][vc_column_text css=&#8221;.vc_custom_1747059057867{padding-top: 10px !important;padding-right: 10px !important;padding-bottom: 10px !important;padding-left: 10px !important;background-color: #ffff00 !important;}&#8221;]<\/p>\n<h3 class=\"date-concert\">WEDNESDAY NOVEMBER 19<br \/>\n8:00 PM<br \/>\nGRAND TH\u00c9\u00c2TRE &#8211; LIMOGES<\/h3>\n<h3 class=\"date-concert\">FREE PLACEMENT<\/h3>\n<p>[\/vc_column_text][vc_single_image image=&#8221;2120&#8243; img_size=&#8221;medium&#8221; onclick=&#8221;custom_link&#8221; img_link_target=&#8221;_blank&#8221; css=&#8221;&#8221; link=&#8221;https:\/\/www.operalimoges.fr\/&#8221;][vc_custom_heading text=&#8221;FULL PRICE : 30 \u20ac (excluding Weezevent commission)&#8221; font_container=&#8221;tag:h2|font_size:20|text_align:left|color:%23000000&#8243; use_theme_fonts=&#8221;yes&#8221;][vc_column_text]<span style=\"font-family: tilt-neon;\">REDUCED PRICE : For more information, please contact the Op\u00e9ra de Limoges &#8211; Grand Th\u00e9\u00e2tre : 05 55 45 95 95 \/ billetterie@operalimoges.fr<\/span>[\/vc_column_text][vc_column_text css=&#8221;.vc_custom_1679923533594{padding-top: 10px !important;padding-right: 10px !important;padding-bottom: 10px !important;padding-left: 10px !important;background-color: #ffff00 !important;}&#8221;]<\/p>\n<h3 class=\"places\">GET YOUR TICKETS<\/h3>\n<p>[\/vc_column_text][vc_raw_html css=&#8221;&#8221;]JTNDYSUyMHRpdGxlJTNEJTIyTG9naWNpZWwlMjBiaWxsZXR0ZXJpZSUyMGVuJTIwbGlnbmUlMjIlMEElMjAlMjAlMjBocmVmJTNEJTIyaHR0cHMlM0ElMkYlMkZ3ZWV6ZXZlbnQuY29tJTJGJTNGYyUzRHN5c193aWRnZXQlMjIlMEElMjAlMjAlMjBjbGFzcyUzRCUyMndlZXpldmVudC13aWRnZXQtaW50ZWdyYXRpb24lMjIlMEElMjAlMjAlMjBkYXRhLXNyYyUzRCUyMmh0dHBzJTNBJTJGJTJGd2lkZ2V0LndlZXpldmVudC5jb20lMkZ0aWNrZXQlMkZFMTMxMDI3MCUyRiUzRmNvZGUlM0Q2MzEzOSUyNmxvY2FsZSUzRGZyLUZSJTI2d2lkdGhfYXV0byUzRDElMjZjb2xvcl9wcmltYXJ5JTNEMDBBRUVGJTIyJTBBJTIwJTIwJTIwZGF0YS13aWR0aCUzRCUyMjY1MCUyMiUwQSUyMCUyMCUyMGRhdGEtaGVpZ2h0JTNEJTIyNjAwJTIyJTBBJTIwJTIwJTIwZGF0YS1pZCUzRCUyMjEzMTAyNzAlMjIlMEElMjAlMjAlMjBkYXRhLXJlc2l6ZSUzRCUyMjElMjIlMEElMjAlMjAlMjBkYXRhLXdpZHRoX2F1dG8lM0QlMjIxJTIyJTBBJTIwJTIwJTIwZGF0YS1ub3Njcm9sbCUzRCUyMjAlMjIlMEElMjAlMjAlMjBkYXRhLXVzZS1jb250YWluZXIlM0QlMjJ5ZXMlMjIlMEElMjAlMjAlMjBkYXRhLXR5cGUlM0QlMjJuZW8lMjIlMEElMjAlMjAlMjB0YXJnZXQlM0QlMjJfYmxhbmslMjIlM0VCaWxsZXR0ZXJpZSUyMFdlZXpldmVudCUzQyUyRmElM0UlMjAlM0NzY3JpcHQlMjB0eXBlJTNEJTIydGV4dCUyRmphdmFzY3JpcHQlMjIlMjBzcmMlM0QlMjJodHRwcyUzQSUyRiUyRndpZGdldC53ZWV6ZXZlbnQuY29tJTJGd2Vlei5qcyUyMiUzRSUzQyUyRnNjcmlwdCUzRSUwQQ==[\/vc_raw_html][vc_btn title=&#8221;Choose the <strong>FESTIVAL PASS<\/strong> for 4, 6 or 8 concerts and enjoy even more interesting rates.&#8221; style=&#8221;classic&#8221; shape=&#8221;square&#8221; color=&#8221;black&#8221; css=&#8221;&#8221; link=&#8221;url:https%3A%2F%2Fwww.eclatsdemail.com%2Fgb%2Fbilletterie%2F&#8221;][\/vc_column][\/vc_row][vc_row][vc_column][\/vc_column][\/vc_row][vc_row][vc_column][vc_video link=&#8221;https:\/\/youtu.be\/0kSe0bBxa_A&#8221; css=&#8221;&#8221;][vc_video link=&#8221;https:\/\/youtu.be\/o8HGOd1NtEY&#8221; css=&#8221;&#8221;][\/vc_column][\/vc_row]<\/p>\n<\/div>","protected":false},"excerpt":{"rendered":"<p>[vc_row][vc_column][vc_empty_space][\/vc_column][\/vc_row][vc_row][vc_column width=&#8221;3\/4&#8243;][vc_single_image image=&#8221;11852&#8243; img_size=&#8221;large&#8221; css=&#8221;.vc_custom_1747057669710{margin-bottom: 0px !important;padding-bottom: 0px !important;}&#8221;][vc_column_text css=&#8221;&#8221;] Photo : Jimmy Katz [\/vc_column_text][vc_column_text css=&#8221;&#8221;]His only time in Limoges goes back to the Jazz En Limousin Festival in 1991 &#8230;<\/p>\n","protected":false},"author":1,"featured_media":11852,"parent":11769,"menu_order":1,"comment_status":"closed","ping_status":"closed","template":"","meta":{"footnotes":""},"class_list":["post-11850","page","type-page","status-publish","has-post-thumbnail","hentry"],"translation":{"provider":"WPGlobus","version":"3.0.2","language":"gb","enabled_languages":["fr","gb"],"languages":{"fr":{"title":true,"content":true,"excerpt":false},"gb":{"title":true,"content":true,"excerpt":false}}},"yoast_head":"<!-- This site is optimized with the Yoast SEO plugin v27.4 - https:\/\/yoast.com\/product\/yoast-seo-wordpress\/ -->\n<title>KENNY BARRON TRIO - Festival \u00c9clats d&#039;\u00c9mail Jazz \u00c9dition<\/title>\n<meta name=\"robots\" content=\"index, follow, max-snippet:-1, max-image-preview:large, max-video-preview:-1\" \/>\n<link rel=\"canonical\" href=\"https:\/\/www.eclatsdemail.com\/agenda-2025\/kenny-barron-trio\/\" \/>\n<meta property=\"og:locale\" content=\"en_GB\" \/>\n<meta property=\"og:type\" content=\"article\" \/>\n<meta property=\"og:title\" content=\"KENNY BARRON TRIO - Festival \u00c9clats d&#039;\u00c9mail Jazz \u00c9dition\" \/>\n<meta property=\"og:url\" content=\"https:\/\/www.eclatsdemail.com\/agenda-2025\/kenny-barron-trio\/\" \/>\n<meta property=\"og:site_name\" content=\"Festival \u00c9clats d&#039;\u00c9mail Jazz \u00c9dition\" \/>\n<meta property=\"article:publisher\" content=\"https:\/\/www.facebook.com\/jazzeclatsdemail\" \/>\n<meta property=\"article:modified_time\" content=\"2025-08-22T16:11:17+00:00\" \/>\n<meta property=\"og:image\" content=\"https:\/\/www.eclatsdemail.com\/wp-content\/uploads\/2025\/05\/Kenny-Barron.jpg\" \/>\n\t<meta property=\"og:image:width\" content=\"2160\" \/>\n\t<meta property=\"og:image:height\" content=\"2160\" \/>\n\t<meta property=\"og:image:type\" content=\"image\/jpeg\" \/>\n<meta name=\"twitter:card\" content=\"summary_large_image\" \/>\n<meta name=\"twitter:site\" content=\"@eclatsemailjazz\" \/>\n<meta name=\"twitter:label1\" content=\"Est. reading time\" \/>\n\t<meta name=\"twitter:data1\" content=\"4 minutes\" \/>\n<script type=\"application\/ld+json\" class=\"yoast-schema-graph\">{\"@context\":\"https:\\\/\\\/schema.org\",\"@graph\":[{\"@type\":\"WebPage\",\"@id\":\"https:\\\/\\\/www.eclatsdemail.com\\\/agenda-2025\\\/kenny-barron-trio\\\/\",\"url\":\"https:\\\/\\\/www.eclatsdemail.com\\\/agenda-2025\\\/kenny-barron-trio\\\/\",\"name\":\"KENNY BARRON TRIO - Festival \u00c9clats d&#039;\u00c9mail Jazz \u00c9dition\",\"isPartOf\":{\"@id\":\"https:\\\/\\\/www.eclatsdemail.com\\\/#website\"},\"primaryImageOfPage\":{\"@id\":\"https:\\\/\\\/www.eclatsdemail.com\\\/agenda-2025\\\/kenny-barron-trio\\\/#primaryimage\"},\"image\":{\"@id\":\"https:\\\/\\\/www.eclatsdemail.com\\\/agenda-2025\\\/kenny-barron-trio\\\/#primaryimage\"},\"thumbnailUrl\":\"https:\\\/\\\/www.eclatsdemail.com\\\/wp-content\\\/uploads\\\/2025\\\/05\\\/Kenny-Barron.jpg\",\"datePublished\":\"2025-05-12T13:38:29+00:00\",\"dateModified\":\"2025-08-22T16:11:17+00:00\",\"breadcrumb\":{\"@id\":\"https:\\\/\\\/www.eclatsdemail.com\\\/agenda-2025\\\/kenny-barron-trio\\\/#breadcrumb\"},\"inLanguage\":\"en-GB\",\"potentialAction\":[{\"@type\":\"ReadAction\",\"target\":[\"https:\\\/\\\/www.eclatsdemail.com\\\/agenda-2025\\\/kenny-barron-trio\\\/\"]}]},{\"@type\":\"ImageObject\",\"inLanguage\":\"en-GB\",\"@id\":\"https:\\\/\\\/www.eclatsdemail.com\\\/agenda-2025\\\/kenny-barron-trio\\\/#primaryimage\",\"url\":\"https:\\\/\\\/www.eclatsdemail.com\\\/wp-content\\\/uploads\\\/2025\\\/05\\\/Kenny-Barron.jpg\",\"contentUrl\":\"https:\\\/\\\/www.eclatsdemail.com\\\/wp-content\\\/uploads\\\/2025\\\/05\\\/Kenny-Barron.jpg\",\"width\":2160,\"height\":2160},{\"@type\":\"BreadcrumbList\",\"@id\":\"https:\\\/\\\/www.eclatsdemail.com\\\/agenda-2025\\\/kenny-barron-trio\\\/#breadcrumb\",\"itemListElement\":[{\"@type\":\"ListItem\",\"position\":1,\"name\":\"Accueil\",\"item\":\"https:\\\/\\\/www.eclatsdemail.com\\\/\"},{\"@type\":\"ListItem\",\"position\":2,\"name\":\"L&rsquo;agenda 2025\",\"item\":\"https:\\\/\\\/www.eclatsdemail.com\\\/agenda-2025\\\/\"},{\"@type\":\"ListItem\",\"position\":3,\"name\":\"KENNY BARRON TRIO\"}]},{\"@type\":\"WebSite\",\"@id\":\"https:\\\/\\\/www.eclatsdemail.com\\\/#website\",\"url\":\"https:\\\/\\\/www.eclatsdemail.com\\\/\",\"name\":\"Festival \u00c9clats d&#039;\u00c9mail Jazz \u00c9dition\",\"description\":\"2024\",\"publisher\":{\"@id\":\"https:\\\/\\\/www.eclatsdemail.com\\\/#organization\"},\"potentialAction\":[{\"@type\":\"SearchAction\",\"target\":{\"@type\":\"EntryPoint\",\"urlTemplate\":\"https:\\\/\\\/www.eclatsdemail.com\\\/?s={search_term_string}\"},\"query-input\":{\"@type\":\"PropertyValueSpecification\",\"valueRequired\":true,\"valueName\":\"search_term_string\"}}],\"inLanguage\":\"en-GB\"},{\"@type\":\"Organization\",\"@id\":\"https:\\\/\\\/www.eclatsdemail.com\\\/#organization\",\"name\":\"Festival \u00c9clats d'\u00c9mail Jazz \u00c9dition\",\"url\":\"https:\\\/\\\/www.eclatsdemail.com\\\/\",\"logo\":{\"@type\":\"ImageObject\",\"inLanguage\":\"en-GB\",\"@id\":\"https:\\\/\\\/www.eclatsdemail.com\\\/#\\\/schema\\\/logo\\\/image\\\/\",\"url\":\"https:\\\/\\\/www.eclatsdemail.com\\\/wp-content\\\/uploads\\\/2022\\\/05\\\/cropped-logo2022.png\",\"contentUrl\":\"https:\\\/\\\/www.eclatsdemail.com\\\/wp-content\\\/uploads\\\/2022\\\/05\\\/cropped-logo2022.png\",\"width\":616,\"height\":100,\"caption\":\"Festival \u00c9clats d'\u00c9mail Jazz \u00c9dition\"},\"image\":{\"@id\":\"https:\\\/\\\/www.eclatsdemail.com\\\/#\\\/schema\\\/logo\\\/image\\\/\"},\"sameAs\":[\"https:\\\/\\\/www.facebook.com\\\/jazzeclatsdemail\",\"https:\\\/\\\/x.com\\\/eclatsemailjazz\",\"https:\\\/\\\/www.instagram.com\\\/Festival_Eclats_d_Email_JAZZ\\\/\"]}]}<\/script>\n<!-- \/ Yoast SEO plugin. -->","yoast_head_json":{"title":"KENNY BARRON TRIO - Festival \u00c9clats d&#039;\u00c9mail Jazz \u00c9dition","robots":{"index":"index","follow":"follow","max-snippet":"max-snippet:-1","max-image-preview":"max-image-preview:large","max-video-preview":"max-video-preview:-1"},"canonical":"https:\/\/www.eclatsdemail.com\/agenda-2025\/kenny-barron-trio\/","og_locale":"en_GB","og_type":"article","og_title":"KENNY BARRON TRIO - Festival \u00c9clats d&#039;\u00c9mail Jazz \u00c9dition","og_url":"https:\/\/www.eclatsdemail.com\/agenda-2025\/kenny-barron-trio\/","og_site_name":"Festival \u00c9clats d&#039;\u00c9mail Jazz \u00c9dition","article_publisher":"https:\/\/www.facebook.com\/jazzeclatsdemail","article_modified_time":"2025-08-22T16:11:17+00:00","og_image":[{"width":2160,"height":2160,"url":"https:\/\/www.eclatsdemail.com\/wp-content\/uploads\/2025\/05\/Kenny-Barron.jpg","type":"image\/jpeg"}],"twitter_card":"summary_large_image","twitter_site":"@eclatsemailjazz","twitter_misc":{"Est. reading time":"4 minutes"},"schema":{"@context":"https:\/\/schema.org","@graph":[{"@type":"WebPage","@id":"https:\/\/www.eclatsdemail.com\/agenda-2025\/kenny-barron-trio\/","url":"https:\/\/www.eclatsdemail.com\/agenda-2025\/kenny-barron-trio\/","name":"KENNY BARRON TRIO - Festival \u00c9clats d&#039;\u00c9mail Jazz \u00c9dition","isPartOf":{"@id":"https:\/\/www.eclatsdemail.com\/#website"},"primaryImageOfPage":{"@id":"https:\/\/www.eclatsdemail.com\/agenda-2025\/kenny-barron-trio\/#primaryimage"},"image":{"@id":"https:\/\/www.eclatsdemail.com\/agenda-2025\/kenny-barron-trio\/#primaryimage"},"thumbnailUrl":"https:\/\/www.eclatsdemail.com\/wp-content\/uploads\/2025\/05\/Kenny-Barron.jpg","datePublished":"2025-05-12T13:38:29+00:00","dateModified":"2025-08-22T16:11:17+00:00","breadcrumb":{"@id":"https:\/\/www.eclatsdemail.com\/agenda-2025\/kenny-barron-trio\/#breadcrumb"},"inLanguage":"en-GB","potentialAction":[{"@type":"ReadAction","target":["https:\/\/www.eclatsdemail.com\/agenda-2025\/kenny-barron-trio\/"]}]},{"@type":"ImageObject","inLanguage":"en-GB","@id":"https:\/\/www.eclatsdemail.com\/agenda-2025\/kenny-barron-trio\/#primaryimage","url":"https:\/\/www.eclatsdemail.com\/wp-content\/uploads\/2025\/05\/Kenny-Barron.jpg","contentUrl":"https:\/\/www.eclatsdemail.com\/wp-content\/uploads\/2025\/05\/Kenny-Barron.jpg","width":2160,"height":2160},{"@type":"BreadcrumbList","@id":"https:\/\/www.eclatsdemail.com\/agenda-2025\/kenny-barron-trio\/#breadcrumb","itemListElement":[{"@type":"ListItem","position":1,"name":"Accueil","item":"https:\/\/www.eclatsdemail.com\/"},{"@type":"ListItem","position":2,"name":"L&rsquo;agenda 2025","item":"https:\/\/www.eclatsdemail.com\/agenda-2025\/"},{"@type":"ListItem","position":3,"name":"KENNY BARRON TRIO"}]},{"@type":"WebSite","@id":"https:\/\/www.eclatsdemail.com\/#website","url":"https:\/\/www.eclatsdemail.com\/","name":"Festival \u00c9clats d&#039;\u00c9mail Jazz \u00c9dition","description":"2024","publisher":{"@id":"https:\/\/www.eclatsdemail.com\/#organization"},"potentialAction":[{"@type":"SearchAction","target":{"@type":"EntryPoint","urlTemplate":"https:\/\/www.eclatsdemail.com\/?s={search_term_string}"},"query-input":{"@type":"PropertyValueSpecification","valueRequired":true,"valueName":"search_term_string"}}],"inLanguage":"en-GB"},{"@type":"Organization","@id":"https:\/\/www.eclatsdemail.com\/#organization","name":"Festival \u00c9clats d'\u00c9mail Jazz \u00c9dition","url":"https:\/\/www.eclatsdemail.com\/","logo":{"@type":"ImageObject","inLanguage":"en-GB","@id":"https:\/\/www.eclatsdemail.com\/#\/schema\/logo\/image\/","url":"https:\/\/www.eclatsdemail.com\/wp-content\/uploads\/2022\/05\/cropped-logo2022.png","contentUrl":"https:\/\/www.eclatsdemail.com\/wp-content\/uploads\/2022\/05\/cropped-logo2022.png","width":616,"height":100,"caption":"Festival \u00c9clats d'\u00c9mail Jazz \u00c9dition"},"image":{"@id":"https:\/\/www.eclatsdemail.com\/#\/schema\/logo\/image\/"},"sameAs":["https:\/\/www.facebook.com\/jazzeclatsdemail","https:\/\/x.com\/eclatsemailjazz","https:\/\/www.instagram.com\/Festival_Eclats_d_Email_JAZZ\/"]}]}},"_links":{"self":[{"href":"https:\/\/www.eclatsdemail.com\/gb\/wp-json\/wp\/v2\/pages\/11850","targetHints":{"allow":["GET"]}}],"collection":[{"href":"https:\/\/www.eclatsdemail.com\/gb\/wp-json\/wp\/v2\/pages"}],"about":[{"href":"https:\/\/www.eclatsdemail.com\/gb\/wp-json\/wp\/v2\/types\/page"}],"author":[{"embeddable":true,"href":"https:\/\/www.eclatsdemail.com\/gb\/wp-json\/wp\/v2\/users\/1"}],"replies":[{"embeddable":true,"href":"https:\/\/www.eclatsdemail.com\/gb\/wp-json\/wp\/v2\/comments?post=11850"}],"version-history":[{"count":10,"href":"https:\/\/www.eclatsdemail.com\/gb\/wp-json\/wp\/v2\/pages\/11850\/revisions"}],"predecessor-version":[{"id":12309,"href":"https:\/\/www.eclatsdemail.com\/gb\/wp-json\/wp\/v2\/pages\/11850\/revisions\/12309"}],"up":[{"embeddable":true,"href":"https:\/\/www.eclatsdemail.com\/gb\/wp-json\/wp\/v2\/pages\/11769"}],"wp:featuredmedia":[{"embeddable":true,"href":"https:\/\/www.eclatsdemail.com\/gb\/wp-json\/wp\/v2\/media\/11852"}],"wp:attachment":[{"href":"https:\/\/www.eclatsdemail.com\/gb\/wp-json\/wp\/v2\/media?parent=11850"}],"curies":[{"name":"wp","href":"https:\/\/api.w.org\/{rel}","templated":true}]}}