{"id":11838,"date":"2025-05-12T15:14:18","date_gmt":"2025-05-12T13:14:18","guid":{"rendered":"https:\/\/www.eclatsdemail.com\/?page_id=11838"},"modified":"2025-05-14T16:31:58","modified_gmt":"2025-05-14T14:31:58","slug":"duo-jatekok","status":"publish","type":"page","link":"https:\/\/www.eclatsdemail.com\/gb\/agenda-2025\/duo-jatekok\/","title":{"rendered":"DUO JATEKOK \u00ab CRAZY QUILT \u00bb"},"content":{"rendered":"<div class=\"wpb-content-wrapper\"><p>[vc_row][vc_column][vc_empty_space][\/vc_column][\/vc_row][vc_row][vc_column width=&#8221;3\/4&#8243;][vc_single_image image=&#8221;11839&#8243; img_size=&#8221;large&#8221; css=&#8221;.vc_custom_1747055767402{margin-bottom: 0px !important;padding-bottom: 0px !important;}&#8221;][vc_column_text css=&#8221;&#8221;]<\/p>\n<p style=\"text-align: right; font-size: 10px;\">Photo : G. Arnoldy<\/p>\n<p>[\/vc_column_text][vc_column_text css=&#8221;&#8221;]<span style=\"font-weight: 400;\">Naira Badal and Ad\u00e9la\u00efde Panaget formed the Duo Jatekok,\u201cgame\u201d in Hungarian, in 2011. An idea that is their \u201ctouch\u201d. Accustomed to presenting original projects to the public, be it through sand drawing, mime or hip-hop, they are not afraid of crossover, so much so that they were invited to be the opening act of the German metal band Rammstein during their 2019 and 2022 tours of European and American stadiums.<\/span><\/p>\n<p><span style=\"font-weight: 400;\">Classical-trained pianists \u2013 and associated artists at the Limoges Opera \u2013 they transcend stylistic boundaries and have long explored the jazz world and aesthetics, since their second record \u201c<\/span><i><span style=\"font-weight: 400;\">Les Boys<\/span><\/i><span style=\"font-weight: 400;\">\u201d for which they worked with pianist Baptiste Trotignon and on which they recorded his \u201c<\/span><i><span style=\"font-weight: 400;\">3 pieces for 2 pianos<\/span><\/i><span style=\"font-weight: 400;\">\u201d as well as Brubeck\u2019s <\/span><i><span style=\"font-weight: 400;\">\u201cPoints on jazz<\/span><\/i><span style=\"font-weight: 400;\">\u201d. Beat, lyricism and improvisation are all part of \u201c<\/span><i><span style=\"font-weight: 400;\">Crazy Quilt<\/span><\/i><span style=\"font-weight: 400;\">\u201d, the two-piano programme they are preparing for \u00c9clats d\u2019\u00c9mail. They cover the music of the record <\/span><i><span style=\"font-weight: 400;\">Modern Music<\/span><\/i><span style=\"font-weight: 400;\"> and reveal its echoes and the links between all those prominent figures of jazz and America\u2019s minimalist music.<\/span><\/p>\n<p><span style=\"font-weight: 400;\">A concert in their image: vibrant and expressive !<\/span><\/p>\n<p>&nbsp;<\/p>\n<p><strong><i>Crazy Quilt<\/i><\/strong><\/p>\n<p><span style=\"font-weight: 400;\">ORNETTE COLEMAN \/ ZIMMERLI\u00a0 Lonely Women<br \/>\n<\/span><span style=\"font-weight: 400;\">ZIMMERLI\u00a0 Modern Music, Generatrix, Crazy Quilt, Celtic Folk Melody<br \/>\n<\/span><span style=\"font-weight: 400;\">GLASS\u00a0 4 movements<br \/>\n<\/span><span style=\"font-weight: 400;\">TROTIGNON\u00a0 3 pieces<br \/>\n<\/span><span style=\"font-weight: 400;\">MONK\u00a0 Ellis Island<br \/>\n<\/span>BRUBECK\u00a0 Points on jazz (excerpts)[\/vc_column_text][vc_column_text css=&#8221;&#8221;]<strong>Line-up\u00a0:<br \/>\n<\/strong><span style=\"font-weight: 400;\">Ad\u00e9la\u00efde Panaget &#8211; piano<br \/>\nNa\u00efri Badal &#8211; piano<\/span>[\/vc_column_text][vc_raw_html css=&#8221;&#8221;]JTNDYSUyMHRhcmdldCUzRCUyMl9ibGFuayUyMiUyMGhyZWYlM0QlMjJodHRwcyUzQSUyRiUyRnd3dy5mYWNlYm9vay5jb20lMkZEdW9KYXRla29rT2ZmaWNpZWwlMkYlM0Zsb2NhbGUlM0Rmcl9GUiUyMiUyMHRpdGxlJTNEJTIyZmFjZWJvb2slMjIlMjBjbGFzcyUzRCUyMmljb24tc29jaWFsJTIyJTNFJTNDaSUyMGNsYXNzJTNEJTIyZmElMjBmYS1mYWNlYm9vay1zcXVhcmUlMjIlM0UlM0MlMkZpJTNFJTNDJTJGYSUzRSUwRCUwQSUzQ2ElMjB0YXJnZXQlM0QlMjJfYmxhbmslMjIlMjBocmVmJTNEJTIyaHR0cHMlM0ElMkYlMkZ3d3cuaW5zdGFncmFtLmNvbSUyRmR1b2phdGVrb2slMkYlM0ZobCUzRGZyJTIyJTIwdGl0bGUlM0QlMjJpbnN0YWdyYW0lMjIlMjBjbGFzcyUzRCUyMmljb24tc29jaWFsJTIyJTNFJTNDaSUyMGNsYXNzJTNEJTIyZmElMjBmYS1pbnN0YWdyYW0lMjIlM0UlM0MlMkZpJTNFJTNDJTJGYSUzRSUwRCUwQQ==[\/vc_raw_html][\/vc_column][vc_column width=&#8221;1\/4&#8243;][vc_column_text css=&#8221;.vc_custom_1747055941632{padding-top: 10px !important;padding-right: 10px !important;padding-bottom: 10px !important;padding-left: 10px !important;background-color: #ffff00 !important;}&#8221;]<\/p>\n<h3 class=\"date-concert\">TUESDAY NOVEMBER 18<br \/>\n8:00 PM<br \/>\nGRAND TH\u00c9\u00c2TRE &#8211; LIMOGES<\/h3>\n<h3 class=\"date-concert\">FREE PLACEMENT<\/h3>\n<p>[\/vc_column_text][vc_single_image image=&#8221;2120&#8243; img_size=&#8221;medium&#8221; onclick=&#8221;custom_link&#8221; img_link_target=&#8221;_blank&#8221; css=&#8221;&#8221; link=&#8221;https:\/\/www.operalimoges.fr\/&#8221;][vc_custom_heading text=&#8221;FULL PRICE : 30 \u20ac (excluding Weezevent commission)&#8221; font_container=&#8221;tag:h2|font_size:20|text_align:left|color:%23000000&#8243; use_theme_fonts=&#8221;yes&#8221;][vc_column_text]<span style=\"font-family: tilt-neon;\">REDUCED PRICE : For more information, please contact the Op\u00e9ra de Limoges &#8211; Grand Th\u00e9\u00e2tre : 05 55 45 95 95 \/ billetterie@operalimoges.fr<\/span>[\/vc_column_text][vc_column_text css=&#8221;.vc_custom_1679923533594{padding-top: 10px !important;padding-right: 10px !important;padding-bottom: 10px !important;padding-left: 10px !important;background-color: #ffff00 !important;}&#8221;]<\/p>\n<h3 class=\"places\">GET YOUR TICKETS<\/h3>\n<p>[\/vc_column_text][vc_raw_html css=&#8221;&#8221;]JTNDYSUyMHRpdGxlJTNEJTIyTG9naWNpZWwlMjBiaWxsZXR0ZXJpZSUyMGVuJTIwbGlnbmUlMjIlMEElMjAlMjAlMjBocmVmJTNEJTIyaHR0cHMlM0ElMkYlMkZ3ZWV6ZXZlbnQuY29tJTJGJTNGYyUzRHN5c193aWRnZXQlMjIlMEElMjAlMjAlMjBjbGFzcyUzRCUyMndlZXpldmVudC13aWRnZXQtaW50ZWdyYXRpb24lMjIlMEElMjAlMjAlMjBkYXRhLXNyYyUzRCUyMmh0dHBzJTNBJTJGJTJGd2lkZ2V0LndlZXpldmVudC5jb20lMkZ0aWNrZXQlMkZFMTMxMDI2NCUyRiUzRmNvZGUlM0Q3MjM3OSUyNmxvY2FsZSUzRGZyLUZSJTI2d2lkdGhfYXV0byUzRDElMjZjb2xvcl9wcmltYXJ5JTNEMDBBRUVGJTIyJTBBJTIwJTIwJTIwZGF0YS13aWR0aCUzRCUyMjY1MCUyMiUwQSUyMCUyMCUyMGRhdGEtaGVpZ2h0JTNEJTIyNjAwJTIyJTBBJTIwJTIwJTIwZGF0YS1pZCUzRCUyMjEzMTAyNjQlMjIlMEElMjAlMjAlMjBkYXRhLXJlc2l6ZSUzRCUyMjElMjIlMEElMjAlMjAlMjBkYXRhLXdpZHRoX2F1dG8lM0QlMjIxJTIyJTBBJTIwJTIwJTIwZGF0YS1ub3Njcm9sbCUzRCUyMjAlMjIlMEElMjAlMjAlMjBkYXRhLXVzZS1jb250YWluZXIlM0QlMjJ5ZXMlMjIlMEElMjAlMjAlMjBkYXRhLXR5cGUlM0QlMjJuZW8lMjIlMEElMjAlMjAlMjB0YXJnZXQlM0QlMjJfYmxhbmslMjIlM0VCaWxsZXR0ZXJpZSUyMFdlZXpldmVudCUzQyUyRmElM0UlMjAlM0NzY3JpcHQlMjB0eXBlJTNEJTIydGV4dCUyRmphdmFzY3JpcHQlMjIlMjBzcmMlM0QlMjJodHRwcyUzQSUyRiUyRndpZGdldC53ZWV6ZXZlbnQuY29tJTJGd2Vlei5qcyUyMiUzRSUzQyUyRnNjcmlwdCUzRSUwQSUyMCUwQQ==[\/vc_raw_html][vc_btn title=&#8221;Choose the <strong>FESTIVAL PASS<\/strong> for 4, 6 or 8 concerts and enjoy even more interesting rates.&#8221; style=&#8221;classic&#8221; shape=&#8221;square&#8221; color=&#8221;black&#8221; css=&#8221;&#8221; link=&#8221;url:https%3A%2F%2Fwww.eclatsdemail.com%2Fgb%2Fbilletterie%2F&#8221;][\/vc_column][\/vc_row][vc_row][vc_column][vc_video link=&#8221;https:\/\/www.youtube.com\/watch?v=KOnd_6ShFos&#8221; css=&#8221;&#8221;][\/vc_column][\/vc_row]<\/p>\n<\/div>","protected":false},"excerpt":{"rendered":"<p>[vc_row][vc_column][vc_empty_space][\/vc_column][\/vc_row][vc_row][vc_column width=&#8221;3\/4&#8243;][vc_single_image image=&#8221;11839&#8243; img_size=&#8221;large&#8221; css=&#8221;.vc_custom_1747055767402{margin-bottom: 0px !important;padding-bottom: 0px !important;}&#8221;][vc_column_text css=&#8221;&#8221;] Photo : G. Arnoldy [\/vc_column_text][vc_column_text css=&#8221;&#8221;]Naira Badal and Ad\u00e9la\u00efde Panaget formed the Duo Jatekok,\u201cgame\u201d in Hungarian, in 2011. An idea &#8230;<\/p>\n","protected":false},"author":1,"featured_media":11839,"parent":11769,"menu_order":1,"comment_status":"closed","ping_status":"closed","template":"","meta":{"footnotes":""},"class_list":["post-11838","page","type-page","status-publish","has-post-thumbnail","hentry"],"translation":{"provider":"WPGlobus","version":"3.0.2","language":"gb","enabled_languages":["fr","gb"],"languages":{"fr":{"title":true,"content":true,"excerpt":false},"gb":{"title":true,"content":true,"excerpt":false}}},"yoast_head":"<!-- This site is optimized with the Yoast SEO plugin v27.5 - https:\/\/yoast.com\/product\/yoast-seo-wordpress\/ -->\n<title>DUO JATEKOK \u00ab CRAZY QUILT \u00bb - Festival \u00c9clats d&#039;\u00c9mail Jazz \u00c9dition<\/title>\n<meta name=\"robots\" content=\"index, follow, max-snippet:-1, max-image-preview:large, max-video-preview:-1\" \/>\n<link rel=\"canonical\" href=\"https:\/\/www.eclatsdemail.com\/agenda-2025\/duo-jatekok\/\" \/>\n<meta property=\"og:locale\" content=\"en_GB\" \/>\n<meta property=\"og:type\" content=\"article\" \/>\n<meta property=\"og:title\" content=\"DUO JATEKOK \u00ab CRAZY QUILT \u00bb - Festival \u00c9clats d&#039;\u00c9mail Jazz \u00c9dition\" \/>\n<meta property=\"og:url\" content=\"https:\/\/www.eclatsdemail.com\/agenda-2025\/duo-jatekok\/\" \/>\n<meta property=\"og:site_name\" content=\"Festival \u00c9clats d&#039;\u00c9mail Jazz \u00c9dition\" \/>\n<meta property=\"article:publisher\" content=\"https:\/\/www.facebook.com\/jazzeclatsdemail\" \/>\n<meta property=\"article:modified_time\" content=\"2025-05-14T14:31:58+00:00\" \/>\n<meta property=\"og:image\" content=\"https:\/\/www.eclatsdemail.com\/wp-content\/uploads\/2025\/05\/Duo-Jatekok.jpg\" \/>\n\t<meta property=\"og:image:width\" content=\"2160\" \/>\n\t<meta property=\"og:image:height\" content=\"2160\" \/>\n\t<meta property=\"og:image:type\" content=\"image\/jpeg\" \/>\n<meta name=\"twitter:card\" content=\"summary_large_image\" \/>\n<meta name=\"twitter:site\" content=\"@eclatsemailjazz\" \/>\n<meta name=\"twitter:label1\" content=\"Est. reading time\" \/>\n\t<meta name=\"twitter:data1\" content=\"3 minutes\" \/>\n<script type=\"application\/ld+json\" class=\"yoast-schema-graph\">{\"@context\":\"https:\\\/\\\/schema.org\",\"@graph\":[{\"@type\":\"WebPage\",\"@id\":\"https:\\\/\\\/www.eclatsdemail.com\\\/agenda-2025\\\/duo-jatekok\\\/\",\"url\":\"https:\\\/\\\/www.eclatsdemail.com\\\/agenda-2025\\\/duo-jatekok\\\/\",\"name\":\"DUO JATEKOK \u00ab CRAZY QUILT \u00bb - Festival \u00c9clats d&#039;\u00c9mail Jazz \u00c9dition\",\"isPartOf\":{\"@id\":\"https:\\\/\\\/www.eclatsdemail.com\\\/#website\"},\"primaryImageOfPage\":{\"@id\":\"https:\\\/\\\/www.eclatsdemail.com\\\/agenda-2025\\\/duo-jatekok\\\/#primaryimage\"},\"image\":{\"@id\":\"https:\\\/\\\/www.eclatsdemail.com\\\/agenda-2025\\\/duo-jatekok\\\/#primaryimage\"},\"thumbnailUrl\":\"https:\\\/\\\/www.eclatsdemail.com\\\/wp-content\\\/uploads\\\/2025\\\/05\\\/Duo-Jatekok.jpg\",\"datePublished\":\"2025-05-12T13:14:18+00:00\",\"dateModified\":\"2025-05-14T14:31:58+00:00\",\"breadcrumb\":{\"@id\":\"https:\\\/\\\/www.eclatsdemail.com\\\/agenda-2025\\\/duo-jatekok\\\/#breadcrumb\"},\"inLanguage\":\"en-GB\",\"potentialAction\":[{\"@type\":\"ReadAction\",\"target\":[\"https:\\\/\\\/www.eclatsdemail.com\\\/agenda-2025\\\/duo-jatekok\\\/\"]}]},{\"@type\":\"ImageObject\",\"inLanguage\":\"en-GB\",\"@id\":\"https:\\\/\\\/www.eclatsdemail.com\\\/agenda-2025\\\/duo-jatekok\\\/#primaryimage\",\"url\":\"https:\\\/\\\/www.eclatsdemail.com\\\/wp-content\\\/uploads\\\/2025\\\/05\\\/Duo-Jatekok.jpg\",\"contentUrl\":\"https:\\\/\\\/www.eclatsdemail.com\\\/wp-content\\\/uploads\\\/2025\\\/05\\\/Duo-Jatekok.jpg\",\"width\":2160,\"height\":2160},{\"@type\":\"BreadcrumbList\",\"@id\":\"https:\\\/\\\/www.eclatsdemail.com\\\/agenda-2025\\\/duo-jatekok\\\/#breadcrumb\",\"itemListElement\":[{\"@type\":\"ListItem\",\"position\":1,\"name\":\"Accueil\",\"item\":\"https:\\\/\\\/www.eclatsdemail.com\\\/\"},{\"@type\":\"ListItem\",\"position\":2,\"name\":\"L&rsquo;agenda 2025\",\"item\":\"https:\\\/\\\/www.eclatsdemail.com\\\/agenda-2025\\\/\"},{\"@type\":\"ListItem\",\"position\":3,\"name\":\"DUO JATEKOK \u00ab CRAZY QUILT \u00bb\"}]},{\"@type\":\"WebSite\",\"@id\":\"https:\\\/\\\/www.eclatsdemail.com\\\/#website\",\"url\":\"https:\\\/\\\/www.eclatsdemail.com\\\/\",\"name\":\"Festival \u00c9clats d&#039;\u00c9mail Jazz \u00c9dition\",\"description\":\"2024\",\"publisher\":{\"@id\":\"https:\\\/\\\/www.eclatsdemail.com\\\/#organization\"},\"potentialAction\":[{\"@type\":\"SearchAction\",\"target\":{\"@type\":\"EntryPoint\",\"urlTemplate\":\"https:\\\/\\\/www.eclatsdemail.com\\\/?s={search_term_string}\"},\"query-input\":{\"@type\":\"PropertyValueSpecification\",\"valueRequired\":true,\"valueName\":\"search_term_string\"}}],\"inLanguage\":\"en-GB\"},{\"@type\":\"Organization\",\"@id\":\"https:\\\/\\\/www.eclatsdemail.com\\\/#organization\",\"name\":\"Festival \u00c9clats d'\u00c9mail Jazz \u00c9dition\",\"url\":\"https:\\\/\\\/www.eclatsdemail.com\\\/\",\"logo\":{\"@type\":\"ImageObject\",\"inLanguage\":\"en-GB\",\"@id\":\"https:\\\/\\\/www.eclatsdemail.com\\\/#\\\/schema\\\/logo\\\/image\\\/\",\"url\":\"https:\\\/\\\/www.eclatsdemail.com\\\/wp-content\\\/uploads\\\/2022\\\/05\\\/cropped-logo2022.png\",\"contentUrl\":\"https:\\\/\\\/www.eclatsdemail.com\\\/wp-content\\\/uploads\\\/2022\\\/05\\\/cropped-logo2022.png\",\"width\":616,\"height\":100,\"caption\":\"Festival \u00c9clats d'\u00c9mail Jazz \u00c9dition\"},\"image\":{\"@id\":\"https:\\\/\\\/www.eclatsdemail.com\\\/#\\\/schema\\\/logo\\\/image\\\/\"},\"sameAs\":[\"https:\\\/\\\/www.facebook.com\\\/jazzeclatsdemail\",\"https:\\\/\\\/x.com\\\/eclatsemailjazz\",\"https:\\\/\\\/www.instagram.com\\\/Festival_Eclats_d_Email_JAZZ\\\/\"]}]}<\/script>\n<!-- \/ Yoast SEO plugin. -->","yoast_head_json":{"title":"DUO JATEKOK \u00ab CRAZY QUILT \u00bb - Festival \u00c9clats d&#039;\u00c9mail Jazz \u00c9dition","robots":{"index":"index","follow":"follow","max-snippet":"max-snippet:-1","max-image-preview":"max-image-preview:large","max-video-preview":"max-video-preview:-1"},"canonical":"https:\/\/www.eclatsdemail.com\/agenda-2025\/duo-jatekok\/","og_locale":"en_GB","og_type":"article","og_title":"DUO JATEKOK \u00ab CRAZY QUILT \u00bb - Festival \u00c9clats d&#039;\u00c9mail Jazz \u00c9dition","og_url":"https:\/\/www.eclatsdemail.com\/agenda-2025\/duo-jatekok\/","og_site_name":"Festival \u00c9clats d&#039;\u00c9mail Jazz \u00c9dition","article_publisher":"https:\/\/www.facebook.com\/jazzeclatsdemail","article_modified_time":"2025-05-14T14:31:58+00:00","og_image":[{"width":2160,"height":2160,"url":"https:\/\/www.eclatsdemail.com\/wp-content\/uploads\/2025\/05\/Duo-Jatekok.jpg","type":"image\/jpeg"}],"twitter_card":"summary_large_image","twitter_site":"@eclatsemailjazz","twitter_misc":{"Est. reading time":"3 minutes"},"schema":{"@context":"https:\/\/schema.org","@graph":[{"@type":"WebPage","@id":"https:\/\/www.eclatsdemail.com\/agenda-2025\/duo-jatekok\/","url":"https:\/\/www.eclatsdemail.com\/agenda-2025\/duo-jatekok\/","name":"DUO JATEKOK \u00ab CRAZY QUILT \u00bb - Festival \u00c9clats d&#039;\u00c9mail Jazz \u00c9dition","isPartOf":{"@id":"https:\/\/www.eclatsdemail.com\/#website"},"primaryImageOfPage":{"@id":"https:\/\/www.eclatsdemail.com\/agenda-2025\/duo-jatekok\/#primaryimage"},"image":{"@id":"https:\/\/www.eclatsdemail.com\/agenda-2025\/duo-jatekok\/#primaryimage"},"thumbnailUrl":"https:\/\/www.eclatsdemail.com\/wp-content\/uploads\/2025\/05\/Duo-Jatekok.jpg","datePublished":"2025-05-12T13:14:18+00:00","dateModified":"2025-05-14T14:31:58+00:00","breadcrumb":{"@id":"https:\/\/www.eclatsdemail.com\/agenda-2025\/duo-jatekok\/#breadcrumb"},"inLanguage":"en-GB","potentialAction":[{"@type":"ReadAction","target":["https:\/\/www.eclatsdemail.com\/agenda-2025\/duo-jatekok\/"]}]},{"@type":"ImageObject","inLanguage":"en-GB","@id":"https:\/\/www.eclatsdemail.com\/agenda-2025\/duo-jatekok\/#primaryimage","url":"https:\/\/www.eclatsdemail.com\/wp-content\/uploads\/2025\/05\/Duo-Jatekok.jpg","contentUrl":"https:\/\/www.eclatsdemail.com\/wp-content\/uploads\/2025\/05\/Duo-Jatekok.jpg","width":2160,"height":2160},{"@type":"BreadcrumbList","@id":"https:\/\/www.eclatsdemail.com\/agenda-2025\/duo-jatekok\/#breadcrumb","itemListElement":[{"@type":"ListItem","position":1,"name":"Accueil","item":"https:\/\/www.eclatsdemail.com\/"},{"@type":"ListItem","position":2,"name":"L&rsquo;agenda 2025","item":"https:\/\/www.eclatsdemail.com\/agenda-2025\/"},{"@type":"ListItem","position":3,"name":"DUO JATEKOK \u00ab CRAZY QUILT \u00bb"}]},{"@type":"WebSite","@id":"https:\/\/www.eclatsdemail.com\/#website","url":"https:\/\/www.eclatsdemail.com\/","name":"Festival \u00c9clats d&#039;\u00c9mail Jazz \u00c9dition","description":"2024","publisher":{"@id":"https:\/\/www.eclatsdemail.com\/#organization"},"potentialAction":[{"@type":"SearchAction","target":{"@type":"EntryPoint","urlTemplate":"https:\/\/www.eclatsdemail.com\/?s={search_term_string}"},"query-input":{"@type":"PropertyValueSpecification","valueRequired":true,"valueName":"search_term_string"}}],"inLanguage":"en-GB"},{"@type":"Organization","@id":"https:\/\/www.eclatsdemail.com\/#organization","name":"Festival \u00c9clats d'\u00c9mail Jazz \u00c9dition","url":"https:\/\/www.eclatsdemail.com\/","logo":{"@type":"ImageObject","inLanguage":"en-GB","@id":"https:\/\/www.eclatsdemail.com\/#\/schema\/logo\/image\/","url":"https:\/\/www.eclatsdemail.com\/wp-content\/uploads\/2022\/05\/cropped-logo2022.png","contentUrl":"https:\/\/www.eclatsdemail.com\/wp-content\/uploads\/2022\/05\/cropped-logo2022.png","width":616,"height":100,"caption":"Festival \u00c9clats d'\u00c9mail Jazz \u00c9dition"},"image":{"@id":"https:\/\/www.eclatsdemail.com\/#\/schema\/logo\/image\/"},"sameAs":["https:\/\/www.facebook.com\/jazzeclatsdemail","https:\/\/x.com\/eclatsemailjazz","https:\/\/www.instagram.com\/Festival_Eclats_d_Email_JAZZ\/"]}]}},"_links":{"self":[{"href":"https:\/\/www.eclatsdemail.com\/gb\/wp-json\/wp\/v2\/pages\/11838","targetHints":{"allow":["GET"]}}],"collection":[{"href":"https:\/\/www.eclatsdemail.com\/gb\/wp-json\/wp\/v2\/pages"}],"about":[{"href":"https:\/\/www.eclatsdemail.com\/gb\/wp-json\/wp\/v2\/types\/page"}],"author":[{"embeddable":true,"href":"https:\/\/www.eclatsdemail.com\/gb\/wp-json\/wp\/v2\/users\/1"}],"replies":[{"embeddable":true,"href":"https:\/\/www.eclatsdemail.com\/gb\/wp-json\/wp\/v2\/comments?post=11838"}],"version-history":[{"count":6,"href":"https:\/\/www.eclatsdemail.com\/gb\/wp-json\/wp\/v2\/pages\/11838\/revisions"}],"predecessor-version":[{"id":12069,"href":"https:\/\/www.eclatsdemail.com\/gb\/wp-json\/wp\/v2\/pages\/11838\/revisions\/12069"}],"up":[{"embeddable":true,"href":"https:\/\/www.eclatsdemail.com\/gb\/wp-json\/wp\/v2\/pages\/11769"}],"wp:featuredmedia":[{"embeddable":true,"href":"https:\/\/www.eclatsdemail.com\/gb\/wp-json\/wp\/v2\/media\/11839"}],"wp:attachment":[{"href":"https:\/\/www.eclatsdemail.com\/gb\/wp-json\/wp\/v2\/media?parent=11838"}],"curies":[{"name":"wp","href":"https:\/\/api.w.org\/{rel}","templated":true}]}}