{"id":11833,"date":"2025-05-12T14:59:11","date_gmt":"2025-05-12T12:59:11","guid":{"rendered":"https:\/\/www.eclatsdemail.com\/?page_id=11833"},"modified":"2025-09-25T17:54:09","modified_gmt":"2025-09-25T15:54:09","slug":"c-ly","status":"publish","type":"page","link":"https:\/\/www.eclatsdemail.com\/gb\/agenda-2025\/c-ly\/","title":{"rendered":"C-LY"},"content":{"rendered":"<div class=\"wpb-content-wrapper\"><p>[vc_row][vc_column][vc_empty_space][\/vc_column][\/vc_row][vc_row][vc_column width=&#8221;3\/4&#8243;][vc_single_image image=&#8221;11834&#8243; img_size=&#8221;large&#8221; css=&#8221;.vc_custom_1747054950074{margin-bottom: 0px !important;padding-bottom: 0px !important;}&#8221;][vc_column_text css=&#8221;&#8221;]<\/p>\n<p style=\"text-align: right; font-size: 10px;\">Photo : Pierrick Auboin<\/p>\n<p>[\/vc_column_text][vc_column_text css=&#8221;&#8221;]Discovering and showcasing the talents of local artists is always a great pleasure for a Festival. With C-LY, everything\u2019s there. This Trip-Hop group with neoclassical influences was initiated in 2016 by pianist Nicolas Granelet and guitarist S\u00e9bastien Verlhac. At first a duo, the group remained in an experimental stage until 2022 when they evolved towards their final formation with the addition of two artists from previous collaborations. Alban Guyonnet, a percussionist who played in various projects with Nicolas Granelet joined then, along with Marjolaine Paitel, a charismatic singer that this project reveals in all her profoundness.<\/p>\n<p>C-LY find their bearings and aesthetics around a work mixing acoustic and electronic music. Melodic when they lull us, dynamic when they break free, C-LY\u2019s compositions seek sound purity and hypnotic simplicity. All four musicians get together here for a strange journey, running high, lined with portraits and sensations, the journey of a Trip-Hop atmosphere which became famous with such groups as Massive Attack and Portishead and which is back into favour particularly with young audiences on the lookout for authentic and experimental sounds. C-LY will carry us high, where all is beautiful.[\/vc_column_text][vc_column_text css=&#8221;&#8221;]<strong>Line-up\u00a0:<br \/>\n<\/strong>Marjolaine Paitel \u2013 Vocals<br \/>\nNicolas Granelet \u2013 Piano, Keyboards<br \/>\nAlban Guyonnet \u2013 Percussion<br \/>\nS\u00e9bastien Verlhac \u2013 Guitar[\/vc_column_text][vc_raw_html css=&#8221;&#8221;]JTNDYSUyMHRhcmdldCUzRCUyMl9ibGFuayUyMiUyMGhyZWYlM0QlMjJodHRwcyUzQSUyRiUyRnd3dy5mYWNlYm9vay5jb20lMkZwJTJGQy1MWS0xMDAwOTU3NTM4NTA3NzMlMkYlMjIlMjB0aXRsZSUzRCUyMmZhY2Vib29rJTIyJTIwY2xhc3MlM0QlMjJpY29uLXNvY2lhbCUyMiUzRSUzQ2klMjBjbGFzcyUzRCUyMmZhJTIwZmEtZmFjZWJvb2stc3F1YXJlJTIyJTNFJTNDJTJGaSUzRSUzQyUyRmElM0UlMEQlMEElM0NhJTIwdGFyZ2V0JTNEJTIyX2JsYW5rJTIyJTIwaHJlZiUzRCUyMmh0dHBzJTNBJTJGJTJGd3d3Lmluc3RhZ3JhbS5jb20lMkZjLmx5X211c2ljJTJGJTIyJTIwdGl0bGUlM0QlMjJpbnN0YWdyYW0lMjIlMjBjbGFzcyUzRCUyMmljb24tc29jaWFsJTIyJTNFJTNDaSUyMGNsYXNzJTNEJTIyZmElMjBmYS1pbnN0YWdyYW0lMjIlM0UlM0MlMkZpJTNFJTNDJTJGYSUzRSUwRCUwQQ==[\/vc_raw_html][vc_video link=&#8221;https:\/\/youtu.be\/WN4DP9_TpCA?si=dDLw6xtswaOXF9q9&#8243; css=&#8221;&#8221;][vc_video link=&#8221;https:\/\/youtu.be\/8F2cyoZ0scU?si=HuxKdmCWb4a8lg8i&#8221; css=&#8221;&#8221;][vc_video link=&#8221;https:\/\/youtu.be\/nPUDbzz8ZHQ?feature=shared&#8221; css=&#8221;&#8221;][vc_video link=&#8221;https:\/\/youtu.be\/iRyYSt6gue4?feature=shared&#8221; css=&#8221;&#8221;][\/vc_column][vc_column width=&#8221;1\/4&#8243;][vc_column_text css=&#8221;.vc_custom_1747212141595{padding-top: 10px !important;padding-right: 10px !important;padding-bottom: 10px !important;padding-left: 10px !important;background-color: #ffff00 !important;}&#8221;]<\/p>\n<h3 class=\"date-concert\">MONDAY NOVEMBER 17<br \/>\n8:00 PM<br \/>\nCENTRE CULTUREL MUNICIPAL JEAN GAGNANT<\/h3>\n<h3 class=\"date-concert\">FREE PLACEMENT<\/h3>\n<p>[\/vc_column_text][vc_single_image image=&#8221;10369&#8243; img_size=&#8221;medium&#8221; onclick=&#8221;custom_link&#8221; img_link_target=&#8221;_blank&#8221; css=&#8221;&#8221; link=&#8221;https:\/\/centresculturels.limoges.fr\/&#8221;][vc_custom_heading text=&#8221;FULL PRICE : 25 \u20ac (excluding Weezevent commission)<\/p>\n<p>REDUCED PRICE JOB SEEKER, STUDENT : 20 \u20ac (excluding Weezevent commission)&#8221; font_container=&#8221;tag:h2|font_size:20|text_align:left|color:%23000000&#8243; use_theme_fonts=&#8221;yes&#8221; css=&#8221;&#8221;][vc_column_text css=&#8221;.vc_custom_1680531203973{margin-bottom: 0px !important;padding-top: 10px !important;padding-right: 10px !important;padding-bottom: 10px !important;padding-left: 10px !important;background-color: #ffff00 !important;}&#8221;]<\/p>\n<h3 class=\"places\">GET YOUR TICKETS<\/h3>\n<p>[\/vc_column_text][vc_raw_html css=&#8221;&#8221;]JTNDYSUyMHRpdGxlJTNEJTIyTG9naWNpZWwlMjBiaWxsZXR0ZXJpZSUyMGVuJTIwbGlnbmUlMjIlMEQlMEElMjAlMjAlMjBocmVmJTNEJTIyaHR0cHMlM0ElMkYlMkZ3ZWV6ZXZlbnQuY29tJTJGJTNGYyUzRHN5c193aWRnZXQlMjIlMEQlMEElMjAlMjAlMjBjbGFzcyUzRCUyMndlZXpldmVudC13aWRnZXQtaW50ZWdyYXRpb24lMjIlMEQlMEElMjAlMjAlMjBkYXRhLXNyYyUzRCUyMmh0dHBzJTNBJTJGJTJGd2lkZ2V0LndlZXpldmVudC5jb20lMkZ0aWNrZXQlMkZFMTMxMDI2MSUyRiUzRmNvZGUlM0Q3NjgxNyUyNmxvY2FsZSUzRGZyLUZSJTI2d2lkdGhfYXV0byUzRDElMjZjb2xvcl9wcmltYXJ5JTNEMDBBRUVGJTIyJTBEJTBBJTIwJTIwJTIwZGF0YS13aWR0aCUzRCUyMjY1MCUyMiUwRCUwQSUyMCUyMCUyMGRhdGEtaGVpZ2h0JTNEJTIyNjAwJTIyJTBEJTBBJTIwJTIwJTIwZGF0YS1pZCUzRCUyMjEzMTAyNjElMjIlMEQlMEElMjAlMjAlMjBkYXRhLXJlc2l6ZSUzRCUyMjElMjIlMEQlMEElMjAlMjAlMjBkYXRhLXdpZHRoX2F1dG8lM0QlMjIxJTIyJTBEJTBBJTIwJTIwJTIwZGF0YS1ub3Njcm9sbCUzRCUyMjAlMjIlMEQlMEElMjAlMjAlMjBkYXRhLXVzZS1jb250YWluZXIlM0QlMjJ5ZXMlMjIlMEQlMEElMjAlMjAlMjBkYXRhLXR5cGUlM0QlMjJuZW8lMjIlMEQlMEElMjAlMjAlMjB0YXJnZXQlM0QlMjJfYmxhbmslMjIlM0VCaWxsZXR0ZXJpZSUyMFdlZXpldmVudCUzQyUyRmElM0UlMjAlM0NzY3JpcHQlMjB0eXBlJTNEJTIydGV4dCUyRmphdmFzY3JpcHQlMjIlMjBzcmMlM0QlMjJodHRwcyUzQSUyRiUyRndpZGdldC53ZWV6ZXZlbnQuY29tJTJGd2Vlei5qcyUyMiUzRSUzQyUyRnNjcmlwdCUzRSUwRCUwQQ==[\/vc_raw_html][vc_btn title=&#8221;Choose the <strong>FESTIVAL PASS<\/strong> for 4, 6 or 8 concerts and enjoy even more interesting rates.&#8221; style=&#8221;classic&#8221; shape=&#8221;square&#8221; color=&#8221;black&#8221; css=&#8221;&#8221; link=&#8221;url:https%3A%2F%2Fwww.eclatsdemail.com%2Fgb%2Fbilletterie%2F&#8221;][\/vc_column][\/vc_row][vc_row][vc_column][\/vc_column][\/vc_row]<\/p>\n<\/div>","protected":false},"excerpt":{"rendered":"<p>[vc_row][vc_column][vc_empty_space][\/vc_column][\/vc_row][vc_row][vc_column width=&#8221;3\/4&#8243;][vc_single_image image=&#8221;11834&#8243; img_size=&#8221;large&#8221; css=&#8221;.vc_custom_1747054950074{margin-bottom: 0px !important;padding-bottom: 0px !important;}&#8221;][vc_column_text css=&#8221;&#8221;] Photo : Pierrick Auboin [\/vc_column_text][vc_column_text css=&#8221;&#8221;]Discovering and showcasing the talents of local artists is always a great pleasure for a &#8230;<\/p>\n","protected":false},"author":1,"featured_media":11834,"parent":11769,"menu_order":10,"comment_status":"closed","ping_status":"closed","template":"","meta":{"footnotes":""},"class_list":["post-11833","page","type-page","status-publish","has-post-thumbnail","hentry"],"translation":{"provider":"WPGlobus","version":"3.0.2","language":"gb","enabled_languages":["fr","gb"],"languages":{"fr":{"title":true,"content":true,"excerpt":false},"gb":{"title":true,"content":true,"excerpt":false}}},"yoast_head":"<!-- This site is optimized with the Yoast SEO plugin v27.5 - https:\/\/yoast.com\/product\/yoast-seo-wordpress\/ -->\n<title>C-LY - Festival \u00c9clats d&#039;\u00c9mail Jazz \u00c9dition<\/title>\n<meta name=\"robots\" content=\"index, follow, max-snippet:-1, max-image-preview:large, max-video-preview:-1\" \/>\n<link rel=\"canonical\" href=\"https:\/\/www.eclatsdemail.com\/agenda-2025\/c-ly\/\" \/>\n<meta property=\"og:locale\" content=\"en_GB\" \/>\n<meta property=\"og:type\" content=\"article\" \/>\n<meta property=\"og:title\" content=\"C-LY - Festival \u00c9clats d&#039;\u00c9mail Jazz \u00c9dition\" \/>\n<meta property=\"og:url\" content=\"https:\/\/www.eclatsdemail.com\/agenda-2025\/c-ly\/\" \/>\n<meta property=\"og:site_name\" content=\"Festival \u00c9clats d&#039;\u00c9mail Jazz \u00c9dition\" \/>\n<meta property=\"article:publisher\" content=\"https:\/\/www.facebook.com\/jazzeclatsdemail\" \/>\n<meta property=\"article:modified_time\" content=\"2025-09-25T15:54:09+00:00\" \/>\n<meta property=\"og:image\" content=\"https:\/\/www.eclatsdemail.com\/wp-content\/uploads\/2025\/05\/C-LY.jpg\" \/>\n\t<meta property=\"og:image:width\" content=\"2160\" \/>\n\t<meta property=\"og:image:height\" content=\"2160\" \/>\n\t<meta property=\"og:image:type\" content=\"image\/jpeg\" \/>\n<meta name=\"twitter:card\" content=\"summary_large_image\" \/>\n<meta name=\"twitter:site\" content=\"@eclatsemailjazz\" \/>\n<meta name=\"twitter:label1\" content=\"Est. reading time\" \/>\n\t<meta name=\"twitter:data1\" content=\"3 minutes\" \/>\n<script type=\"application\/ld+json\" class=\"yoast-schema-graph\">{\"@context\":\"https:\\\/\\\/schema.org\",\"@graph\":[{\"@type\":\"WebPage\",\"@id\":\"https:\\\/\\\/www.eclatsdemail.com\\\/agenda-2025\\\/c-ly\\\/\",\"url\":\"https:\\\/\\\/www.eclatsdemail.com\\\/agenda-2025\\\/c-ly\\\/\",\"name\":\"C-LY - Festival \u00c9clats d&#039;\u00c9mail Jazz \u00c9dition\",\"isPartOf\":{\"@id\":\"https:\\\/\\\/www.eclatsdemail.com\\\/#website\"},\"primaryImageOfPage\":{\"@id\":\"https:\\\/\\\/www.eclatsdemail.com\\\/agenda-2025\\\/c-ly\\\/#primaryimage\"},\"image\":{\"@id\":\"https:\\\/\\\/www.eclatsdemail.com\\\/agenda-2025\\\/c-ly\\\/#primaryimage\"},\"thumbnailUrl\":\"https:\\\/\\\/www.eclatsdemail.com\\\/wp-content\\\/uploads\\\/2025\\\/05\\\/C-LY.jpg\",\"datePublished\":\"2025-05-12T12:59:11+00:00\",\"dateModified\":\"2025-09-25T15:54:09+00:00\",\"breadcrumb\":{\"@id\":\"https:\\\/\\\/www.eclatsdemail.com\\\/agenda-2025\\\/c-ly\\\/#breadcrumb\"},\"inLanguage\":\"en-GB\",\"potentialAction\":[{\"@type\":\"ReadAction\",\"target\":[\"https:\\\/\\\/www.eclatsdemail.com\\\/agenda-2025\\\/c-ly\\\/\"]}]},{\"@type\":\"ImageObject\",\"inLanguage\":\"en-GB\",\"@id\":\"https:\\\/\\\/www.eclatsdemail.com\\\/agenda-2025\\\/c-ly\\\/#primaryimage\",\"url\":\"https:\\\/\\\/www.eclatsdemail.com\\\/wp-content\\\/uploads\\\/2025\\\/05\\\/C-LY.jpg\",\"contentUrl\":\"https:\\\/\\\/www.eclatsdemail.com\\\/wp-content\\\/uploads\\\/2025\\\/05\\\/C-LY.jpg\",\"width\":2160,\"height\":2160},{\"@type\":\"BreadcrumbList\",\"@id\":\"https:\\\/\\\/www.eclatsdemail.com\\\/agenda-2025\\\/c-ly\\\/#breadcrumb\",\"itemListElement\":[{\"@type\":\"ListItem\",\"position\":1,\"name\":\"Accueil\",\"item\":\"https:\\\/\\\/www.eclatsdemail.com\\\/\"},{\"@type\":\"ListItem\",\"position\":2,\"name\":\"L&rsquo;agenda 2025\",\"item\":\"https:\\\/\\\/www.eclatsdemail.com\\\/agenda-2025\\\/\"},{\"@type\":\"ListItem\",\"position\":3,\"name\":\"C-LY\"}]},{\"@type\":\"WebSite\",\"@id\":\"https:\\\/\\\/www.eclatsdemail.com\\\/#website\",\"url\":\"https:\\\/\\\/www.eclatsdemail.com\\\/\",\"name\":\"Festival \u00c9clats d&#039;\u00c9mail Jazz \u00c9dition\",\"description\":\"2024\",\"publisher\":{\"@id\":\"https:\\\/\\\/www.eclatsdemail.com\\\/#organization\"},\"potentialAction\":[{\"@type\":\"SearchAction\",\"target\":{\"@type\":\"EntryPoint\",\"urlTemplate\":\"https:\\\/\\\/www.eclatsdemail.com\\\/?s={search_term_string}\"},\"query-input\":{\"@type\":\"PropertyValueSpecification\",\"valueRequired\":true,\"valueName\":\"search_term_string\"}}],\"inLanguage\":\"en-GB\"},{\"@type\":\"Organization\",\"@id\":\"https:\\\/\\\/www.eclatsdemail.com\\\/#organization\",\"name\":\"Festival \u00c9clats d'\u00c9mail Jazz \u00c9dition\",\"url\":\"https:\\\/\\\/www.eclatsdemail.com\\\/\",\"logo\":{\"@type\":\"ImageObject\",\"inLanguage\":\"en-GB\",\"@id\":\"https:\\\/\\\/www.eclatsdemail.com\\\/#\\\/schema\\\/logo\\\/image\\\/\",\"url\":\"https:\\\/\\\/www.eclatsdemail.com\\\/wp-content\\\/uploads\\\/2022\\\/05\\\/cropped-logo2022.png\",\"contentUrl\":\"https:\\\/\\\/www.eclatsdemail.com\\\/wp-content\\\/uploads\\\/2022\\\/05\\\/cropped-logo2022.png\",\"width\":616,\"height\":100,\"caption\":\"Festival \u00c9clats d'\u00c9mail Jazz \u00c9dition\"},\"image\":{\"@id\":\"https:\\\/\\\/www.eclatsdemail.com\\\/#\\\/schema\\\/logo\\\/image\\\/\"},\"sameAs\":[\"https:\\\/\\\/www.facebook.com\\\/jazzeclatsdemail\",\"https:\\\/\\\/x.com\\\/eclatsemailjazz\",\"https:\\\/\\\/www.instagram.com\\\/Festival_Eclats_d_Email_JAZZ\\\/\"]}]}<\/script>\n<!-- \/ Yoast SEO plugin. -->","yoast_head_json":{"title":"C-LY - Festival \u00c9clats d&#039;\u00c9mail Jazz \u00c9dition","robots":{"index":"index","follow":"follow","max-snippet":"max-snippet:-1","max-image-preview":"max-image-preview:large","max-video-preview":"max-video-preview:-1"},"canonical":"https:\/\/www.eclatsdemail.com\/agenda-2025\/c-ly\/","og_locale":"en_GB","og_type":"article","og_title":"C-LY - Festival \u00c9clats d&#039;\u00c9mail Jazz \u00c9dition","og_url":"https:\/\/www.eclatsdemail.com\/agenda-2025\/c-ly\/","og_site_name":"Festival \u00c9clats d&#039;\u00c9mail Jazz \u00c9dition","article_publisher":"https:\/\/www.facebook.com\/jazzeclatsdemail","article_modified_time":"2025-09-25T15:54:09+00:00","og_image":[{"width":2160,"height":2160,"url":"https:\/\/www.eclatsdemail.com\/wp-content\/uploads\/2025\/05\/C-LY.jpg","type":"image\/jpeg"}],"twitter_card":"summary_large_image","twitter_site":"@eclatsemailjazz","twitter_misc":{"Est. reading time":"3 minutes"},"schema":{"@context":"https:\/\/schema.org","@graph":[{"@type":"WebPage","@id":"https:\/\/www.eclatsdemail.com\/agenda-2025\/c-ly\/","url":"https:\/\/www.eclatsdemail.com\/agenda-2025\/c-ly\/","name":"C-LY - Festival \u00c9clats d&#039;\u00c9mail Jazz \u00c9dition","isPartOf":{"@id":"https:\/\/www.eclatsdemail.com\/#website"},"primaryImageOfPage":{"@id":"https:\/\/www.eclatsdemail.com\/agenda-2025\/c-ly\/#primaryimage"},"image":{"@id":"https:\/\/www.eclatsdemail.com\/agenda-2025\/c-ly\/#primaryimage"},"thumbnailUrl":"https:\/\/www.eclatsdemail.com\/wp-content\/uploads\/2025\/05\/C-LY.jpg","datePublished":"2025-05-12T12:59:11+00:00","dateModified":"2025-09-25T15:54:09+00:00","breadcrumb":{"@id":"https:\/\/www.eclatsdemail.com\/agenda-2025\/c-ly\/#breadcrumb"},"inLanguage":"en-GB","potentialAction":[{"@type":"ReadAction","target":["https:\/\/www.eclatsdemail.com\/agenda-2025\/c-ly\/"]}]},{"@type":"ImageObject","inLanguage":"en-GB","@id":"https:\/\/www.eclatsdemail.com\/agenda-2025\/c-ly\/#primaryimage","url":"https:\/\/www.eclatsdemail.com\/wp-content\/uploads\/2025\/05\/C-LY.jpg","contentUrl":"https:\/\/www.eclatsdemail.com\/wp-content\/uploads\/2025\/05\/C-LY.jpg","width":2160,"height":2160},{"@type":"BreadcrumbList","@id":"https:\/\/www.eclatsdemail.com\/agenda-2025\/c-ly\/#breadcrumb","itemListElement":[{"@type":"ListItem","position":1,"name":"Accueil","item":"https:\/\/www.eclatsdemail.com\/"},{"@type":"ListItem","position":2,"name":"L&rsquo;agenda 2025","item":"https:\/\/www.eclatsdemail.com\/agenda-2025\/"},{"@type":"ListItem","position":3,"name":"C-LY"}]},{"@type":"WebSite","@id":"https:\/\/www.eclatsdemail.com\/#website","url":"https:\/\/www.eclatsdemail.com\/","name":"Festival \u00c9clats d&#039;\u00c9mail Jazz \u00c9dition","description":"2024","publisher":{"@id":"https:\/\/www.eclatsdemail.com\/#organization"},"potentialAction":[{"@type":"SearchAction","target":{"@type":"EntryPoint","urlTemplate":"https:\/\/www.eclatsdemail.com\/?s={search_term_string}"},"query-input":{"@type":"PropertyValueSpecification","valueRequired":true,"valueName":"search_term_string"}}],"inLanguage":"en-GB"},{"@type":"Organization","@id":"https:\/\/www.eclatsdemail.com\/#organization","name":"Festival \u00c9clats d'\u00c9mail Jazz \u00c9dition","url":"https:\/\/www.eclatsdemail.com\/","logo":{"@type":"ImageObject","inLanguage":"en-GB","@id":"https:\/\/www.eclatsdemail.com\/#\/schema\/logo\/image\/","url":"https:\/\/www.eclatsdemail.com\/wp-content\/uploads\/2022\/05\/cropped-logo2022.png","contentUrl":"https:\/\/www.eclatsdemail.com\/wp-content\/uploads\/2022\/05\/cropped-logo2022.png","width":616,"height":100,"caption":"Festival \u00c9clats d'\u00c9mail Jazz \u00c9dition"},"image":{"@id":"https:\/\/www.eclatsdemail.com\/#\/schema\/logo\/image\/"},"sameAs":["https:\/\/www.facebook.com\/jazzeclatsdemail","https:\/\/x.com\/eclatsemailjazz","https:\/\/www.instagram.com\/Festival_Eclats_d_Email_JAZZ\/"]}]}},"_links":{"self":[{"href":"https:\/\/www.eclatsdemail.com\/gb\/wp-json\/wp\/v2\/pages\/11833","targetHints":{"allow":["GET"]}}],"collection":[{"href":"https:\/\/www.eclatsdemail.com\/gb\/wp-json\/wp\/v2\/pages"}],"about":[{"href":"https:\/\/www.eclatsdemail.com\/gb\/wp-json\/wp\/v2\/types\/page"}],"author":[{"embeddable":true,"href":"https:\/\/www.eclatsdemail.com\/gb\/wp-json\/wp\/v2\/users\/1"}],"replies":[{"embeddable":true,"href":"https:\/\/www.eclatsdemail.com\/gb\/wp-json\/wp\/v2\/comments?post=11833"}],"version-history":[{"count":12,"href":"https:\/\/www.eclatsdemail.com\/gb\/wp-json\/wp\/v2\/pages\/11833\/revisions"}],"predecessor-version":[{"id":12441,"href":"https:\/\/www.eclatsdemail.com\/gb\/wp-json\/wp\/v2\/pages\/11833\/revisions\/12441"}],"up":[{"embeddable":true,"href":"https:\/\/www.eclatsdemail.com\/gb\/wp-json\/wp\/v2\/pages\/11769"}],"wp:featuredmedia":[{"embeddable":true,"href":"https:\/\/www.eclatsdemail.com\/gb\/wp-json\/wp\/v2\/media\/11834"}],"wp:attachment":[{"href":"https:\/\/www.eclatsdemail.com\/gb\/wp-json\/wp\/v2\/media?parent=11833"}],"curies":[{"name":"wp","href":"https:\/\/api.w.org\/{rel}","templated":true}]}}