{"id":11769,"date":"2025-05-12T10:02:03","date_gmt":"2025-05-12T08:02:03","guid":{"rendered":"https:\/\/www.eclatsdemail.com\/?page_id=11769"},"modified":"2025-11-21T20:56:33","modified_gmt":"2025-11-21T19:56:33","slug":"agenda-2025","status":"publish","type":"page","link":"https:\/\/www.eclatsdemail.com\/gb\/agenda-2025\/","title":{"rendered":"Programming"},"content":{"rendered":"<div class=\"wpb-content-wrapper\"><p>[vc_row][vc_column][vc_empty_space][\/vc_column][\/vc_row][vc_row][vc_column width=&#8221;1\/3&#8243;][vc_single_image image=&#8221;11804&#8243; img_size=&#8221;large&#8221; alignment=&#8221;center&#8221; onclick=&#8221;custom_link&#8221; css=&#8221;.vc_custom_1747140305723{margin-bottom: 0px !important;padding-bottom: 0px !important;}&#8221; link=&#8221;https:\/\/www.eclatsdemail.com\/agenda-2025\/justina-lee-brown\/&#8221;][vc_column_text css=&#8221;.vc_custom_1747140261251{margin-bottom: 10px !important;padding-top: 10px !important;padding-right: 10px !important;padding-bottom: 10px !important;padding-left: 10px !important;background-color: #ffff00 !important;}&#8221;]<\/p>\n<h3 class=\"artiste\">JUSTINA LEE BROWN<\/h3>\n<p>[\/vc_column_text][vc_column_text css=&#8221;&#8221;]<\/p>\n<h3 class=\"date-concert\"><span style=\"font-size: 1.25rem;\">FRIDAY NOVEMBER 14\u00a0 &#8211; 8:30 PM<br \/>\n<\/span>GRAND TH\u00c9\u00c2TRE DE LIMOGES<\/h3>\n<p>[\/vc_column_text][\/vc_column][vc_column width=&#8221;1\/3&#8243;][vc_single_image image=&#8221;12375&#8243; img_size=&#8221;large&#8221; alignment=&#8221;center&#8221; onclick=&#8221;custom_link&#8221; css=&#8221;.vc_custom_1757337821050{margin-bottom: 0px !important;padding-bottom: 0px !important;}&#8221; link=&#8221;https:\/\/www.eclatsdemail.com\/autour-du-festival\/masterclass\/&#8221;][vc_column_text css=&#8221;.vc_custom_1757337853060{margin-bottom: 10px !important;padding-top: 10px !important;padding-right: 10px !important;padding-bottom: 10px !important;padding-left: 10px !important;background-color: #ffff00 !important;}&#8221;]<\/p>\n<h3 class=\"artiste\">MASTERCLASS AVEC LUDIVINE ISSAMBOURG<\/h3>\n<p>[\/vc_column_text][vc_column_text css=&#8221;&#8221;]<\/p>\n<h3 class=\"date-concert\">SATURDAY NOVEMBER 15\u00a0 &#8211; 9 AM to 5PM<br \/>\nCENTRE CULTUREL JEAN GAGNANT<\/h3>\n<p>[\/vc_column_text][\/vc_column][vc_column width=&#8221;1\/3&#8243;][vc_single_image image=&#8221;12009&#8243; img_size=&#8221;large&#8221; alignment=&#8221;center&#8221; onclick=&#8221;custom_link&#8221; css=&#8221;.vc_custom_1761661947045{margin-bottom: 0px !important;padding-bottom: 0px !important;}&#8221; link=&#8221;https:\/\/www.eclatsdemail.com\/autour-du-festival\/destination-jazz\/&#8221;][vc_column_text css=&#8221;.vc_custom_1747142837103{margin-bottom: 10px !important;padding-top: 10px !important;padding-right: 10px !important;padding-bottom: 10px !important;padding-left: 10px !important;background-color: #ffff00 !important;}&#8221;]<\/p>\n<h3 class=\"artiste\">DESTINATION JAZZ<\/h3>\n<p>[\/vc_column_text][vc_column_text css=&#8221;&#8221;]<\/p>\n<h3 class=\"date-concert\">SATURDAY NOVEMBER 15 &#8211; 11:30 AM \/ 1:45 PM<br \/>\nOFFICE DE TOURISME INTERCOMMUNAL DE LIMOGES<\/h3>\n<p>[\/vc_column_text][\/vc_column][\/vc_row][vc_row][vc_column width=&#8221;1\/3&#8243;][vc_single_image image=&#8221;12176&#8243; img_size=&#8221;large&#8221; alignment=&#8221;center&#8221; onclick=&#8221;custom_link&#8221; css=&#8221;.vc_custom_1750165435621{margin-bottom: 0px !important;padding-bottom: 0px !important;}&#8221; link=&#8221;https:\/\/www.eclatsdemail.com\/agenda-2025\/mrauz\/&#8221;][vc_column_text css=&#8221;.vc_custom_1750165417597{margin-bottom: 10px !important;padding-top: 10px !important;padding-right: 10px !important;padding-bottom: 10px !important;padding-left: 10px !important;background-color: #ffff00 !important;}&#8221;]<\/p>\n<h3 class=\"artiste\">M&#8217;RAUZ DUO<\/h3>\n<p>[\/vc_column_text][vc_column_text css=&#8221;&#8221;]<\/p>\n<h3 class=\"date-concert\">SATURDAY NOVEMBER 15\u00a0 &#8211; 2:30 PM<br \/>\nEHPAD MARCEL FAURE<\/h3>\n<p>[\/vc_column_text][\/vc_column][vc_column width=&#8221;1\/3&#8243;][vc_single_image image=&#8221;12006&#8243; img_size=&#8221;large&#8221; alignment=&#8221;center&#8221; onclick=&#8221;custom_link&#8221; css=&#8221;.vc_custom_1750157694747{margin-bottom: 0px !important;padding-bottom: 0px !important;}&#8221; link=&#8221;https:\/\/www.eclatsdemail.com\/autour-du-festival\/les-siestes-musicales\/&#8221;][vc_column_text css=&#8221;.vc_custom_1747141361275{margin-bottom: 10px !important;padding-top: 10px !important;padding-right: 10px !important;padding-bottom: 10px !important;padding-left: 10px !important;background-color: #ffff00 !important;}&#8221;]<\/p>\n<h3 class=\"artiste\">SIESTE MUSICALE &#8220;Chanteuses de Jazz&#8221;<\/h3>\n<p>[\/vc_column_text][vc_column_text css=&#8221;&#8221;]<\/p>\n<h3 class=\"date-concert\">SATURDAY NOVEMBER 15 &#8211; 3:00 PM<br \/>\nBFM DE L&#8217;AURENCE<\/h3>\n<p>[\/vc_column_text][\/vc_column][vc_column width=&#8221;1\/3&#8243;][vc_single_image image=&#8221;11896&#8243; img_size=&#8221;large&#8221; alignment=&#8221;center&#8221; onclick=&#8221;custom_link&#8221; css=&#8221;.vc_custom_1747141576961{margin-bottom: 0px !important;padding-bottom: 0px !important;}&#8221; link=&#8221;https:\/\/www.eclatsdemail.com\/agenda-2025\/christine-salem-renyon\/&#8221;][vc_column_text css=&#8221;.vc_custom_1747141600498{margin-bottom: 10px !important;padding-top: 10px !important;padding-right: 10px !important;padding-bottom: 10px !important;padding-left: 10px !important;background-color: #ffff00 !important;}&#8221;]<\/p>\n<h3 class=\"artiste\">CHRISTINE SALEM \u00ab Renyon \u00bb<\/h3>\n<p>[\/vc_column_text][vc_column_text css=&#8221;&#8221;]<\/p>\n<h3 class=\"date-concert\">SATURDAY NOVEMBER 15 &#8211; 5:00 PM<br \/>\nMAISON DES ARTS ET DE LA DANSE &#8211; JEAN MOULIN<\/h3>\n<p>[\/vc_column_text][\/vc_column][\/vc_row][vc_row][vc_column width=&#8221;1\/3&#8243;][vc_single_image image=&#8221;11810&#8243; img_size=&#8221;large&#8221; alignment=&#8221;center&#8221; onclick=&#8221;custom_link&#8221; css=&#8221;.vc_custom_1747141745320{margin-bottom: 0px !important;padding-bottom: 0px !important;}&#8221; link=&#8221;https:\/\/www.eclatsdemail.com\/agenda-2025\/ben-loncle-soul\/&#8221;][vc_column_text css=&#8221;.vc_custom_1747141757879{margin-bottom: 10px !important;padding-top: 10px !important;padding-right: 10px !important;padding-bottom: 10px !important;padding-left: 10px !important;background-color: #ffff00 !important;}&#8221;]<\/p>\n<h3 class=\"artiste\">BEN L\u2019ONCLE SOUL<\/h3>\n<p>[\/vc_column_text][vc_column_text css=&#8221;&#8221;]<\/p>\n<h3 class=\"date-concert\">SATURDAY NOVEMBER 15 &#8211; 8:00 PM<br \/>\nGRAND TH\u00c9\u00c2TRE DE LIMOGES<\/h3>\n<h3 class=\"date-concert\"><\/h3>\n<p>[\/vc_column_text][\/vc_column][vc_column width=&#8221;1\/3&#8243;][vc_single_image image=&#8221;12213&#8243; img_size=&#8221;large&#8221; alignment=&#8221;center&#8221; onclick=&#8221;custom_link&#8221; css=&#8221;.vc_custom_1750841090457{margin-bottom: 0px !important;padding-bottom: 0px !important;}&#8221; link=&#8221;https:\/\/www.eclatsdemail.com\/agenda-2025\/m-rauz-armada\/&#8221;][vc_column_text css=&#8221;.vc_custom_1750947095442{margin-bottom: 10px !important;padding-top: 10px !important;padding-right: 10px !important;padding-bottom: 10px !important;padding-left: 10px !important;background-color: #ffff00 !important;}&#8221;]<\/p>\n<h3 class=\"artiste\">RAUZ ARMADA<\/h3>\n<p>[\/vc_column_text][vc_column_text css=&#8221;&#8221;]<\/p>\n<h3 class=\"date-concert\">SATURDAY NOVEMBER 15 &#8211; 10:00 PM<br \/>\nLES LIMOG\u00c9S<\/h3>\n<p>[\/vc_column_text][\/vc_column][vc_column width=&#8221;1\/3&#8243;][vc_single_image image=&#8221;11819&#8243; img_size=&#8221;large&#8221; alignment=&#8221;center&#8221; onclick=&#8221;custom_link&#8221; css=&#8221;.vc_custom_1747141963627{margin-bottom: 0px !important;padding-bottom: 0px !important;}&#8221; link=&#8221;https:\/\/www.eclatsdemail.com\/agenda-2025\/ludivine-issambourg\/&#8221;][vc_column_text css=&#8221;.vc_custom_1747141989498{margin-bottom: 10px !important;padding-top: 10px !important;padding-right: 10px !important;padding-bottom: 10px !important;padding-left: 10px !important;background-color: #ffff00 !important;}&#8221;]<\/p>\n<h3 class=\"artiste\">LUDIVINE ISSAMBOURG \u00ab Above the laws \u00bb<\/h3>\n<p>[\/vc_column_text][vc_column_text css=&#8221;&#8221;]<\/p>\n<h3 class=\"date-concert\">SUNDAY NOVEMBER 16 &#8211; 2:30 PM<br \/>\nCDN TH\u00c9\u00c2TRE DE L&#8217;UNION<\/h3>\n<p>[\/vc_column_text][\/vc_column][\/vc_row][vc_row][vc_column width=&#8221;1\/3&#8243;][vc_single_image image=&#8221;11815&#8243; img_size=&#8221;large&#8221; alignment=&#8221;center&#8221; onclick=&#8221;custom_link&#8221; css=&#8221;.vc_custom_1747142066817{margin-bottom: 0px !important;padding-bottom: 0px !important;}&#8221; link=&#8221;https:\/\/www.eclatsdemail.com\/agenda-2025\/d-k-harrell-blues-band\/&#8221;][vc_column_text css=&#8221;.vc_custom_1747142080488{margin-bottom: 10px !important;padding-top: 10px !important;padding-right: 10px !important;padding-bottom: 10px !important;padding-left: 10px !important;background-color: #ffff00 !important;}&#8221;]<\/p>\n<h3 class=\"artiste\">D.K HARRELL BLUES BAND<\/h3>\n<p>[\/vc_column_text][vc_column_text css=&#8221;&#8221;]<\/p>\n<h3 class=\"date-concert\">SUNDAY NOVEMBER 16 &#8211; 5:00 PM<br \/>\nGRAND TH\u00c9\u00c2TRE DE LIMOGES<\/h3>\n<p>[\/vc_column_text][\/vc_column][vc_column width=&#8221;1\/3&#8243;][vc_single_image image=&#8221;12009&#8243; img_size=&#8221;large&#8221; alignment=&#8221;center&#8221; onclick=&#8221;custom_link&#8221; css=&#8221;.vc_custom_1761661958561{margin-bottom: 0px !important;padding-bottom: 0px !important;}&#8221; link=&#8221;https:\/\/www.eclatsdemail.com\/autour-du-festival\/destination-jazz\/&#8221;][vc_column_text css=&#8221;.vc_custom_1747142837103{margin-bottom: 10px !important;padding-top: 10px !important;padding-right: 10px !important;padding-bottom: 10px !important;padding-left: 10px !important;background-color: #ffff00 !important;}&#8221;]<\/p>\n<h3 class=\"artiste\">DESTINATION JAZZ<\/h3>\n<p>[\/vc_column_text][vc_column_text css=&#8221;&#8221;]<\/p>\n<h3 class=\"date-concert\">MONDAY NOVEMBER 17 &#8211; 11:30 AM \/ 1:45 PM<br \/>\nOFFICE DE TOURISME INTERCOMMUNAL DE LIMOGES<\/h3>\n<p>[\/vc_column_text][\/vc_column][vc_column width=&#8221;1\/3&#8243;][vc_single_image image=&#8221;11834&#8243; img_size=&#8221;large&#8221; alignment=&#8221;center&#8221; onclick=&#8221;custom_link&#8221; css=&#8221;.vc_custom_1747142995824{margin-bottom: 0px !important;padding-bottom: 0px !important;}&#8221; link=&#8221;https:\/\/www.eclatsdemail.com\/agenda-2025\/c-ly\/&#8221;][vc_column_text css=&#8221;.vc_custom_1747143010608{margin-bottom: 10px !important;padding-top: 10px !important;padding-right: 10px !important;padding-bottom: 10px !important;padding-left: 10px !important;background-color: #ffff00 !important;}&#8221;]<\/p>\n<h3 class=\"artiste\">C-LY<\/h3>\n<p>[\/vc_column_text][vc_column_text css=&#8221;&#8221;]<\/p>\n<h3 class=\"date-concert\">MONDAY NOVEMBER 17 &#8211; 8:00 PM<br \/>\nCENTRE CULTUREL MUNICIPAL JEAN GAGNANT<\/h3>\n<p>[\/vc_column_text][\/vc_column][\/vc_row][vc_row][vc_column width=&#8221;1\/3&#8243;][vc_single_image image=&#8221;12009&#8243; img_size=&#8221;large&#8221; alignment=&#8221;center&#8221; onclick=&#8221;custom_link&#8221; css=&#8221;.vc_custom_1761661967904{margin-bottom: 0px !important;padding-bottom: 0px !important;}&#8221; link=&#8221;https:\/\/www.eclatsdemail.com\/autour-du-festival\/destination-jazz\/&#8221;][vc_column_text css=&#8221;.vc_custom_1747142837103{margin-bottom: 10px !important;padding-top: 10px !important;padding-right: 10px !important;padding-bottom: 10px !important;padding-left: 10px !important;background-color: #ffff00 !important;}&#8221;]<\/p>\n<h3 class=\"artiste\">DESTINATION JAZZ<\/h3>\n<p>[\/vc_column_text][vc_column_text css=&#8221;&#8221;]<\/p>\n<h3 class=\"date-concert\">TUESDAY NOVEMBER 18 &#8211; 11:30 AM \/ 1:45 PM<br \/>\nOFFICE DE TOURISME INTERCOMMUNAL DE LIMOGES<\/h3>\n<p>[\/vc_column_text][\/vc_column][vc_column width=&#8221;1\/3&#8243;][vc_single_image image=&#8221;11844&#8243; img_size=&#8221;large&#8221; alignment=&#8221;center&#8221; onclick=&#8221;custom_link&#8221; css=&#8221;.vc_custom_1747143153329{margin-bottom: 0px !important;padding-bottom: 0px !important;}&#8221; link=&#8221;https:\/\/www.eclatsdemail.com\/agenda-2025\/baptiste-herbin-trio\/&#8221;][vc_column_text css=&#8221;.vc_custom_1747143177117{margin-bottom: 10px !important;padding-top: 10px !important;padding-right: 10px !important;padding-bottom: 10px !important;padding-left: 10px !important;background-color: #ffff00 !important;}&#8221;]<\/p>\n<h3 class=\"artiste\">BAPTISTE HERBIN TRIO \u00ab Django ! \u00bb<\/h3>\n<p>[\/vc_column_text][vc_column_text css=&#8221;&#8221;]<\/p>\n<h3 class=\"date-concert\">TUESDAY NOVEMBER 18 &#8211; 6:00 PM<br \/>\nESPACE JULES NORIAC<\/h3>\n<p>[\/vc_column_text][\/vc_column][vc_column width=&#8221;1\/3&#8243;][vc_single_image image=&#8221;11839&#8243; img_size=&#8221;large&#8221; alignment=&#8221;center&#8221; onclick=&#8221;custom_link&#8221; css=&#8221;.vc_custom_1747143229773{margin-bottom: 0px !important;padding-bottom: 0px !important;}&#8221; link=&#8221;https:\/\/www.eclatsdemail.com\/agenda-2025\/duo-jatekok\/&#8221;][vc_column_text css=&#8221;.vc_custom_1747143257202{margin-bottom: 10px !important;padding-top: 10px !important;padding-right: 10px !important;padding-bottom: 10px !important;padding-left: 10px !important;background-color: #ffff00 !important;}&#8221;]<\/p>\n<h3 class=\"artiste\">DUO JATEKOK \u00ab Crazy quilt \u00bb<\/h3>\n<p>[\/vc_column_text][vc_column_text css=&#8221;&#8221;]<\/p>\n<h3 class=\"date-concert\">TUESDAY NOVEMBER 18 &#8211; 8:00 PM<br \/>\nGRAND TH\u00c9\u00c2TRE DE LIMOGES<\/h3>\n<p>[\/vc_column_text][\/vc_column][\/vc_row][vc_row][vc_column width=&#8221;1\/3&#8243;][vc_single_image image=&#8221;12374&#8243; img_size=&#8221;large&#8221; alignment=&#8221;center&#8221; onclick=&#8221;custom_link&#8221; css=&#8221;.vc_custom_1757338148576{margin-bottom: 0px !important;padding-bottom: 0px !important;}&#8221; link=&#8221;https:\/\/www.eclatsdemail.com\/autour-du-festival\/masterclass\/&#8221;][vc_column_text css=&#8221;.vc_custom_1757338169208{margin-bottom: 10px !important;padding-top: 10px !important;padding-right: 10px !important;padding-bottom: 10px !important;padding-left: 10px !important;background-color: #ffff00 !important;}&#8221;]<\/p>\n<h3 class=\"artiste\">MASTERCLASS AVEC BAPTISTE HERBIN<\/h3>\n<p>[\/vc_column_text][vc_column_text css=&#8221;&#8221;]<\/p>\n<h3 class=\"date-concert\">WEDNESDAY NOVEMBER 19 &#8211; 9AM to 12AM<br \/>\nESPACE NORIAC<\/h3>\n<p>[\/vc_column_text][\/vc_column][vc_column width=&#8221;1\/3&#8243;][vc_single_image image=&#8221;12009&#8243; img_size=&#8221;large&#8221; alignment=&#8221;center&#8221; onclick=&#8221;custom_link&#8221; css=&#8221;.vc_custom_1761661977091{margin-bottom: 0px !important;padding-bottom: 0px !important;}&#8221; link=&#8221;https:\/\/www.eclatsdemail.com\/autour-du-festival\/destination-jazz\/&#8221;][vc_column_text css=&#8221;.vc_custom_1747142837103{margin-bottom: 10px !important;padding-top: 10px !important;padding-right: 10px !important;padding-bottom: 10px !important;padding-left: 10px !important;background-color: #ffff00 !important;}&#8221;]<\/p>\n<h3 class=\"artiste\">DESTINATION JAZZ<\/h3>\n<p>[\/vc_column_text][vc_column_text css=&#8221;&#8221;]<\/p>\n<h3 class=\"date-concert\">WENESDAY NOVEMBER 19 &#8211; 11:30 AM \/ 1:45 PM<br \/>\nOFFICE DE TOURISME INTERCOMMUNAL DE LIMOGES<\/h3>\n<p>[\/vc_column_text][\/vc_column][vc_column width=&#8221;1\/3&#8243;][vc_single_image image=&#8221;11972&#8243; img_size=&#8221;large&#8221; alignment=&#8221;center&#8221; onclick=&#8221;custom_link&#8221; css=&#8221;.vc_custom_1747143429165{margin-bottom: 0px !important;padding-bottom: 0px !important;}&#8221; link=&#8221;https:\/\/www.eclatsdemail.com\/agenda-2025\/nicolas-girardi-trio\/&#8221;][vc_column_text css=&#8221;.vc_custom_1747143447333{margin-bottom: 10px !important;padding-top: 10px !important;padding-right: 10px !important;padding-bottom: 10px !important;padding-left: 10px !important;background-color: #ffff00 !important;}&#8221;]<\/p>\n<h3 class=\"artiste\">NICOLAS GIRARDI TRIO<\/h3>\n<p>[\/vc_column_text][vc_column_text css=&#8221;&#8221;]<\/p>\n<h3 class=\"date-concert\">WENESDAY NOVEMBER 19 &#8211; 2:30 PM<br \/>\nCONSEIL REGIONAL &#8211; SITE DE LIMOGES<\/h3>\n<p>[\/vc_column_text][\/vc_column][\/vc_row][vc_row][vc_column width=&#8221;1\/3&#8243;][vc_single_image image=&#8221;12005&#8243; img_size=&#8221;large&#8221; alignment=&#8221;center&#8221; onclick=&#8221;custom_link&#8221; css=&#8221;.vc_custom_1747143501294{margin-bottom: 0px !important;padding-bottom: 0px !important;}&#8221;][vc_column_text css=&#8221;.vc_custom_1747143520320{margin-bottom: 10px !important;padding-top: 10px !important;padding-right: 10px !important;padding-bottom: 10px !important;padding-left: 10px !important;background-color: #ffff00 !important;}&#8221;]<\/p>\n<h3 class=\"artiste\">DIFFUSION DU FILM &#8220;AMAZING GRACE&#8221;<\/h3>\n<p>[\/vc_column_text][vc_column_text css=&#8221;&#8221;]<\/p>\n<h3 class=\"date-concert\">WENESDAY NOVEMBER 19 &#8211; 5:00 PM<br \/>\nBFM DE L&#8217;AURENCE<\/h3>\n<p>[\/vc_column_text][\/vc_column][vc_column width=&#8221;1\/3&#8243;][vc_single_image image=&#8221;11779&#8243; img_size=&#8221;large&#8221; alignment=&#8221;center&#8221; onclick=&#8221;custom_link&#8221; css=&#8221;.vc_custom_1747143762761{margin-bottom: 0px !important;padding-bottom: 0px !important;}&#8221; link=&#8221;https:\/\/www.eclatsdemail.com\/agenda-2025\/stablemates\/&#8221;][vc_column_text css=&#8221;.vc_custom_1747143782502{margin-bottom: 10px !important;padding-top: 10px !important;padding-right: 10px !important;padding-bottom: 10px !important;padding-left: 10px !important;background-color: #ffff00 !important;}&#8221;]<\/p>\n<h3 class=\"artiste\">STABLEMATES<\/h3>\n<p>[\/vc_column_text][vc_column_text css=&#8221;&#8221;]<\/p>\n<h3 class=\"date-concert\">WENESDAY NOVEMBER 19 &#8211; 4:30 PM<br \/>\nCONSEIL REGIONAL &#8211; SITE DE LIMOGES<\/h3>\n<p>[\/vc_column_text][\/vc_column][vc_column width=&#8221;1\/3&#8243;][vc_single_image image=&#8221;11844&#8243; img_size=&#8221;large&#8221; alignment=&#8221;center&#8221; onclick=&#8221;custom_link&#8221; css=&#8221;.vc_custom_1747143153329{margin-bottom: 0px !important;padding-bottom: 0px !important;}&#8221; link=&#8221;https:\/\/www.eclatsdemail.com\/agenda-2025\/baptiste-herbin-trio\/&#8221;][vc_column_text css=&#8221;.vc_custom_1747143177117{margin-bottom: 10px !important;padding-top: 10px !important;padding-right: 10px !important;padding-bottom: 10px !important;padding-left: 10px !important;background-color: #ffff00 !important;}&#8221;]<\/p>\n<h3 class=\"artiste\">BAPTISTE HERBIN TRIO \u00ab Django ! \u00bb<\/h3>\n<p>[\/vc_column_text][vc_column_text css=&#8221;&#8221;]<\/p>\n<h3 class=\"date-concert\">WENESDAY NOVEMBER 19 &#8211; 6:00 PM<br \/>\nESPACE JULES NORIAC<\/h3>\n<p>[\/vc_column_text][\/vc_column][\/vc_row][vc_row][vc_column width=&#8221;1\/3&#8243;][vc_single_image image=&#8221;11852&#8243; img_size=&#8221;large&#8221; alignment=&#8221;center&#8221; onclick=&#8221;custom_link&#8221; css=&#8221;.vc_custom_1747143943519{margin-bottom: 0px !important;padding-bottom: 0px !important;}&#8221; link=&#8221;https:\/\/www.eclatsdemail.com\/agenda-2025\/kenny-barron-trio\/&#8221;][vc_column_text css=&#8221;.vc_custom_1747143956436{margin-bottom: 10px !important;padding-top: 10px !important;padding-right: 10px !important;padding-bottom: 10px !important;padding-left: 10px !important;background-color: #ffff00 !important;}&#8221;]<\/p>\n<h3 class=\"artiste\">KENNY BARRON TRIO<\/h3>\n<p>[\/vc_column_text][vc_column_text css=&#8221;&#8221;]<\/p>\n<h3 class=\"date-concert\">WENESDAY NOVEMBER 19 &#8211; 8:00 PM<br \/>\nGRAND TH\u00c9\u00c2TRE DE LIMOGES<\/h3>\n<p>[\/vc_column_text][\/vc_column][vc_column width=&#8221;1\/3&#8243;][vc_single_image image=&#8221;12009&#8243; img_size=&#8221;large&#8221; alignment=&#8221;center&#8221; onclick=&#8221;custom_link&#8221; css=&#8221;.vc_custom_1761661985758{margin-bottom: 0px !important;padding-bottom: 0px !important;}&#8221; link=&#8221;https:\/\/www.eclatsdemail.com\/autour-du-festival\/destination-jazz\/&#8221;][vc_column_text css=&#8221;.vc_custom_1747142837103{margin-bottom: 10px !important;padding-top: 10px !important;padding-right: 10px !important;padding-bottom: 10px !important;padding-left: 10px !important;background-color: #ffff00 !important;}&#8221;]<\/p>\n<h3 class=\"artiste\">DESTINATION JAZZ<\/h3>\n<p>[\/vc_column_text][vc_column_text css=&#8221;&#8221;]<\/p>\n<h3 class=\"date-concert\">THURSDAY NOVEMBER 20 &#8211; 11:30 AM \/ 1:45 PM<br \/>\nOFFICE DE TOURISME INTERCOMMUNAL DE LIMOGES<\/h3>\n<p>[\/vc_column_text][\/vc_column][vc_column width=&#8221;1\/3&#8243;][vc_single_image image=&#8221;12290&#8243; img_size=&#8221;large&#8221; alignment=&#8221;center&#8221; onclick=&#8221;custom_link&#8221; css=&#8221;.vc_custom_1755877175924{margin-bottom: 0px !important;padding-bottom: 0px !important;}&#8221; link=&#8221;https:\/\/www.eclatsdemail.com\/agenda-2025\/tigran-hamasyan-quartet\/&#8221;][vc_column_text css=&#8221;.vc_custom_1747144059038{margin-bottom: 10px !important;padding-top: 10px !important;padding-right: 10px !important;padding-bottom: 10px !important;padding-left: 10px !important;background-color: #ffff00 !important;}&#8221;]<\/p>\n<h3 class=\"artiste\">TIGRAN HAMASYAN QUARTET<\/h3>\n<p>[\/vc_column_text][vc_column_text css=&#8221;&#8221;]<\/p>\n<h3 class=\"date-concert\">THURSDAY NOVEMBER 20 &#8211; 8:00 PM<br \/>\nGRAND TH\u00c9\u00c2TRE DE LIMOGES<\/h3>\n<p>[\/vc_column_text][\/vc_column][\/vc_row][vc_row][vc_column width=&#8221;1\/3&#8243;][vc_single_image image=&#8221;11865&#8243; img_size=&#8221;large&#8221; alignment=&#8221;center&#8221; onclick=&#8221;custom_link&#8221; css=&#8221;.vc_custom_1747144159920{margin-bottom: 0px !important;padding-bottom: 0px !important;}&#8221; link=&#8221;https:\/\/www.eclatsdemail.com\/gb\/agenda-2025\/giorgi-mikadze-trio\/&#8221;][vc_column_text css=&#8221;.vc_custom_1747144187004{margin-bottom: 10px !important;padding-top: 10px !important;padding-right: 10px !important;padding-bottom: 10px !important;padding-left: 10px !important;background-color: #ffff00 !important;}&#8221;]<\/p>\n<h3 class=\"artiste\">GIORGI MIKADZE TRIO \u00ab Face to face \u00bb<\/h3>\n<p>[\/vc_column_text][vc_column_text css=&#8221;&#8221;]<\/p>\n<h3 class=\"date-concert\">THURSDAY NOVEMBER 20 &#8211; 10:30 PM<br \/>\nB\u00c2TIMENT 25<\/h3>\n<p>[\/vc_column_text][\/vc_column][vc_column width=&#8221;1\/3&#8243;][vc_single_image image=&#8221;12009&#8243; img_size=&#8221;large&#8221; alignment=&#8221;center&#8221; onclick=&#8221;custom_link&#8221; css=&#8221;.vc_custom_1761661994519{margin-bottom: 0px !important;padding-bottom: 0px !important;}&#8221; link=&#8221;https:\/\/www.eclatsdemail.com\/autour-du-festival\/destination-jazz\/&#8221;][vc_column_text css=&#8221;.vc_custom_1747142837103{margin-bottom: 10px !important;padding-top: 10px !important;padding-right: 10px !important;padding-bottom: 10px !important;padding-left: 10px !important;background-color: #ffff00 !important;}&#8221;]<\/p>\n<h3 class=\"artiste\">DESTINATION JAZZ<\/h3>\n<p>[\/vc_column_text][vc_column_text css=&#8221;&#8221;]<\/p>\n<h3 class=\"date-concert\">FRIDAY NOVEMBER 21 &#8211; 11:30 AM \/ 1:45 PM<br \/>\nOFFICE DE TOURISME INTERCOMMUNAL DE LIMOGES<\/h3>\n<p>[\/vc_column_text][\/vc_column][vc_column width=&#8221;1\/3&#8243;][vc_single_image image=&#8221;11784&#8243; img_size=&#8221;large&#8221; alignment=&#8221;center&#8221; onclick=&#8221;custom_link&#8221; css=&#8221;.vc_custom_1747229527406{margin-bottom: 0px !important;padding-bottom: 0px !important;}&#8221; link=&#8221;https:\/\/www.eclatsdemail.com\/agenda-2025\/silvia-ribeiro-ferreira-et-bruno-liance\/&#8221;][vc_column_text css=&#8221;.vc_custom_1747229518861{margin-bottom: 10px !important;padding-top: 10px !important;padding-right: 10px !important;padding-bottom: 10px !important;padding-left: 10px !important;background-color: #ffff00 !important;}&#8221;]<\/p>\n<h3 class=\"artiste\">SILVIA RIBEIRO FERREIRA &amp; BRUNO LIANCE<\/h3>\n<p>[\/vc_column_text][vc_column_text css=&#8221;&#8221;]<\/p>\n<h3 class=\"date-concert\">FRIDAY NOVEMBER 21 &#8211; 6:00 AM<br \/>\nBFM DE L&#8217;AURENCE<\/h3>\n<p>[\/vc_column_text][\/vc_column][\/vc_row][vc_row][vc_column width=&#8221;1\/3&#8243;][vc_single_image image=&#8221;11514&#8243; img_size=&#8221;large&#8221; alignment=&#8221;center&#8221; onclick=&#8221;custom_link&#8221; css=&#8221;.vc_custom_1747145685642{margin-bottom: 0px !important;padding-bottom: 0px !important;}&#8221;][vc_column_text css=&#8221;.vc_custom_1747229944734{margin-bottom: 10px !important;padding-top: 10px !important;padding-right: 10px !important;padding-bottom: 10px !important;padding-left: 10px !important;background-color: #ffff00 !important;}&#8221;]<\/p>\n<h3 class=\"artiste\">NEW OCTOPUS 87<\/h3>\n<p>[\/vc_column_text][vc_column_text css=&#8221;&#8221;]<\/p>\n<h3 class=\"date-concert\">FRIDAY NOVEMBER 21 &#8211; 6:30 PM<br \/>\nAUDITORIUM DU CRR DE LIMOGES<\/h3>\n<p>[\/vc_column_text][\/vc_column][vc_column width=&#8221;1\/3&#8243;][vc_single_image image=&#8221;11871&#8243; img_size=&#8221;large&#8221; alignment=&#8221;center&#8221; onclick=&#8221;custom_link&#8221; css=&#8221;.vc_custom_1747144476651{margin-bottom: 0px !important;padding-bottom: 0px !important;}&#8221; link=&#8221;https:\/\/www.eclatsdemail.com\/agenda-2025\/renaud-garcia-fons-blue-maqam\/&#8221;][vc_column_text css=&#8221;.vc_custom_1747144496254{margin-bottom: 10px !important;padding-top: 10px !important;padding-right: 10px !important;padding-bottom: 10px !important;padding-left: 10px !important;background-color: #ffff00 !important;}&#8221;]<\/p>\n<h3 class=\"artiste\">RENAUD GARCIA FONS \u00ab Blue maqam \u00bb<\/h3>\n<p>[\/vc_column_text][vc_column_text css=&#8221;&#8221;]<\/p>\n<h3 class=\"date-concert\">FRIDAY NOVEMBER 21 &#8211; 8:00 PM<br \/>\nGRAND TH\u00c9\u00c2TRE DE LIMOGES<\/h3>\n<p>[\/vc_column_text][\/vc_column][vc_column width=&#8221;1\/3&#8243;][vc_single_image image=&#8221;12196&#8243; img_size=&#8221;large&#8221; alignment=&#8221;center&#8221; onclick=&#8221;custom_link&#8221; css=&#8221;.vc_custom_1750839095116{margin-bottom: 0px !important;padding-bottom: 0px !important;}&#8221; link=&#8221;https:\/\/www.eclatsdemail.com\/gb\/agenda-2025\/les-freres-dubz\/&#8221;][vc_column_text css=&#8221;.vc_custom_1750839111391{margin-bottom: 10px !important;padding-top: 10px !important;padding-right: 10px !important;padding-bottom: 10px !important;padding-left: 10px !important;background-color: #ffff00 !important;}&#8221;]<\/p>\n<h3 class=\"artiste\">LES FR\u00c8RES D\u00dcBZ<\/h3>\n<p>[\/vc_column_text][vc_column_text css=&#8221;&#8221;]<\/p>\n<h3 class=\"date-concert\">FRIDAY NOVEMBER 21 &#8211; 11 PM<br \/>\nLES LIMOG\u00c9S<\/h3>\n<p>[\/vc_column_text][\/vc_column][\/vc_row][vc_row][vc_column width=&#8221;1\/3&#8243;][vc_single_image image=&#8221;11865&#8243; img_size=&#8221;large&#8221; alignment=&#8221;center&#8221; onclick=&#8221;custom_link&#8221; css=&#8221;.vc_custom_1747144159920{margin-bottom: 0px !important;padding-bottom: 0px !important;}&#8221; link=&#8221;https:\/\/www.eclatsdemail.com\/gb\/agenda-2025\/giorgi-mikadze-trio\/&#8221;][vc_column_text css=&#8221;.vc_custom_1747144187004{margin-bottom: 10px !important;padding-top: 10px !important;padding-right: 10px !important;padding-bottom: 10px !important;padding-left: 10px !important;background-color: #ffff00 !important;}&#8221;]<\/p>\n<h3 class=\"artiste\">GIORGI MIKADZE TRIO \u00ab Face to face \u00bb<\/h3>\n<p>[\/vc_column_text][vc_column_text css=&#8221;&#8221;]<\/p>\n<h3 class=\"date-concert\">FRIDAY NOVEMBER 21 &#8211; 10:30 PM<br \/>\nB\u00c2TIMENT 25<\/h3>\n<p>[\/vc_column_text][\/vc_column][vc_column width=&#8221;1\/3&#8243;][vc_single_image image=&#8221;12279&#8243; img_size=&#8221;large&#8221; alignment=&#8221;center&#8221; onclick=&#8221;custom_link&#8221; css=&#8221;.vc_custom_1755875680810{margin-bottom: 0px !important;padding-bottom: 0px !important;}&#8221; link=&#8221;https:\/\/www.eclatsdemail.com\/agenda-2025\/oscar-teruel-trio\/&#8221;][vc_column_text css=&#8221;.vc_custom_1747144733075{margin-bottom: 10px !important;padding-top: 10px !important;padding-right: 10px !important;padding-bottom: 10px !important;padding-left: 10px !important;background-color: #ffff00 !important;}&#8221;]<\/p>\n<h3 class=\"artiste\">OSCAR TERUEL TRIO<\/h3>\n<p>[\/vc_column_text][vc_column_text css=&#8221;&#8221;]<\/p>\n<h3 class=\"date-concert\">SATURDAY NOVEMBER 22 &#8211; 9:30 AM<br \/>\nBFM CENTRALE<\/h3>\n<p>[\/vc_column_text][\/vc_column][vc_column width=&#8221;1\/3&#8243;][vc_single_image image=&#8221;12376&#8243; img_size=&#8221;large&#8221; alignment=&#8221;center&#8221; onclick=&#8221;custom_link&#8221; css=&#8221;.vc_custom_1757338595980{margin-bottom: 0px !important;padding-bottom: 0px !important;}&#8221; link=&#8221;https:\/\/www.eclatsdemail.com\/autour-du-festival\/masterclass\/&#8221;][vc_column_text css=&#8221;.vc_custom_1757338632273{margin-bottom: 10px !important;padding-top: 10px !important;padding-right: 10px !important;padding-bottom: 10px !important;padding-left: 10px !important;background-color: #ffff00 !important;}&#8221;]<\/p>\n<h3 class=\"artiste\">MASTERCLASS AVEC PIERRICK PEDRON<\/h3>\n<p>[\/vc_column_text][vc_column_text css=&#8221;&#8221;]<\/p>\n<h3 class=\"date-concert\">SATURDAY NOVEMBER 22 &#8211; 9:30 AM<br \/>\nCENTRE CULTUREL JEAN GAGNANT<\/h3>\n<p>[\/vc_column_text][\/vc_column][\/vc_row][vc_row][vc_column width=&#8221;1\/3&#8243;][vc_single_image image=&#8221;12009&#8243; img_size=&#8221;large&#8221; alignment=&#8221;center&#8221; onclick=&#8221;custom_link&#8221; css=&#8221;.vc_custom_1761662005682{margin-bottom: 0px !important;padding-bottom: 0px !important;}&#8221; link=&#8221;https:\/\/www.eclatsdemail.com\/autour-du-festival\/destination-jazz\/&#8221;][vc_column_text css=&#8221;.vc_custom_1747142837103{margin-bottom: 10px !important;padding-top: 10px !important;padding-right: 10px !important;padding-bottom: 10px !important;padding-left: 10px !important;background-color: #ffff00 !important;}&#8221;]<\/p>\n<h3 class=\"artiste\">DESTINATION JAZZ<\/h3>\n<p>[\/vc_column_text][vc_column_text css=&#8221;&#8221;]<\/p>\n<h3 class=\"date-concert\">SATURDAY NOVEMBER 22 &#8211; 11:30 AM \/ 1:45 PM<br \/>\nOFFICE DE TOURISME INTERCOMMUNAL DE LIMOGES<\/h3>\n<p>[\/vc_column_text][\/vc_column][vc_column width=&#8221;1\/3&#8243;][vc_single_image image=&#8221;11946&#8243; img_size=&#8221;large&#8221; alignment=&#8221;center&#8221; onclick=&#8221;custom_link&#8221; css=&#8221;.vc_custom_1747144810542{margin-bottom: 0px !important;padding-bottom: 0px !important;}&#8221; link=&#8221;https:\/\/www.eclatsdemail.com\/agenda-2025\/dust-acoustic\/&#8221;][vc_column_text css=&#8221;.vc_custom_1747144822379{margin-bottom: 10px !important;padding-top: 10px !important;padding-right: 10px !important;padding-bottom: 10px !important;padding-left: 10px !important;background-color: #ffff00 !important;}&#8221;]<\/p>\n<h3 class=\"artiste\">DUST ACOUSTIC<\/h3>\n<p>[\/vc_column_text][vc_column_text css=&#8221;&#8221;]<\/p>\n<h3 class=\"date-concert\">SATURDAY NOVEMBER 22 &#8211; 2:00 PM<br \/>\nBFM DE LA BASTIDE<\/h3>\n<p>[\/vc_column_text][\/vc_column][vc_column width=&#8221;1\/3&#8243;][vc_single_image image=&#8221;12253&#8243; img_size=&#8221;large&#8221; alignment=&#8221;center&#8221; onclick=&#8221;custom_link&#8221; css=&#8221;.vc_custom_1751977918749{margin-bottom: 0px !important;padding-bottom: 0px !important;}&#8221; link=&#8221;https:\/\/www.eclatsdemail.com\/agenda-2025\/m-rauz-trio\/&#8221;][vc_column_text css=&#8221;.vc_custom_1750165692604{margin-bottom: 10px !important;padding-top: 10px !important;padding-right: 10px !important;padding-bottom: 10px !important;padding-left: 10px !important;background-color: #ffff00 !important;}&#8221;]<\/p>\n<h3 class=\"artiste\">M&#8217;RAUZ TRIO<\/h3>\n<p>[\/vc_column_text][vc_column_text css=&#8221;&#8221;]<\/p>\n<h3 class=\"date-concert\">SATURDAY NOVEMBER 22 &#8211; 4:00 PM<br \/>\nBFM DE BEAUBREUIL<\/h3>\n<p>[\/vc_column_text][\/vc_column][\/vc_row][vc_row][vc_column width=&#8221;1\/3&#8243;][vc_single_image image=&#8221;11882&#8243; img_size=&#8221;large&#8221; alignment=&#8221;center&#8221; onclick=&#8221;custom_link&#8221; css=&#8221;.vc_custom_1747145035358{margin-bottom: 0px !important;padding-bottom: 0px !important;}&#8221; link=&#8221;https:\/\/www.eclatsdemail.com\/agenda-2025\/pierrick-pedron\/&#8221;][vc_column_text css=&#8221;.vc_custom_1747145069717{margin-bottom: 10px !important;padding-top: 10px !important;padding-right: 10px !important;padding-bottom: 10px !important;padding-left: 10px !important;background-color: #ffff00 !important;}&#8221;]<\/p>\n<h3 class=\"artiste\">PIERRICK PEDRON \u00ab The shape of Jazz to come \u00bb<\/h3>\n<p>[\/vc_column_text][vc_column_text css=&#8221;&#8221;]<\/p>\n<h3 class=\"date-concert\">SATURDAY NOVEMBER 22 &#8211; 5:00 PM<br \/>\nMAISON DES ARTS ET DE LA DANSE &#8211; JEAN MOULIN<\/h3>\n<p>[\/vc_column_text][\/vc_column][vc_column width=&#8221;1\/3&#8243;][vc_single_image image=&#8221;11877&#8243; img_size=&#8221;large&#8221; alignment=&#8221;center&#8221; onclick=&#8221;custom_link&#8221; css=&#8221;.vc_custom_1747145155202{margin-bottom: 0px !important;padding-bottom: 0px !important;}&#8221; link=&#8221;https:\/\/www.eclatsdemail.com\/agenda-2025\/faada-freddy\/&#8221;][vc_column_text css=&#8221;.vc_custom_1747145183095{margin-bottom: 10px !important;padding-top: 10px !important;padding-right: 10px !important;padding-bottom: 10px !important;padding-left: 10px !important;background-color: #ffff00 !important;}&#8221;]<\/p>\n<h3 class=\"artiste\">FAADA FREDDY<\/h3>\n<p>[\/vc_column_text][vc_column_text css=&#8221;&#8221;]<\/p>\n<h3 class=\"date-concert\">SATURDAY NOVEMBER 22 &#8211; 8:00 PM<br \/>\nGRAND TH\u00c9\u00c2TRE DE LIMOGES<\/h3>\n<p>[\/vc_column_text][\/vc_column][vc_column width=&#8221;1\/3&#8243;][vc_single_image image=&#8221;12196&#8243; img_size=&#8221;large&#8221; alignment=&#8221;center&#8221; onclick=&#8221;custom_link&#8221; css=&#8221;.vc_custom_1750839040980{margin-bottom: 0px !important;padding-bottom: 0px !important;}&#8221; link=&#8221;https:\/\/www.eclatsdemail.com\/gb\/agenda-2025\/les-freres-dubz\/&#8221;][vc_column_text css=&#8221;.vc_custom_1750839053212{margin-bottom: 10px !important;padding-top: 10px !important;padding-right: 10px !important;padding-bottom: 10px !important;padding-left: 10px !important;background-color: #ffff00 !important;}&#8221;]<\/p>\n<h3 class=\"artiste\">THE D\u00dcBZ BROTHERS<\/h3>\n<p>[\/vc_column_text][vc_column_text css=&#8221;&#8221;]<\/p>\n<h3 class=\"date-concert\">SATURDAY NOVEMBER 22 &#8211; 10:00 PM<br \/>\nLES LIMOG\u00c9S<\/h3>\n<p>[\/vc_column_text][\/vc_column][\/vc_row][vc_row][vc_column width=&#8221;1\/3&#8243;][vc_single_image image=&#8221;11514&#8243; img_size=&#8221;large&#8221; alignment=&#8221;center&#8221; onclick=&#8221;custom_link&#8221; css=&#8221;.vc_custom_1747145358330{margin-bottom: 0px !important;padding-bottom: 0px !important;}&#8221;][vc_column_text css=&#8221;.vc_custom_1747229930653{margin-bottom: 10px !important;padding-top: 10px !important;padding-right: 10px !important;padding-bottom: 10px !important;padding-left: 10px !important;background-color: #ffff00 !important;}&#8221;]<\/p>\n<h3 class=\"artiste\">NEW OCTOPUS 87<\/h3>\n<p>[\/vc_column_text][vc_column_text css=&#8221;&#8221;]<\/p>\n<h3 class=\"date-concert\">SUNDAY NOVEMBER 23 &#8211; 11:00 AM<br \/>\nFOYER DU GRAND TH\u00c9\u00c2TRE<\/h3>\n<p>[\/vc_column_text][\/vc_column][vc_column width=&#8221;1\/3&#8243;][vc_single_image image=&#8221;11887&#8243; img_size=&#8221;large&#8221; alignment=&#8221;center&#8221; onclick=&#8221;custom_link&#8221; css=&#8221;.vc_custom_1747145786330{margin-bottom: 0px !important;padding-bottom: 0px !important;}&#8221; link=&#8221;https:\/\/www.eclatsdemail.com\/agenda-2025\/lea-maria-fries\/&#8221;][vc_column_text css=&#8221;.vc_custom_1747145871309{margin-bottom: 10px !important;padding-top: 10px !important;padding-right: 10px !important;padding-bottom: 10px !important;padding-left: 10px !important;background-color: #ffff00 !important;}&#8221;]<\/p>\n<h3 class=\"artiste\">LEA MARIA FRIES<\/h3>\n<p>[\/vc_column_text][vc_column_text css=&#8221;&#8221;]<\/p>\n<h3 class=\"date-concert\">SUNDAY NOVEMBER 23 &#8211; 2:30 PM<br \/>\nCDN TH\u00c9\u00c2TRE DE L&#8217;UNION<\/h3>\n<p>[\/vc_column_text][\/vc_column][vc_column width=&#8221;1\/3&#8243;][vc_single_image image=&#8221;11892&#8243; img_size=&#8221;large&#8221; alignment=&#8221;center&#8221; onclick=&#8221;custom_link&#8221; css=&#8221;.vc_custom_1747146054888{margin-bottom: 0px !important;padding-bottom: 0px !important;}&#8221; link=&#8221;https:\/\/www.eclatsdemail.com\/agenda-2025\/christie-dashiell\/&#8221;][vc_column_text css=&#8221;.vc_custom_1747146077848{margin-bottom: 10px !important;padding-top: 10px !important;padding-right: 10px !important;padding-bottom: 10px !important;padding-left: 10px !important;background-color: #ffff00 !important;}&#8221;]<\/p>\n<h3 class=\"artiste\">CHRISTIE DASHIELL \u00ab\u00a0 Journey in black \u00bb<\/h3>\n<p>[\/vc_column_text][vc_column_text css=&#8221;&#8221;]<\/p>\n<h3 class=\"date-concert\">SUNDAY NOVEMBER 23 &#8211; 5:00 PM<br \/>\nGRAND TH\u00c9\u00c2TRE DE LIMOGES<\/h3>\n<p>[\/vc_column_text][\/vc_column][\/vc_row]<\/p>\n<\/div>","protected":false},"excerpt":{"rendered":"<p>[vc_row][vc_column][vc_empty_space][\/vc_column][\/vc_row][vc_row][vc_column width=&#8221;1\/3&#8243;][vc_single_image image=&#8221;11804&#8243; img_size=&#8221;large&#8221; alignment=&#8221;center&#8221; onclick=&#8221;custom_link&#8221; css=&#8221;.vc_custom_1747140305723{margin-bottom: 0px !important;padding-bottom: 0px !important;}&#8221; link=&#8221;https:\/\/www.eclatsdemail.com\/agenda-2025\/justina-lee-brown\/&#8221;][vc_column_text css=&#8221;.vc_custom_1747140261251{margin-bottom: 10px !important;padding-top: 10px !important;padding-right: 10px !important;padding-bottom: 10px !important;padding-left: 10px !important;background-color: #ffff00 !important;}&#8221;] JUSTINA LEE BROWN [\/vc_column_text][vc_column_text css=&#8221;&#8221;] &#8230;<\/p>\n","protected":false},"author":1,"featured_media":0,"parent":0,"menu_order":15,"comment_status":"closed","ping_status":"closed","template":"","meta":{"footnotes":""},"class_list":["post-11769","page","type-page","status-publish","hentry"],"translation":{"provider":"WPGlobus","version":"3.0.2","language":"gb","enabled_languages":["fr","gb"],"languages":{"fr":{"title":true,"content":true,"excerpt":false},"gb":{"title":true,"content":true,"excerpt":false}}},"yoast_head":"<!-- This site is optimized with the Yoast SEO plugin v27.4 - https:\/\/yoast.com\/product\/yoast-seo-wordpress\/ -->\n<title>Programming - Festival \u00c9clats d&#039;\u00c9mail Jazz \u00c9dition<\/title>\n<meta name=\"robots\" content=\"index, follow, max-snippet:-1, max-image-preview:large, max-video-preview:-1\" \/>\n<link rel=\"canonical\" href=\"https:\/\/www.eclatsdemail.com\/agenda-2025\/\" \/>\n<meta property=\"og:locale\" content=\"en_GB\" \/>\n<meta property=\"og:type\" content=\"article\" \/>\n<meta property=\"og:title\" content=\"Programming - Festival \u00c9clats d&#039;\u00c9mail Jazz \u00c9dition\" \/>\n<meta property=\"og:url\" content=\"https:\/\/www.eclatsdemail.com\/agenda-2025\/\" \/>\n<meta property=\"og:site_name\" content=\"Festival \u00c9clats d&#039;\u00c9mail Jazz \u00c9dition\" \/>\n<meta property=\"article:publisher\" content=\"https:\/\/www.facebook.com\/jazzeclatsdemail\" \/>\n<meta property=\"article:modified_time\" content=\"2025-11-21T19:56:33+00:00\" \/>\n<meta name=\"twitter:card\" content=\"summary_large_image\" \/>\n<meta name=\"twitter:site\" content=\"@eclatsemailjazz\" \/>\n<meta name=\"twitter:label1\" content=\"Est. reading time\" \/>\n\t<meta name=\"twitter:data1\" content=\"17 minutes\" \/>\n<script type=\"application\/ld+json\" class=\"yoast-schema-graph\">{\"@context\":\"https:\\\/\\\/schema.org\",\"@graph\":[{\"@type\":\"WebPage\",\"@id\":\"https:\\\/\\\/www.eclatsdemail.com\\\/agenda-2025\\\/\",\"url\":\"https:\\\/\\\/www.eclatsdemail.com\\\/agenda-2025\\\/\",\"name\":\"Programming - Festival \u00c9clats d&#039;\u00c9mail Jazz \u00c9dition\",\"isPartOf\":{\"@id\":\"https:\\\/\\\/www.eclatsdemail.com\\\/#website\"},\"datePublished\":\"2025-05-12T08:02:03+00:00\",\"dateModified\":\"2025-11-21T19:56:33+00:00\",\"breadcrumb\":{\"@id\":\"https:\\\/\\\/www.eclatsdemail.com\\\/agenda-2025\\\/#breadcrumb\"},\"inLanguage\":\"en-GB\",\"potentialAction\":[{\"@type\":\"ReadAction\",\"target\":[\"https:\\\/\\\/www.eclatsdemail.com\\\/agenda-2025\\\/\"]}]},{\"@type\":\"BreadcrumbList\",\"@id\":\"https:\\\/\\\/www.eclatsdemail.com\\\/agenda-2025\\\/#breadcrumb\",\"itemListElement\":[{\"@type\":\"ListItem\",\"position\":1,\"name\":\"Accueil\",\"item\":\"https:\\\/\\\/www.eclatsdemail.com\\\/\"},{\"@type\":\"ListItem\",\"position\":2,\"name\":\"L&rsquo;agenda 2025\"}]},{\"@type\":\"WebSite\",\"@id\":\"https:\\\/\\\/www.eclatsdemail.com\\\/#website\",\"url\":\"https:\\\/\\\/www.eclatsdemail.com\\\/\",\"name\":\"Festival \u00c9clats d&#039;\u00c9mail Jazz \u00c9dition\",\"description\":\"2024\",\"publisher\":{\"@id\":\"https:\\\/\\\/www.eclatsdemail.com\\\/#organization\"},\"potentialAction\":[{\"@type\":\"SearchAction\",\"target\":{\"@type\":\"EntryPoint\",\"urlTemplate\":\"https:\\\/\\\/www.eclatsdemail.com\\\/?s={search_term_string}\"},\"query-input\":{\"@type\":\"PropertyValueSpecification\",\"valueRequired\":true,\"valueName\":\"search_term_string\"}}],\"inLanguage\":\"en-GB\"},{\"@type\":\"Organization\",\"@id\":\"https:\\\/\\\/www.eclatsdemail.com\\\/#organization\",\"name\":\"Festival \u00c9clats d'\u00c9mail Jazz \u00c9dition\",\"url\":\"https:\\\/\\\/www.eclatsdemail.com\\\/\",\"logo\":{\"@type\":\"ImageObject\",\"inLanguage\":\"en-GB\",\"@id\":\"https:\\\/\\\/www.eclatsdemail.com\\\/#\\\/schema\\\/logo\\\/image\\\/\",\"url\":\"https:\\\/\\\/www.eclatsdemail.com\\\/wp-content\\\/uploads\\\/2022\\\/05\\\/cropped-logo2022.png\",\"contentUrl\":\"https:\\\/\\\/www.eclatsdemail.com\\\/wp-content\\\/uploads\\\/2022\\\/05\\\/cropped-logo2022.png\",\"width\":616,\"height\":100,\"caption\":\"Festival \u00c9clats d'\u00c9mail Jazz \u00c9dition\"},\"image\":{\"@id\":\"https:\\\/\\\/www.eclatsdemail.com\\\/#\\\/schema\\\/logo\\\/image\\\/\"},\"sameAs\":[\"https:\\\/\\\/www.facebook.com\\\/jazzeclatsdemail\",\"https:\\\/\\\/x.com\\\/eclatsemailjazz\",\"https:\\\/\\\/www.instagram.com\\\/Festival_Eclats_d_Email_JAZZ\\\/\"]}]}<\/script>\n<!-- \/ Yoast SEO plugin. -->","yoast_head_json":{"title":"Programming - Festival \u00c9clats d&#039;\u00c9mail Jazz \u00c9dition","robots":{"index":"index","follow":"follow","max-snippet":"max-snippet:-1","max-image-preview":"max-image-preview:large","max-video-preview":"max-video-preview:-1"},"canonical":"https:\/\/www.eclatsdemail.com\/agenda-2025\/","og_locale":"en_GB","og_type":"article","og_title":"Programming - Festival \u00c9clats d&#039;\u00c9mail Jazz \u00c9dition","og_url":"https:\/\/www.eclatsdemail.com\/agenda-2025\/","og_site_name":"Festival \u00c9clats d&#039;\u00c9mail Jazz \u00c9dition","article_publisher":"https:\/\/www.facebook.com\/jazzeclatsdemail","article_modified_time":"2025-11-21T19:56:33+00:00","twitter_card":"summary_large_image","twitter_site":"@eclatsemailjazz","twitter_misc":{"Est. reading time":"17 minutes"},"schema":{"@context":"https:\/\/schema.org","@graph":[{"@type":"WebPage","@id":"https:\/\/www.eclatsdemail.com\/agenda-2025\/","url":"https:\/\/www.eclatsdemail.com\/agenda-2025\/","name":"Programming - Festival \u00c9clats d&#039;\u00c9mail Jazz \u00c9dition","isPartOf":{"@id":"https:\/\/www.eclatsdemail.com\/#website"},"datePublished":"2025-05-12T08:02:03+00:00","dateModified":"2025-11-21T19:56:33+00:00","breadcrumb":{"@id":"https:\/\/www.eclatsdemail.com\/agenda-2025\/#breadcrumb"},"inLanguage":"en-GB","potentialAction":[{"@type":"ReadAction","target":["https:\/\/www.eclatsdemail.com\/agenda-2025\/"]}]},{"@type":"BreadcrumbList","@id":"https:\/\/www.eclatsdemail.com\/agenda-2025\/#breadcrumb","itemListElement":[{"@type":"ListItem","position":1,"name":"Accueil","item":"https:\/\/www.eclatsdemail.com\/"},{"@type":"ListItem","position":2,"name":"L&rsquo;agenda 2025"}]},{"@type":"WebSite","@id":"https:\/\/www.eclatsdemail.com\/#website","url":"https:\/\/www.eclatsdemail.com\/","name":"Festival \u00c9clats d&#039;\u00c9mail Jazz \u00c9dition","description":"2024","publisher":{"@id":"https:\/\/www.eclatsdemail.com\/#organization"},"potentialAction":[{"@type":"SearchAction","target":{"@type":"EntryPoint","urlTemplate":"https:\/\/www.eclatsdemail.com\/?s={search_term_string}"},"query-input":{"@type":"PropertyValueSpecification","valueRequired":true,"valueName":"search_term_string"}}],"inLanguage":"en-GB"},{"@type":"Organization","@id":"https:\/\/www.eclatsdemail.com\/#organization","name":"Festival \u00c9clats d'\u00c9mail Jazz \u00c9dition","url":"https:\/\/www.eclatsdemail.com\/","logo":{"@type":"ImageObject","inLanguage":"en-GB","@id":"https:\/\/www.eclatsdemail.com\/#\/schema\/logo\/image\/","url":"https:\/\/www.eclatsdemail.com\/wp-content\/uploads\/2022\/05\/cropped-logo2022.png","contentUrl":"https:\/\/www.eclatsdemail.com\/wp-content\/uploads\/2022\/05\/cropped-logo2022.png","width":616,"height":100,"caption":"Festival \u00c9clats d'\u00c9mail Jazz \u00c9dition"},"image":{"@id":"https:\/\/www.eclatsdemail.com\/#\/schema\/logo\/image\/"},"sameAs":["https:\/\/www.facebook.com\/jazzeclatsdemail","https:\/\/x.com\/eclatsemailjazz","https:\/\/www.instagram.com\/Festival_Eclats_d_Email_JAZZ\/"]}]}},"_links":{"self":[{"href":"https:\/\/www.eclatsdemail.com\/gb\/wp-json\/wp\/v2\/pages\/11769","targetHints":{"allow":["GET"]}}],"collection":[{"href":"https:\/\/www.eclatsdemail.com\/gb\/wp-json\/wp\/v2\/pages"}],"about":[{"href":"https:\/\/www.eclatsdemail.com\/gb\/wp-json\/wp\/v2\/types\/page"}],"author":[{"embeddable":true,"href":"https:\/\/www.eclatsdemail.com\/gb\/wp-json\/wp\/v2\/users\/1"}],"replies":[{"embeddable":true,"href":"https:\/\/www.eclatsdemail.com\/gb\/wp-json\/wp\/v2\/comments?post=11769"}],"version-history":[{"count":48,"href":"https:\/\/www.eclatsdemail.com\/gb\/wp-json\/wp\/v2\/pages\/11769\/revisions"}],"predecessor-version":[{"id":12539,"href":"https:\/\/www.eclatsdemail.com\/gb\/wp-json\/wp\/v2\/pages\/11769\/revisions\/12539"}],"wp:attachment":[{"href":"https:\/\/www.eclatsdemail.com\/gb\/wp-json\/wp\/v2\/media?parent=11769"}],"curies":[{"name":"wp","href":"https:\/\/api.w.org\/{rel}","templated":true}]}}